{"id":98674,"date":"2025-10-08T09:03:22","date_gmt":"2025-10-08T07:03:22","guid":{"rendered":"https:\/\/audi-klaus.at\/shop\/?post_type=product&#038;p=98674"},"modified":"2026-01-07T22:59:26","modified_gmt":"2026-01-07T21:59:26","slug":"vw-caddy-3-touran-1t-schalter-alarmanlage-1t0962109","status":"publish","type":"product","link":"https:\/\/audi-klaus.at\/shop\/produkt\/vw-caddy-3-touran-1t-schalter-alarmanlage-1t0962109\/","title":{"rendered":"Vw Caddy\/3\/Touran\/1T Schalter Alarmanlage 1T0962109"},"content":{"rendered":"<h5 class=\"western\"><span style=\"color: #060606;\"><span style=\"font-family: Verdana, serif;\"><span style=\"font-size: small;\"><b>VAG Teilenummer<\/b><\/span><\/span><\/span><span style=\"color: #060606;\"><span style=\"font-family: Verdana, serif;\"><span style=\"font-size: small;\">: 1T0 962 109<\/span><\/span><\/span><\/h5>\n<h5 class=\"western\"><span style=\"color: #060606;\"><span style=\"font-family: Verdana, serif;\"><span style=\"font-size: small;\"><b>Zustand:<\/b><\/span><\/span><\/span><span style=\"color: #060606;\"><span style=\"font-family: Verdana, serif;\"><span style=\"font-size: small;\">\u00a0 <\/span><\/span><\/span><span style=\"color: #060606;\"><span style=\"font-family: Verdana, serif;\"><span style=\"font-size: small;\"><span lang=\"de-DE\">Gebraucht<\/span><\/span><\/span><\/span><\/h5>\n<h5 class=\"western\"><span style=\"color: #060606;\"><span style=\"font-family: Verdana, serif;\"><span style=\"font-size: small;\"><b>Lieferumfang:<\/b><\/span><\/span><\/span><span style=\"color: #060606;\"><span style=\"font-family: Verdana, serif;\"><span style=\"font-size: small;\">\u00a0wie in den Original-Abbildungen angegeben<\/span><\/span><\/span><\/h5>\n<h5 class=\"western\"><span style=\"color: #060606;\"><span style=\"font-family: Verdana, serif;\"><span style=\"font-size: small;\"><b>Hinweis:<\/b><\/span><\/span><\/span><span style=\"color: #060606;\"><span style=\"font-family: Verdana, serif;\"><span style=\"font-size: small;\">\u00a0Bitte \u00fcberpr\u00fcfen Sie vor dem Kauf anhand der eindeutigen Teilenummern, ob der Artikel zum Fahrzeug passt, um R\u00fccksendungen zu vermeiden! Trotz Angabe der entsprechenden Fahrzeugdaten ist eine eindeutige Zuordnung nur \u00fcber die Teilenummer m\u00f6glich! Die abgelesene Teilenummer ist die Teilenummer des Teils, welches geliefert wird. Die Originalteilnummer ist diejenige, die bei Neubestellung f\u00fcr dieses Teil gilt und der m\u00f6glicherweise abweichenden, gelieferten Teilenummer entspricht. <\/span><\/span><\/span><\/h5>\n<h5 class=\"western\"><span style=\"color: #060606;\"><span style=\"font-family: Verdana, serif;\"><span style=\"font-size: small;\"><span lang=\"de-DE\">Gebraucht<\/span><\/span><\/span><\/span><span style=\"color: #060606;\"><span style=\"font-family: Verdana, serif;\"><span style=\"font-size: small;\"> mit Gebrauchsspuren in Form von Verunreinigungen\/ kleinen Kratzern m\u00f6glich. Die Ware wird ungereinigt geliefert.<\/span><\/span><\/span><\/h5>\n<h5 class=\"western\"><span style=\"color: #060606;\"><span style=\"font-family: Verdana, serif;\"><span style=\"font-size: small;\">Sollten weitere Fragen offen sein, kontaktieren Sie uns bitte unter\u00a0<\/span><\/span><\/span><a href=\"mailto:office@audi-klaus.at\"><span style=\"color: #0000ff;\"><span style=\"font-family: Verdana, serif;\"><span style=\"font-size: small;\"><u>office@audi-klaus.at<\/u><\/span><\/span><\/span><\/a><b><\/b><\/h5>\n","protected":false},"excerpt":{"rendered":"<h5 class=\"western\"><strong><span style=\"color: #000000;\"><span style=\"font-family: Source Sans Pro, serif;\"><span style=\"font-size: x-large;\"><b>Marke: Vw<br \/>\nModell: Caddy\/Touran<br \/>\nTyp: 3\/1T<\/b><\/span><\/span><\/span><\/strong><\/h5>\n","protected":false},"featured_media":98719,"template":"","meta":[],"product_brand":[],"product_cat":[1184,1243,1250,1788,1858,1164,1180],"product_tag":[36339,36340],"class_list":{"0":"post-98674","1":"product","2":"type-product","3":"status-publish","4":"has-post-thumbnail","6":"product_cat-touran","7":"product_cat-3-2k-2003-2015","8":"product_cat-1-1t-2003-2015","9":"product_cat-elektrik-3-2k-2003-2010","10":"product_cat-elektrik-1-1t-2003-2015","11":"product_cat-vw","12":"product_cat-caddy","13":"product_tag-1t0962109","14":"product_tag-s595","16":"first","17":"instock","18":"taxable","19":"shipping-taxable","20":"purchasable","21":"product-type-simple"},"yoast_head":"<!-- This site is optimized with the Yoast SEO plugin v27.4 - https:\/\/yoast.com\/product\/yoast-seo-wordpress\/ -->\n<title>Vw Caddy\/3\/Touran\/1T Schalter Alarmanlage 1T0962109 - Audi-Klaus<\/title>\n<meta name=\"description\" content=\"Audi-Klaus Vw Caddy\/3\/Touran\/1T Schalter Alarmanlage 1T0962109 Vw Caddy\/3\/Touran\/1T Schalter Alarmanlage 1T0962109\" \/>\n<meta name=\"robots\" content=\"index, follow, max-snippet:-1, max-image-preview:large, max-video-preview:-1\" \/>\n<link rel=\"canonical\" href=\"https:\/\/audi-klaus.at\/shop\/produkt\/vw-caddy-3-touran-1t-schalter-alarmanlage-1t0962109\/\" \/>\n<meta property=\"og:locale\" content=\"de_DE\" \/>\n<meta property=\"og:type\" content=\"article\" \/>\n<meta property=\"og:title\" content=\"Vw Caddy\/3\/Touran\/1T Schalter Alarmanlage 1T0962109 - Audi-Klaus\" \/>\n<meta property=\"og:description\" content=\"Audi-Klaus Vw Caddy\/3\/Touran\/1T Schalter Alarmanlage 1T0962109 Vw Caddy\/3\/Touran\/1T Schalter Alarmanlage 1T0962109\" \/>\n<meta property=\"og:url\" content=\"https:\/\/audi-klaus.at\/shop\/produkt\/vw-caddy-3-touran-1t-schalter-alarmanlage-1t0962109\/\" \/>\n<meta property=\"og:site_name\" content=\"Audi-Klaus\" \/>\n<meta property=\"article:publisher\" content=\"https:\/\/www.facebook.com\/audi.klaus.1312\/\" \/>\n<meta property=\"article:modified_time\" content=\"2026-01-07T21:59:26+00:00\" \/>\n<meta property=\"og:image\" content=\"https:\/\/audi-klaus.at\/shop\/wp-content\/uploads\/2025\/10\/S595-1.jpg\" \/>\n\t<meta property=\"og:image:width\" content=\"480\" \/>\n\t<meta property=\"og:image:height\" content=\"480\" \/>\n\t<meta property=\"og:image:type\" content=\"image\/jpeg\" \/>\n<meta name=\"twitter:card\" content=\"summary_large_image\" \/>\n<meta name=\"twitter:label1\" content=\"Gesch\u00e4tzte Lesezeit\" \/>\n\t<meta name=\"twitter:data1\" content=\"1 Minute\" \/>\n<script type=\"application\/ld+json\" class=\"yoast-schema-graph\">{\"@context\":\"https:\\\/\\\/schema.org\",\"@graph\":[{\"@type\":\"WebPage\",\"@id\":\"https:\\\/\\\/audi-klaus.at\\\/shop\\\/produkt\\\/vw-caddy-3-touran-1t-schalter-alarmanlage-1t0962109\\\/\",\"url\":\"https:\\\/\\\/audi-klaus.at\\\/shop\\\/produkt\\\/vw-caddy-3-touran-1t-schalter-alarmanlage-1t0962109\\\/\",\"name\":\"Vw Caddy\\\/3\\\/Touran\\\/1T Schalter Alarmanlage 1T0962109 - Audi-Klaus\",\"isPartOf\":{\"@id\":\"https:\\\/\\\/audi-klaus.at\\\/shop\\\/#website\"},\"primaryImageOfPage\":{\"@id\":\"https:\\\/\\\/audi-klaus.at\\\/shop\\\/produkt\\\/vw-caddy-3-touran-1t-schalter-alarmanlage-1t0962109\\\/#primaryimage\"},\"image\":{\"@id\":\"https:\\\/\\\/audi-klaus.at\\\/shop\\\/produkt\\\/vw-caddy-3-touran-1t-schalter-alarmanlage-1t0962109\\\/#primaryimage\"},\"thumbnailUrl\":\"https:\\\/\\\/audi-klaus.at\\\/shop\\\/wp-content\\\/uploads\\\/2025\\\/10\\\/S595-1.jpg\",\"datePublished\":\"2025-10-08T07:03:22+00:00\",\"dateModified\":\"2026-01-07T21:59:26+00:00\",\"description\":\"Audi-Klaus Vw Caddy\\\/3\\\/Touran\\\/1T Schalter Alarmanlage 1T0962109 Vw Caddy\\\/3\\\/Touran\\\/1T Schalter Alarmanlage 1T0962109\",\"breadcrumb\":{\"@id\":\"https:\\\/\\\/audi-klaus.at\\\/shop\\\/produkt\\\/vw-caddy-3-touran-1t-schalter-alarmanlage-1t0962109\\\/#breadcrumb\"},\"inLanguage\":\"de-AT\",\"potentialAction\":[{\"@type\":\"ReadAction\",\"target\":[\"https:\\\/\\\/audi-klaus.at\\\/shop\\\/produkt\\\/vw-caddy-3-touran-1t-schalter-alarmanlage-1t0962109\\\/\"]}]},{\"@type\":\"ImageObject\",\"inLanguage\":\"de-AT\",\"@id\":\"https:\\\/\\\/audi-klaus.at\\\/shop\\\/produkt\\\/vw-caddy-3-touran-1t-schalter-alarmanlage-1t0962109\\\/#primaryimage\",\"url\":\"https:\\\/\\\/audi-klaus.at\\\/shop\\\/wp-content\\\/uploads\\\/2025\\\/10\\\/S595-1.jpg\",\"contentUrl\":\"https:\\\/\\\/audi-klaus.at\\\/shop\\\/wp-content\\\/uploads\\\/2025\\\/10\\\/S595-1.jpg\",\"width\":480,\"height\":480},{\"@type\":\"BreadcrumbList\",\"@id\":\"https:\\\/\\\/audi-klaus.at\\\/shop\\\/produkt\\\/vw-caddy-3-touran-1t-schalter-alarmanlage-1t0962109\\\/#breadcrumb\",\"itemListElement\":[{\"@type\":\"ListItem\",\"position\":1,\"name\":\"Startseite\",\"item\":\"https:\\\/\\\/audi-klaus.at\\\/shop\\\/\"},{\"@type\":\"ListItem\",\"position\":2,\"name\":\"Shop\",\"item\":\"https:\\\/\\\/audi-klaus.at\\\/shop\\\/\"},{\"@type\":\"ListItem\",\"position\":3,\"name\":\"Vw Caddy\\\/3\\\/Touran\\\/1T Schalter Alarmanlage 1T0962109\"}]},{\"@type\":\"WebSite\",\"@id\":\"https:\\\/\\\/audi-klaus.at\\\/shop\\\/#website\",\"url\":\"https:\\\/\\\/audi-klaus.at\\\/shop\\\/\",\"name\":\"Audi-Klaus\",\"description\":\"Ihr Gebrauchtteile Spezialist f\u00fcr die Marken Audi, VW (VAG)\",\"publisher\":{\"@id\":\"https:\\\/\\\/audi-klaus.at\\\/shop\\\/#organization\"},\"potentialAction\":[{\"@type\":\"SearchAction\",\"target\":{\"@type\":\"EntryPoint\",\"urlTemplate\":\"https:\\\/\\\/audi-klaus.at\\\/shop\\\/?s={search_term_string}\"},\"query-input\":{\"@type\":\"PropertyValueSpecification\",\"valueRequired\":true,\"valueName\":\"search_term_string\"}}],\"inLanguage\":\"de-AT\"},{\"@type\":\"Organization\",\"@id\":\"https:\\\/\\\/audi-klaus.at\\\/shop\\\/#organization\",\"name\":\"Audi-Klaus\",\"url\":\"https:\\\/\\\/audi-klaus.at\\\/shop\\\/\",\"logo\":{\"@type\":\"ImageObject\",\"inLanguage\":\"de-AT\",\"@id\":\"https:\\\/\\\/audi-klaus.at\\\/shop\\\/#\\\/schema\\\/logo\\\/image\\\/\",\"url\":\"https:\\\/\\\/audi-klaus.at\\\/shop\\\/wp-content\\\/uploads\\\/2024\\\/10\\\/Logo-Shop.webp\",\"contentUrl\":\"https:\\\/\\\/audi-klaus.at\\\/shop\\\/wp-content\\\/uploads\\\/2024\\\/10\\\/Logo-Shop.webp\",\"width\":470,\"height\":164,\"caption\":\"Audi-Klaus\"},\"image\":{\"@id\":\"https:\\\/\\\/audi-klaus.at\\\/shop\\\/#\\\/schema\\\/logo\\\/image\\\/\"},\"sameAs\":[\"https:\\\/\\\/www.facebook.com\\\/audi.klaus.1312\\\/\",\"https:\\\/\\\/www.instagram.com\\\/audi_klaus\\\/?igshid=1eca3qu2mdayg\"]}]}<\/script>\n<!-- \/ Yoast SEO plugin. -->","yoast_head_json":{"title":"Vw Caddy\/3\/Touran\/1T Schalter Alarmanlage 1T0962109 - Audi-Klaus","description":"Audi-Klaus Vw Caddy\/3\/Touran\/1T Schalter Alarmanlage 1T0962109 Vw Caddy\/3\/Touran\/1T Schalter Alarmanlage 1T0962109","robots":{"index":"index","follow":"follow","max-snippet":"max-snippet:-1","max-image-preview":"max-image-preview:large","max-video-preview":"max-video-preview:-1"},"canonical":"https:\/\/audi-klaus.at\/shop\/produkt\/vw-caddy-3-touran-1t-schalter-alarmanlage-1t0962109\/","og_locale":"de_DE","og_type":"article","og_title":"Vw Caddy\/3\/Touran\/1T Schalter Alarmanlage 1T0962109 - Audi-Klaus","og_description":"Audi-Klaus Vw Caddy\/3\/Touran\/1T Schalter Alarmanlage 1T0962109 Vw Caddy\/3\/Touran\/1T Schalter Alarmanlage 1T0962109","og_url":"https:\/\/audi-klaus.at\/shop\/produkt\/vw-caddy-3-touran-1t-schalter-alarmanlage-1t0962109\/","og_site_name":"Audi-Klaus","article_publisher":"https:\/\/www.facebook.com\/audi.klaus.1312\/","article_modified_time":"2026-01-07T21:59:26+00:00","og_image":[{"width":480,"height":480,"url":"https:\/\/audi-klaus.at\/shop\/wp-content\/uploads\/2025\/10\/S595-1.jpg","type":"image\/jpeg"}],"twitter_card":"summary_large_image","twitter_misc":{"Gesch\u00e4tzte Lesezeit":"1 Minute"},"schema":{"@context":"https:\/\/schema.org","@graph":[{"@type":"WebPage","@id":"https:\/\/audi-klaus.at\/shop\/produkt\/vw-caddy-3-touran-1t-schalter-alarmanlage-1t0962109\/","url":"https:\/\/audi-klaus.at\/shop\/produkt\/vw-caddy-3-touran-1t-schalter-alarmanlage-1t0962109\/","name":"Vw Caddy\/3\/Touran\/1T Schalter Alarmanlage 1T0962109 - Audi-Klaus","isPartOf":{"@id":"https:\/\/audi-klaus.at\/shop\/#website"},"primaryImageOfPage":{"@id":"https:\/\/audi-klaus.at\/shop\/produkt\/vw-caddy-3-touran-1t-schalter-alarmanlage-1t0962109\/#primaryimage"},"image":{"@id":"https:\/\/audi-klaus.at\/shop\/produkt\/vw-caddy-3-touran-1t-schalter-alarmanlage-1t0962109\/#primaryimage"},"thumbnailUrl":"https:\/\/audi-klaus.at\/shop\/wp-content\/uploads\/2025\/10\/S595-1.jpg","datePublished":"2025-10-08T07:03:22+00:00","dateModified":"2026-01-07T21:59:26+00:00","description":"Audi-Klaus Vw Caddy\/3\/Touran\/1T Schalter Alarmanlage 1T0962109 Vw Caddy\/3\/Touran\/1T Schalter Alarmanlage 1T0962109","breadcrumb":{"@id":"https:\/\/audi-klaus.at\/shop\/produkt\/vw-caddy-3-touran-1t-schalter-alarmanlage-1t0962109\/#breadcrumb"},"inLanguage":"de-AT","potentialAction":[{"@type":"ReadAction","target":["https:\/\/audi-klaus.at\/shop\/produkt\/vw-caddy-3-touran-1t-schalter-alarmanlage-1t0962109\/"]}]},{"@type":"ImageObject","inLanguage":"de-AT","@id":"https:\/\/audi-klaus.at\/shop\/produkt\/vw-caddy-3-touran-1t-schalter-alarmanlage-1t0962109\/#primaryimage","url":"https:\/\/audi-klaus.at\/shop\/wp-content\/uploads\/2025\/10\/S595-1.jpg","contentUrl":"https:\/\/audi-klaus.at\/shop\/wp-content\/uploads\/2025\/10\/S595-1.jpg","width":480,"height":480},{"@type":"BreadcrumbList","@id":"https:\/\/audi-klaus.at\/shop\/produkt\/vw-caddy-3-touran-1t-schalter-alarmanlage-1t0962109\/#breadcrumb","itemListElement":[{"@type":"ListItem","position":1,"name":"Startseite","item":"https:\/\/audi-klaus.at\/shop\/"},{"@type":"ListItem","position":2,"name":"Shop","item":"https:\/\/audi-klaus.at\/shop\/"},{"@type":"ListItem","position":3,"name":"Vw Caddy\/3\/Touran\/1T Schalter Alarmanlage 1T0962109"}]},{"@type":"WebSite","@id":"https:\/\/audi-klaus.at\/shop\/#website","url":"https:\/\/audi-klaus.at\/shop\/","name":"Audi-Klaus","description":"Ihr Gebrauchtteile Spezialist f\u00fcr die Marken Audi, VW (VAG)","publisher":{"@id":"https:\/\/audi-klaus.at\/shop\/#organization"},"potentialAction":[{"@type":"SearchAction","target":{"@type":"EntryPoint","urlTemplate":"https:\/\/audi-klaus.at\/shop\/?s={search_term_string}"},"query-input":{"@type":"PropertyValueSpecification","valueRequired":true,"valueName":"search_term_string"}}],"inLanguage":"de-AT"},{"@type":"Organization","@id":"https:\/\/audi-klaus.at\/shop\/#organization","name":"Audi-Klaus","url":"https:\/\/audi-klaus.at\/shop\/","logo":{"@type":"ImageObject","inLanguage":"de-AT","@id":"https:\/\/audi-klaus.at\/shop\/#\/schema\/logo\/image\/","url":"https:\/\/audi-klaus.at\/shop\/wp-content\/uploads\/2024\/10\/Logo-Shop.webp","contentUrl":"https:\/\/audi-klaus.at\/shop\/wp-content\/uploads\/2024\/10\/Logo-Shop.webp","width":470,"height":164,"caption":"Audi-Klaus"},"image":{"@id":"https:\/\/audi-klaus.at\/shop\/#\/schema\/logo\/image\/"},"sameAs":["https:\/\/www.facebook.com\/audi.klaus.1312\/","https:\/\/www.instagram.com\/audi_klaus\/?igshid=1eca3qu2mdayg"]}]}},"_links":{"self":[{"href":"https:\/\/audi-klaus.at\/shop\/wp-json\/wp\/v2\/product\/98674","targetHints":{"allow":["GET"]}}],"collection":[{"href":"https:\/\/audi-klaus.at\/shop\/wp-json\/wp\/v2\/product"}],"about":[{"href":"https:\/\/audi-klaus.at\/shop\/wp-json\/wp\/v2\/types\/product"}],"wp:featuredmedia":[{"embeddable":true,"href":"https:\/\/audi-klaus.at\/shop\/wp-json\/wp\/v2\/media\/98719"}],"wp:attachment":[{"href":"https:\/\/audi-klaus.at\/shop\/wp-json\/wp\/v2\/media?parent=98674"}],"wp:term":[{"taxonomy":"product_brand","embeddable":true,"href":"https:\/\/audi-klaus.at\/shop\/wp-json\/wp\/v2\/product_brand?post=98674"},{"taxonomy":"product_cat","embeddable":true,"href":"https:\/\/audi-klaus.at\/shop\/wp-json\/wp\/v2\/product_cat?post=98674"},{"taxonomy":"product_tag","embeddable":true,"href":"https:\/\/audi-klaus.at\/shop\/wp-json\/wp\/v2\/product_tag?post=98674"}],"curies":[{"name":"wp","href":"https:\/\/api.w.org\/{rel}","templated":true}]}}