{"id":80797,"date":"2024-10-03T09:32:07","date_gmt":"2024-10-03T07:32:07","guid":{"rendered":"https:\/\/audi-klaus.at\/shop\/?post_type=product&#038;p=80797"},"modified":"2026-01-07T22:54:13","modified_gmt":"2026-01-07T21:54:13","slug":"vw-sharan-7m-zierleiste-stossstange-links-nos-7m3807171f","status":"publish","type":"product","link":"https:\/\/audi-klaus.at\/shop\/produkt\/vw-sharan-7m-zierleiste-stossstange-links-nos-7m3807171f\/","title":{"rendered":"Vw Sharan\/7M Zierleiste Sto\u00dfstange links NOS 7M3807171F"},"content":{"rendered":"<h5 class=\"western\"><span style=\"font-size: small;\"><span style=\"color: #060606;\"><span style=\"font-family: Verdana, serif;\"><b>VAG Teilenummer<\/b><\/span><\/span><span style=\"color: #060606;\"><span style=\"font-family: Verdana, serif;\">: 7M3 807 171F<\/span><\/span><\/span><\/h5>\n<h5 class=\"western\"><span style=\"font-size: small;\"><span style=\"color: #060606;\"><span style=\"font-family: Verdana, serif;\"><b>Zustand:<\/b><\/span><\/span><span style=\"color: #060606;\"><span style=\"font-family: Verdana, serif;\">\u00a0<\/span><\/span><span style=\"color: #060606;\"><span style=\"font-family: Verdana, serif;\"><span lang=\"de-DE\">NOS (kann Lagerspuren aufweisen<\/span><\/span><\/span><span style=\"color: #060606;\"><span style=\"font-family: Verdana, serif;\"><span lang=\"de-DE\">)<\/span><\/span><\/span><\/span><\/h5>\n<h5 class=\"western\"><span style=\"color: #060606;\"><span style=\"font-family: Verdana, serif;\"><span style=\"font-size: small;\"><b>Lieferumfang:<\/b><\/span><\/span><\/span><span style=\"color: #060606;\"><span style=\"font-family: Verdana, serif;\"><span style=\"font-size: small;\">\u00a0wie in den Original-Abbildungen angegeben<\/span><\/span><\/span><\/h5>\n<h5 class=\"western\"><span style=\"color: #060606;\"><span style=\"font-family: Verdana, serif;\"><span style=\"font-size: small;\"><b>Hinweis:<\/b><\/span><\/span><\/span><span style=\"color: #060606;\"><span style=\"font-family: Verdana, serif;\"><span style=\"font-size: small;\">\u00a0Bitte \u00fcberpr\u00fcfen Sie vor dem Kauf anhand der eindeutigen Teilenummern, ob der Artikel zum Fahrzeug passt, um R\u00fccksendungen zu vermeiden! Trotz Angabe der entsprechenden Fahrzeugdaten ist eine eindeutige Zuordnung nur \u00fcber die Teilenummer m\u00f6glich! Die abgelesene Teilenummer ist die Teilenummer des Teils, welches geliefert wird. Die Originalteilnummer ist diejenige, die bei Neubestellung f\u00fcr dieses Teil gilt und der m\u00f6glicherweise abweichenden, gelieferten Teilenummer entspricht. <\/span><\/span><\/span><\/h5>\n<h5 class=\"western\"><span style=\"color: #060606;\"><span style=\"font-family: Verdana, serif;\"><span style=\"font-size: small;\"><span lang=\"de-DE\">Neu<\/span><\/span><\/span><\/span><span style=\"color: #060606;\"><span style=\"font-family: Verdana, serif;\"><span style=\"font-size: small;\"> mit Gebrauchsspuren in Form von Verunreinigungen\/ kleinen Kratzern m\u00f6glich. Die Ware wird ungereinigt geliefert.<\/span><\/span><\/span><\/h5>\n<h5 class=\"western\"><span style=\"color: #060606;\"><span style=\"font-family: Verdana, serif;\"><span style=\"font-size: small;\">Sollten weitere Fragen offen sein, kontaktieren Sie uns bitte unter<\/span><\/span><\/span><span style=\"color: #060606;\"><span style=\"font-family: Verdana, serif;\"><span style=\"font-size: small;\"><u>\u00a0<\/u><\/span><\/span><\/span><a href=\"mailto:office@audi-klaus.at\"><span style=\"color: #0000ff;\"><span style=\"font-family: Verdana, serif;\"><span style=\"font-size: small;\"><u>office@audi-klaus.at<\/u><\/span><\/span><\/span><\/a><\/h5>\n","protected":false},"excerpt":{"rendered":"<h5 class=\"western\"><strong><span style=\"color: #000000;\"><span style=\"font-family: Source Sans Pro, serif;\"><span style=\"font-size: x-large;\">Marke: Vw<br \/>\nModell: Sharan<br \/>\nTyp: 7M<\/span><\/span><\/span><\/strong><\/h5>\n","protected":false},"featured_media":80762,"template":"","meta":[],"product_brand":[],"product_cat":[1164,1178,1239,1739],"product_tag":[28955,28953,28954],"class_list":{"0":"post-80797","1":"product","2":"type-product","3":"status-publish","4":"has-post-thumbnail","6":"product_cat-vw","7":"product_cat-sharan","8":"product_cat-1-7m-1995-2010","9":"product_cat-karosserie-1-7m-1995-2010","10":"product_tag-k3075","11":"product_tag-7m3807171f","12":"product_tag-7m3807171","14":"first","15":"instock","16":"taxable","17":"shipping-taxable","18":"purchasable","19":"product-type-simple"},"yoast_head":"<!-- This site is optimized with the Yoast SEO plugin v27.4 - https:\/\/yoast.com\/product\/yoast-seo-wordpress\/ -->\n<title>Vw Sharan\/7M Zierleiste Sto\u00dfstange links NOS 7M3807171F - Audi-Klaus<\/title>\n<meta name=\"description\" content=\"Audi-Klaus Vw Sharan\/7M Zierleiste Sto\u00dfstange links NOS 7M3807171F Vw Sharan\/7M Zierleiste Sto\u00dfstange links NOS 7M3807171F\" \/>\n<meta name=\"robots\" content=\"index, follow, max-snippet:-1, max-image-preview:large, max-video-preview:-1\" \/>\n<link rel=\"canonical\" href=\"https:\/\/audi-klaus.at\/shop\/produkt\/vw-sharan-7m-zierleiste-stossstange-links-nos-7m3807171f\/\" \/>\n<meta property=\"og:locale\" content=\"de_DE\" \/>\n<meta property=\"og:type\" content=\"article\" \/>\n<meta property=\"og:title\" content=\"Vw Sharan\/7M Zierleiste Sto\u00dfstange links NOS 7M3807171F - Audi-Klaus\" \/>\n<meta property=\"og:description\" content=\"Audi-Klaus Vw Sharan\/7M Zierleiste Sto\u00dfstange links NOS 7M3807171F Vw Sharan\/7M Zierleiste Sto\u00dfstange links NOS 7M3807171F\" \/>\n<meta property=\"og:url\" content=\"https:\/\/audi-klaus.at\/shop\/produkt\/vw-sharan-7m-zierleiste-stossstange-links-nos-7m3807171f\/\" \/>\n<meta property=\"og:site_name\" content=\"Audi-Klaus\" \/>\n<meta property=\"article:publisher\" content=\"https:\/\/www.facebook.com\/audi.klaus.1312\/\" \/>\n<meta property=\"article:modified_time\" content=\"2026-01-07T21:54:13+00:00\" \/>\n<meta property=\"og:image\" content=\"https:\/\/audi-klaus.at\/shop\/wp-content\/uploads\/2024\/10\/K3075-2.jpg\" \/>\n\t<meta property=\"og:image:width\" content=\"480\" \/>\n\t<meta property=\"og:image:height\" content=\"480\" \/>\n\t<meta property=\"og:image:type\" content=\"image\/jpeg\" \/>\n<meta name=\"twitter:card\" content=\"summary_large_image\" \/>\n<meta name=\"twitter:label1\" content=\"Gesch\u00e4tzte Lesezeit\" \/>\n\t<meta name=\"twitter:data1\" content=\"1 Minute\" \/>\n<script type=\"application\/ld+json\" class=\"yoast-schema-graph\">{\"@context\":\"https:\\\/\\\/schema.org\",\"@graph\":[{\"@type\":\"WebPage\",\"@id\":\"https:\\\/\\\/audi-klaus.at\\\/shop\\\/produkt\\\/vw-sharan-7m-zierleiste-stossstange-links-nos-7m3807171f\\\/\",\"url\":\"https:\\\/\\\/audi-klaus.at\\\/shop\\\/produkt\\\/vw-sharan-7m-zierleiste-stossstange-links-nos-7m3807171f\\\/\",\"name\":\"Vw Sharan\\\/7M Zierleiste Sto\u00dfstange links NOS 7M3807171F - Audi-Klaus\",\"isPartOf\":{\"@id\":\"https:\\\/\\\/audi-klaus.at\\\/shop\\\/#website\"},\"primaryImageOfPage\":{\"@id\":\"https:\\\/\\\/audi-klaus.at\\\/shop\\\/produkt\\\/vw-sharan-7m-zierleiste-stossstange-links-nos-7m3807171f\\\/#primaryimage\"},\"image\":{\"@id\":\"https:\\\/\\\/audi-klaus.at\\\/shop\\\/produkt\\\/vw-sharan-7m-zierleiste-stossstange-links-nos-7m3807171f\\\/#primaryimage\"},\"thumbnailUrl\":\"https:\\\/\\\/audi-klaus.at\\\/shop\\\/wp-content\\\/uploads\\\/2024\\\/10\\\/K3075-2.jpg\",\"datePublished\":\"2024-10-03T07:32:07+00:00\",\"dateModified\":\"2026-01-07T21:54:13+00:00\",\"description\":\"Audi-Klaus Vw Sharan\\\/7M Zierleiste Sto\u00dfstange links NOS 7M3807171F Vw Sharan\\\/7M Zierleiste Sto\u00dfstange links NOS 7M3807171F\",\"breadcrumb\":{\"@id\":\"https:\\\/\\\/audi-klaus.at\\\/shop\\\/produkt\\\/vw-sharan-7m-zierleiste-stossstange-links-nos-7m3807171f\\\/#breadcrumb\"},\"inLanguage\":\"de-AT\",\"potentialAction\":[{\"@type\":\"ReadAction\",\"target\":[\"https:\\\/\\\/audi-klaus.at\\\/shop\\\/produkt\\\/vw-sharan-7m-zierleiste-stossstange-links-nos-7m3807171f\\\/\"]}]},{\"@type\":\"ImageObject\",\"inLanguage\":\"de-AT\",\"@id\":\"https:\\\/\\\/audi-klaus.at\\\/shop\\\/produkt\\\/vw-sharan-7m-zierleiste-stossstange-links-nos-7m3807171f\\\/#primaryimage\",\"url\":\"https:\\\/\\\/audi-klaus.at\\\/shop\\\/wp-content\\\/uploads\\\/2024\\\/10\\\/K3075-2.jpg\",\"contentUrl\":\"https:\\\/\\\/audi-klaus.at\\\/shop\\\/wp-content\\\/uploads\\\/2024\\\/10\\\/K3075-2.jpg\",\"width\":480,\"height\":480},{\"@type\":\"BreadcrumbList\",\"@id\":\"https:\\\/\\\/audi-klaus.at\\\/shop\\\/produkt\\\/vw-sharan-7m-zierleiste-stossstange-links-nos-7m3807171f\\\/#breadcrumb\",\"itemListElement\":[{\"@type\":\"ListItem\",\"position\":1,\"name\":\"Startseite\",\"item\":\"https:\\\/\\\/audi-klaus.at\\\/shop\\\/\"},{\"@type\":\"ListItem\",\"position\":2,\"name\":\"Shop\",\"item\":\"https:\\\/\\\/audi-klaus.at\\\/shop\\\/\"},{\"@type\":\"ListItem\",\"position\":3,\"name\":\"Vw Sharan\\\/7M Zierleiste Sto\u00dfstange links NOS 7M3807171F\"}]},{\"@type\":\"WebSite\",\"@id\":\"https:\\\/\\\/audi-klaus.at\\\/shop\\\/#website\",\"url\":\"https:\\\/\\\/audi-klaus.at\\\/shop\\\/\",\"name\":\"Audi-Klaus\",\"description\":\"Ihr Gebrauchtteile Spezialist f\u00fcr die Marken Audi, VW (VAG)\",\"publisher\":{\"@id\":\"https:\\\/\\\/audi-klaus.at\\\/shop\\\/#organization\"},\"potentialAction\":[{\"@type\":\"SearchAction\",\"target\":{\"@type\":\"EntryPoint\",\"urlTemplate\":\"https:\\\/\\\/audi-klaus.at\\\/shop\\\/?s={search_term_string}\"},\"query-input\":{\"@type\":\"PropertyValueSpecification\",\"valueRequired\":true,\"valueName\":\"search_term_string\"}}],\"inLanguage\":\"de-AT\"},{\"@type\":\"Organization\",\"@id\":\"https:\\\/\\\/audi-klaus.at\\\/shop\\\/#organization\",\"name\":\"Audi-Klaus\",\"url\":\"https:\\\/\\\/audi-klaus.at\\\/shop\\\/\",\"logo\":{\"@type\":\"ImageObject\",\"inLanguage\":\"de-AT\",\"@id\":\"https:\\\/\\\/audi-klaus.at\\\/shop\\\/#\\\/schema\\\/logo\\\/image\\\/\",\"url\":\"https:\\\/\\\/audi-klaus.at\\\/shop\\\/wp-content\\\/uploads\\\/2024\\\/10\\\/Logo-Shop.webp\",\"contentUrl\":\"https:\\\/\\\/audi-klaus.at\\\/shop\\\/wp-content\\\/uploads\\\/2024\\\/10\\\/Logo-Shop.webp\",\"width\":470,\"height\":164,\"caption\":\"Audi-Klaus\"},\"image\":{\"@id\":\"https:\\\/\\\/audi-klaus.at\\\/shop\\\/#\\\/schema\\\/logo\\\/image\\\/\"},\"sameAs\":[\"https:\\\/\\\/www.facebook.com\\\/audi.klaus.1312\\\/\",\"https:\\\/\\\/www.instagram.com\\\/audi_klaus\\\/?igshid=1eca3qu2mdayg\"]}]}<\/script>\n<!-- \/ Yoast SEO plugin. -->","yoast_head_json":{"title":"Vw Sharan\/7M Zierleiste Sto\u00dfstange links NOS 7M3807171F - Audi-Klaus","description":"Audi-Klaus Vw Sharan\/7M Zierleiste Sto\u00dfstange links NOS 7M3807171F Vw Sharan\/7M Zierleiste Sto\u00dfstange links NOS 7M3807171F","robots":{"index":"index","follow":"follow","max-snippet":"max-snippet:-1","max-image-preview":"max-image-preview:large","max-video-preview":"max-video-preview:-1"},"canonical":"https:\/\/audi-klaus.at\/shop\/produkt\/vw-sharan-7m-zierleiste-stossstange-links-nos-7m3807171f\/","og_locale":"de_DE","og_type":"article","og_title":"Vw Sharan\/7M Zierleiste Sto\u00dfstange links NOS 7M3807171F - Audi-Klaus","og_description":"Audi-Klaus Vw Sharan\/7M Zierleiste Sto\u00dfstange links NOS 7M3807171F Vw Sharan\/7M Zierleiste Sto\u00dfstange links NOS 7M3807171F","og_url":"https:\/\/audi-klaus.at\/shop\/produkt\/vw-sharan-7m-zierleiste-stossstange-links-nos-7m3807171f\/","og_site_name":"Audi-Klaus","article_publisher":"https:\/\/www.facebook.com\/audi.klaus.1312\/","article_modified_time":"2026-01-07T21:54:13+00:00","og_image":[{"width":480,"height":480,"url":"https:\/\/audi-klaus.at\/shop\/wp-content\/uploads\/2024\/10\/K3075-2.jpg","type":"image\/jpeg"}],"twitter_card":"summary_large_image","twitter_misc":{"Gesch\u00e4tzte Lesezeit":"1 Minute"},"schema":{"@context":"https:\/\/schema.org","@graph":[{"@type":"WebPage","@id":"https:\/\/audi-klaus.at\/shop\/produkt\/vw-sharan-7m-zierleiste-stossstange-links-nos-7m3807171f\/","url":"https:\/\/audi-klaus.at\/shop\/produkt\/vw-sharan-7m-zierleiste-stossstange-links-nos-7m3807171f\/","name":"Vw Sharan\/7M Zierleiste Sto\u00dfstange links NOS 7M3807171F - Audi-Klaus","isPartOf":{"@id":"https:\/\/audi-klaus.at\/shop\/#website"},"primaryImageOfPage":{"@id":"https:\/\/audi-klaus.at\/shop\/produkt\/vw-sharan-7m-zierleiste-stossstange-links-nos-7m3807171f\/#primaryimage"},"image":{"@id":"https:\/\/audi-klaus.at\/shop\/produkt\/vw-sharan-7m-zierleiste-stossstange-links-nos-7m3807171f\/#primaryimage"},"thumbnailUrl":"https:\/\/audi-klaus.at\/shop\/wp-content\/uploads\/2024\/10\/K3075-2.jpg","datePublished":"2024-10-03T07:32:07+00:00","dateModified":"2026-01-07T21:54:13+00:00","description":"Audi-Klaus Vw Sharan\/7M Zierleiste Sto\u00dfstange links NOS 7M3807171F Vw Sharan\/7M Zierleiste Sto\u00dfstange links NOS 7M3807171F","breadcrumb":{"@id":"https:\/\/audi-klaus.at\/shop\/produkt\/vw-sharan-7m-zierleiste-stossstange-links-nos-7m3807171f\/#breadcrumb"},"inLanguage":"de-AT","potentialAction":[{"@type":"ReadAction","target":["https:\/\/audi-klaus.at\/shop\/produkt\/vw-sharan-7m-zierleiste-stossstange-links-nos-7m3807171f\/"]}]},{"@type":"ImageObject","inLanguage":"de-AT","@id":"https:\/\/audi-klaus.at\/shop\/produkt\/vw-sharan-7m-zierleiste-stossstange-links-nos-7m3807171f\/#primaryimage","url":"https:\/\/audi-klaus.at\/shop\/wp-content\/uploads\/2024\/10\/K3075-2.jpg","contentUrl":"https:\/\/audi-klaus.at\/shop\/wp-content\/uploads\/2024\/10\/K3075-2.jpg","width":480,"height":480},{"@type":"BreadcrumbList","@id":"https:\/\/audi-klaus.at\/shop\/produkt\/vw-sharan-7m-zierleiste-stossstange-links-nos-7m3807171f\/#breadcrumb","itemListElement":[{"@type":"ListItem","position":1,"name":"Startseite","item":"https:\/\/audi-klaus.at\/shop\/"},{"@type":"ListItem","position":2,"name":"Shop","item":"https:\/\/audi-klaus.at\/shop\/"},{"@type":"ListItem","position":3,"name":"Vw Sharan\/7M Zierleiste Sto\u00dfstange links NOS 7M3807171F"}]},{"@type":"WebSite","@id":"https:\/\/audi-klaus.at\/shop\/#website","url":"https:\/\/audi-klaus.at\/shop\/","name":"Audi-Klaus","description":"Ihr Gebrauchtteile Spezialist f\u00fcr die Marken Audi, VW (VAG)","publisher":{"@id":"https:\/\/audi-klaus.at\/shop\/#organization"},"potentialAction":[{"@type":"SearchAction","target":{"@type":"EntryPoint","urlTemplate":"https:\/\/audi-klaus.at\/shop\/?s={search_term_string}"},"query-input":{"@type":"PropertyValueSpecification","valueRequired":true,"valueName":"search_term_string"}}],"inLanguage":"de-AT"},{"@type":"Organization","@id":"https:\/\/audi-klaus.at\/shop\/#organization","name":"Audi-Klaus","url":"https:\/\/audi-klaus.at\/shop\/","logo":{"@type":"ImageObject","inLanguage":"de-AT","@id":"https:\/\/audi-klaus.at\/shop\/#\/schema\/logo\/image\/","url":"https:\/\/audi-klaus.at\/shop\/wp-content\/uploads\/2024\/10\/Logo-Shop.webp","contentUrl":"https:\/\/audi-klaus.at\/shop\/wp-content\/uploads\/2024\/10\/Logo-Shop.webp","width":470,"height":164,"caption":"Audi-Klaus"},"image":{"@id":"https:\/\/audi-klaus.at\/shop\/#\/schema\/logo\/image\/"},"sameAs":["https:\/\/www.facebook.com\/audi.klaus.1312\/","https:\/\/www.instagram.com\/audi_klaus\/?igshid=1eca3qu2mdayg"]}]}},"_links":{"self":[{"href":"https:\/\/audi-klaus.at\/shop\/wp-json\/wp\/v2\/product\/80797","targetHints":{"allow":["GET"]}}],"collection":[{"href":"https:\/\/audi-klaus.at\/shop\/wp-json\/wp\/v2\/product"}],"about":[{"href":"https:\/\/audi-klaus.at\/shop\/wp-json\/wp\/v2\/types\/product"}],"wp:featuredmedia":[{"embeddable":true,"href":"https:\/\/audi-klaus.at\/shop\/wp-json\/wp\/v2\/media\/80762"}],"wp:attachment":[{"href":"https:\/\/audi-klaus.at\/shop\/wp-json\/wp\/v2\/media?parent=80797"}],"wp:term":[{"taxonomy":"product_brand","embeddable":true,"href":"https:\/\/audi-klaus.at\/shop\/wp-json\/wp\/v2\/product_brand?post=80797"},{"taxonomy":"product_cat","embeddable":true,"href":"https:\/\/audi-klaus.at\/shop\/wp-json\/wp\/v2\/product_cat?post=80797"},{"taxonomy":"product_tag","embeddable":true,"href":"https:\/\/audi-klaus.at\/shop\/wp-json\/wp\/v2\/product_tag?post=80797"}],"curies":[{"name":"wp","href":"https:\/\/api.w.org\/{rel}","templated":true}]}}