{"id":62013,"date":"2023-07-17T12:32:56","date_gmt":"2023-07-17T10:32:56","guid":{"rendered":"https:\/\/audi-klaus.at\/shop\/?post_type=product&#038;p=62013"},"modified":"2026-01-07T22:33:33","modified_gmt":"2026-01-07T21:33:33","slug":"vw-bus-t2-t3-golf-jetta-scirocco-1-2-kaefer-iltis-lt-1-passat-b1-b2-polo-2-typ-181-zuendanlassschalter-nos-111905865l","status":"publish","type":"product","link":"https:\/\/audi-klaus.at\/shop\/produkt\/vw-bus-t2-t3-golf-jetta-scirocco-1-2-kaefer-iltis-lt-1-passat-b1-b2-polo-2-typ-181-zuendanlassschalter-nos-111905865l\/","title":{"rendered":"Vw Bus\/T2\/T3\/Golf\/Jetta\/Scirocco\/1\/2\/K\u00e4fer\/Iltis\/LT\/1\/Passat\/B1\/B2\/Polo\/2\/Typ 181 Z\u00fcndanlassschalter NOS 111905865L"},"content":{"rendered":"<h5 class=\"western\"><span style=\"color: #060606\"><span style=\"font-family: Verdana, serif\"><span style=\"font-size: small\"><b>VAG Teilenummer<\/b><\/span><\/span><\/span><span style=\"color: #060606\"><span style=\"font-family: Verdana, serif\"><span style=\"font-size: small\">: 111 905 865L<\/span><\/span><\/span><\/h5>\n<h5 class=\"western\"><span style=\"color: #060606\"><span style=\"font-family: Verdana, serif\"><span style=\"font-size: small\"><b>Zustand: <\/b><\/span><\/span><\/span><span style=\"color: #060606\"><span style=\"font-family: Verdana, serif\"><span style=\"font-size: small\"><span lang=\"de-DE\">NEU<\/span><\/span><\/span><\/span><\/h5>\n<h5 class=\"western\"><span style=\"color: #060606\"><span style=\"font-family: Verdana, serif\"><span style=\"font-size: small\"><b>Lieferumfang:<\/b><\/span><\/span><\/span><span style=\"color: #060606\"><span style=\"font-family: Verdana, serif\"><span style=\"font-size: small\">\u00a0wie in den Original-Abbildungen angegeben<\/span><\/span><\/span><\/h5>\n<h5 class=\"western\"><span style=\"color: #060606\"><span style=\"font-family: Verdana, serif\"><span style=\"font-size: small\"><b>Hinweis:<\/b><\/span><\/span><\/span><span style=\"color: #060606\"><span style=\"font-family: Verdana, serif\"><span style=\"font-size: small\">\u00a0Bitte \u00fcberpr\u00fcfen Sie vor dem Kauf anhand der eindeutigen Teilenummern, ob der Artikel zum Fahrzeug passt, um R\u00fccksendungen zu vermeiden! Trotz Angabe der entsprechenden Fahrzeugdaten ist eine eindeutige Zuordnung nur \u00fcber die Teilenummer m\u00f6glich! Die abgelesene Teilenummer ist die Teilenummer des Teils, welches geliefert wird. Die Originalteilnummer ist diejenige, die bei Neubestellung f\u00fcr dieses Teil gilt und der m\u00f6glicherweise abweichenden, gelieferten Teilenummer entspricht. <\/span><\/span><\/span><\/h5>\n<h5 class=\"western\"><span style=\"color: #060606\"><span style=\"font-family: Verdana, serif\"><span style=\"font-size: small\"><span lang=\"de-DE\">Neu<\/span><\/span><\/span><\/span><span style=\"color: #060606\"><span style=\"font-family: Verdana, serif\"><span style=\"font-size: small\"> mit Gebrauchsspuren in Form von Verunreinigungen\/ kleinen Kratzern m\u00f6glich. Die Ware wird ungereinigt geliefert.<\/span><\/span><\/span><\/h5>\n<h5 class=\"western\"><span style=\"color: #060606\"><span style=\"font-family: Verdana, serif\"><span style=\"font-size: small\">Sollten weitere Fragen offen sein, kontaktieren Sie uns bitte unter\u00a0<\/span><\/span><\/span><a href=\"mailto:office@audi-klaus.at\"><span style=\"color: #0000ff\"><span style=\"font-family: Verdana, serif\"><span style=\"font-size: small\"><u>office@audi-klaus.at<\/u><\/span><\/span><\/span><\/a><\/h5>\n","protected":false},"excerpt":{"rendered":"<p class=\"western\"><strong><span style=\"color: #000000\"><span style=\"font-family: Source Sans Pro, serif\"><span style=\"font-size: x-large\">Marke: Vw<br \/>\nModell: Bus\/Golf\/Jetta\/Scirocco\/K\u00e4fer\/Iltis\/LT\/Passat\/Polo\/Typ 181<br \/>\nTyp: T2\/T3\/1\/2\/1\/B1\/B2\/2<\/span><\/span><\/span><\/strong><\/p>\n","protected":false},"featured_media":61998,"template":"","meta":[],"product_brand":[],"product_cat":[1387,1174,2028,1216,1397,1176,1226,1457,1186,1229,1467,1187,1230,1517,1192,35195,1254,1607,1193,35198,1255,1164,1637,1194,1260,1165,1647,1204,1267,1167,1898,1205,1275,1170,1908,1211,1285,1172,1958,1212],"product_tag":[21659,21660,21661],"class_list":{"0":"post-62013","1":"product","2":"type-product","3":"status-publish","4":"has-post-thumbnail","6":"product_cat-elektrik-1-161-1978-1987","7":"product_cat-kaefer","8":"product_cat-elektrik-183-1978-1988","9":"product_cat-2-86c-1981-1990","10":"product_cat-elektrik-2-165-1983-1992","11":"product_cat-passat","12":"product_cat-typ1-1938-2003","13":"product_cat-elektrik-1-53-1974-1981","14":"product_cat-bus","15":"product_cat-b1-32-1973-1977","16":"product_cat-elektrik-2-53b-1981-1992","17":"product_cat-lt","18":"product_cat-b2-32b-1980-1988","19":"product_cat-elektrik-2-86c-1981-1990","20":"product_cat-iltis","21":"product_cat-35195","22":"product_cat-t2-211-1967-1979","23":"product_cat-elektrik-typ1-1938-2003","24":"product_cat-1-171-1974-1985","25":"product_cat-elektrik-181","26":"product_cat-t3-251-1979-1992","27":"product_cat-vw","28":"product_cat-elektrik-b1-32-1973-1977","29":"product_cat-2-191-1983-1992","30":"product_cat-1-1975-1996","31":"product_cat-golf","32":"product_cat-elektrik-b2-32b-1980-1988","33":"product_cat-1-161-1978-1987","34":"product_cat-183-1978-1988","35":"product_cat-jetta","36":"product_cat-elektrik-t2-211-1967-1979","37":"product_cat-2-165-1983-1992","38":"product_cat-elektrik-1-171-1974-1985","39":"product_cat-scirocco","40":"product_cat-elektrik-t3-251-1979-1992","41":"product_cat-1-53-1974-1981","42":"product_cat-elektrik-2-191-1983-1992","43":"product_cat-polo","44":"product_cat-elektrik-1-1975-1996","45":"product_cat-2-53b-1981-1992","46":"product_tag-111905865l","47":"product_tag-21660","48":"product_tag-s431","50":"first","51":"outofstock","52":"taxable","53":"shipping-taxable","54":"purchasable","55":"product-type-simple"},"yoast_head":"<!-- This site is optimized with the Yoast SEO plugin v27.5 - https:\/\/yoast.com\/product\/yoast-seo-wordpress\/ -->\n<title>Vw Bus\/T2\/T3\/Golf\/Jetta\/Scirocco\/1\/2\/K\u00e4fer\/Iltis\/LT\/1\/Passat\/B1\/B2\/Polo\/2\/Typ 181 Z\u00fcndanlassschalter NOS 111905865L - Audi-Klaus<\/title>\n<meta name=\"description\" content=\"Audi-Klaus Vw Bus\/T2\/T3\/Golf\/Jetta\/Scirocco\/1\/2\/K\u00e4fer\/Iltis\/LT\/1\/Passat\/B1\/B2\/Polo\/2\/Typ 181 Z\u00fcndanlassschalter NOS 111905865L Vw Bus\/T2\/T3\/Golf\/Jetta\/Scirocco\/1\/2\/K\u00e4fer\/Iltis\/LT\/1\/Passat\/B1\/B2\/Polo\/2\/Typ 181 Z\u00fcndanlassschalter NOS 111905865L\" \/>\n<meta name=\"robots\" content=\"index, follow, max-snippet:-1, max-image-preview:large, max-video-preview:-1\" \/>\n<link rel=\"canonical\" href=\"https:\/\/audi-klaus.at\/shop\/produkt\/vw-bus-t2-t3-golf-jetta-scirocco-1-2-kaefer-iltis-lt-1-passat-b1-b2-polo-2-typ-181-zuendanlassschalter-nos-111905865l\/\" \/>\n<meta property=\"og:locale\" content=\"de_DE\" \/>\n<meta property=\"og:type\" content=\"article\" \/>\n<meta property=\"og:title\" content=\"Vw Bus\/T2\/T3\/Golf\/Jetta\/Scirocco\/1\/2\/K\u00e4fer\/Iltis\/LT\/1\/Passat\/B1\/B2\/Polo\/2\/Typ 181 Z\u00fcndanlassschalter NOS 111905865L - Audi-Klaus\" \/>\n<meta property=\"og:description\" content=\"Audi-Klaus Vw Bus\/T2\/T3\/Golf\/Jetta\/Scirocco\/1\/2\/K\u00e4fer\/Iltis\/LT\/1\/Passat\/B1\/B2\/Polo\/2\/Typ 181 Z\u00fcndanlassschalter NOS 111905865L Vw Bus\/T2\/T3\/Golf\/Jetta\/Scirocco\/1\/2\/K\u00e4fer\/Iltis\/LT\/1\/Passat\/B1\/B2\/Polo\/2\/Typ 181 Z\u00fcndanlassschalter NOS 111905865L\" \/>\n<meta property=\"og:url\" content=\"https:\/\/audi-klaus.at\/shop\/produkt\/vw-bus-t2-t3-golf-jetta-scirocco-1-2-kaefer-iltis-lt-1-passat-b1-b2-polo-2-typ-181-zuendanlassschalter-nos-111905865l\/\" \/>\n<meta property=\"og:site_name\" content=\"Audi-Klaus\" \/>\n<meta property=\"article:publisher\" content=\"https:\/\/www.facebook.com\/audi.klaus.1312\/\" \/>\n<meta property=\"article:modified_time\" content=\"2026-01-07T21:33:33+00:00\" \/>\n<meta property=\"og:image\" content=\"https:\/\/audi-klaus.at\/shop\/wp-content\/uploads\/2023\/07\/S431-2.jpg\" \/>\n\t<meta property=\"og:image:width\" content=\"480\" \/>\n\t<meta property=\"og:image:height\" content=\"480\" \/>\n\t<meta property=\"og:image:type\" content=\"image\/jpeg\" \/>\n<meta name=\"twitter:card\" content=\"summary_large_image\" \/>\n<meta name=\"twitter:label1\" content=\"Gesch\u00e4tzte Lesezeit\" \/>\n\t<meta name=\"twitter:data1\" content=\"1 Minute\" \/>\n<script type=\"application\/ld+json\" class=\"yoast-schema-graph\">{\"@context\":\"https:\\\/\\\/schema.org\",\"@graph\":[{\"@type\":\"WebPage\",\"@id\":\"https:\\\/\\\/audi-klaus.at\\\/shop\\\/produkt\\\/vw-bus-t2-t3-golf-jetta-scirocco-1-2-kaefer-iltis-lt-1-passat-b1-b2-polo-2-typ-181-zuendanlassschalter-nos-111905865l\\\/\",\"url\":\"https:\\\/\\\/audi-klaus.at\\\/shop\\\/produkt\\\/vw-bus-t2-t3-golf-jetta-scirocco-1-2-kaefer-iltis-lt-1-passat-b1-b2-polo-2-typ-181-zuendanlassschalter-nos-111905865l\\\/\",\"name\":\"Vw Bus\\\/T2\\\/T3\\\/Golf\\\/Jetta\\\/Scirocco\\\/1\\\/2\\\/K\u00e4fer\\\/Iltis\\\/LT\\\/1\\\/Passat\\\/B1\\\/B2\\\/Polo\\\/2\\\/Typ 181 Z\u00fcndanlassschalter NOS 111905865L - Audi-Klaus\",\"isPartOf\":{\"@id\":\"https:\\\/\\\/audi-klaus.at\\\/shop\\\/#website\"},\"primaryImageOfPage\":{\"@id\":\"https:\\\/\\\/audi-klaus.at\\\/shop\\\/produkt\\\/vw-bus-t2-t3-golf-jetta-scirocco-1-2-kaefer-iltis-lt-1-passat-b1-b2-polo-2-typ-181-zuendanlassschalter-nos-111905865l\\\/#primaryimage\"},\"image\":{\"@id\":\"https:\\\/\\\/audi-klaus.at\\\/shop\\\/produkt\\\/vw-bus-t2-t3-golf-jetta-scirocco-1-2-kaefer-iltis-lt-1-passat-b1-b2-polo-2-typ-181-zuendanlassschalter-nos-111905865l\\\/#primaryimage\"},\"thumbnailUrl\":\"https:\\\/\\\/audi-klaus.at\\\/shop\\\/wp-content\\\/uploads\\\/2023\\\/07\\\/S431-2.jpg\",\"datePublished\":\"2023-07-17T10:32:56+00:00\",\"dateModified\":\"2026-01-07T21:33:33+00:00\",\"description\":\"Audi-Klaus Vw Bus\\\/T2\\\/T3\\\/Golf\\\/Jetta\\\/Scirocco\\\/1\\\/2\\\/K\u00e4fer\\\/Iltis\\\/LT\\\/1\\\/Passat\\\/B1\\\/B2\\\/Polo\\\/2\\\/Typ 181 Z\u00fcndanlassschalter NOS 111905865L Vw Bus\\\/T2\\\/T3\\\/Golf\\\/Jetta\\\/Scirocco\\\/1\\\/2\\\/K\u00e4fer\\\/Iltis\\\/LT\\\/1\\\/Passat\\\/B1\\\/B2\\\/Polo\\\/2\\\/Typ 181 Z\u00fcndanlassschalter NOS 111905865L\",\"breadcrumb\":{\"@id\":\"https:\\\/\\\/audi-klaus.at\\\/shop\\\/produkt\\\/vw-bus-t2-t3-golf-jetta-scirocco-1-2-kaefer-iltis-lt-1-passat-b1-b2-polo-2-typ-181-zuendanlassschalter-nos-111905865l\\\/#breadcrumb\"},\"inLanguage\":\"de-AT\",\"potentialAction\":[{\"@type\":\"ReadAction\",\"target\":[\"https:\\\/\\\/audi-klaus.at\\\/shop\\\/produkt\\\/vw-bus-t2-t3-golf-jetta-scirocco-1-2-kaefer-iltis-lt-1-passat-b1-b2-polo-2-typ-181-zuendanlassschalter-nos-111905865l\\\/\"]}]},{\"@type\":\"ImageObject\",\"inLanguage\":\"de-AT\",\"@id\":\"https:\\\/\\\/audi-klaus.at\\\/shop\\\/produkt\\\/vw-bus-t2-t3-golf-jetta-scirocco-1-2-kaefer-iltis-lt-1-passat-b1-b2-polo-2-typ-181-zuendanlassschalter-nos-111905865l\\\/#primaryimage\",\"url\":\"https:\\\/\\\/audi-klaus.at\\\/shop\\\/wp-content\\\/uploads\\\/2023\\\/07\\\/S431-2.jpg\",\"contentUrl\":\"https:\\\/\\\/audi-klaus.at\\\/shop\\\/wp-content\\\/uploads\\\/2023\\\/07\\\/S431-2.jpg\",\"width\":480,\"height\":480},{\"@type\":\"BreadcrumbList\",\"@id\":\"https:\\\/\\\/audi-klaus.at\\\/shop\\\/produkt\\\/vw-bus-t2-t3-golf-jetta-scirocco-1-2-kaefer-iltis-lt-1-passat-b1-b2-polo-2-typ-181-zuendanlassschalter-nos-111905865l\\\/#breadcrumb\",\"itemListElement\":[{\"@type\":\"ListItem\",\"position\":1,\"name\":\"Startseite\",\"item\":\"https:\\\/\\\/audi-klaus.at\\\/shop\\\/\"},{\"@type\":\"ListItem\",\"position\":2,\"name\":\"Shop\",\"item\":\"https:\\\/\\\/audi-klaus.at\\\/shop\\\/\"},{\"@type\":\"ListItem\",\"position\":3,\"name\":\"Vw Bus\\\/T2\\\/T3\\\/Golf\\\/Jetta\\\/Scirocco\\\/1\\\/2\\\/K\u00e4fer\\\/Iltis\\\/LT\\\/1\\\/Passat\\\/B1\\\/B2\\\/Polo\\\/2\\\/Typ 181 Z\u00fcndanlassschalter NOS 111905865L\"}]},{\"@type\":\"WebSite\",\"@id\":\"https:\\\/\\\/audi-klaus.at\\\/shop\\\/#website\",\"url\":\"https:\\\/\\\/audi-klaus.at\\\/shop\\\/\",\"name\":\"Audi-Klaus\",\"description\":\"Ihr Gebrauchtteile Spezialist f\u00fcr die Marken Audi, VW (VAG)\",\"publisher\":{\"@id\":\"https:\\\/\\\/audi-klaus.at\\\/shop\\\/#organization\"},\"potentialAction\":[{\"@type\":\"SearchAction\",\"target\":{\"@type\":\"EntryPoint\",\"urlTemplate\":\"https:\\\/\\\/audi-klaus.at\\\/shop\\\/?s={search_term_string}\"},\"query-input\":{\"@type\":\"PropertyValueSpecification\",\"valueRequired\":true,\"valueName\":\"search_term_string\"}}],\"inLanguage\":\"de-AT\"},{\"@type\":\"Organization\",\"@id\":\"https:\\\/\\\/audi-klaus.at\\\/shop\\\/#organization\",\"name\":\"Audi-Klaus\",\"url\":\"https:\\\/\\\/audi-klaus.at\\\/shop\\\/\",\"logo\":{\"@type\":\"ImageObject\",\"inLanguage\":\"de-AT\",\"@id\":\"https:\\\/\\\/audi-klaus.at\\\/shop\\\/#\\\/schema\\\/logo\\\/image\\\/\",\"url\":\"https:\\\/\\\/audi-klaus.at\\\/shop\\\/wp-content\\\/uploads\\\/2024\\\/10\\\/Logo-Shop.webp\",\"contentUrl\":\"https:\\\/\\\/audi-klaus.at\\\/shop\\\/wp-content\\\/uploads\\\/2024\\\/10\\\/Logo-Shop.webp\",\"width\":470,\"height\":164,\"caption\":\"Audi-Klaus\"},\"image\":{\"@id\":\"https:\\\/\\\/audi-klaus.at\\\/shop\\\/#\\\/schema\\\/logo\\\/image\\\/\"},\"sameAs\":[\"https:\\\/\\\/www.facebook.com\\\/audi.klaus.1312\\\/\",\"https:\\\/\\\/www.instagram.com\\\/audi_klaus\\\/?igshid=1eca3qu2mdayg\"]}]}<\/script>\n<!-- \/ Yoast SEO plugin. -->","yoast_head_json":{"title":"Vw Bus\/T2\/T3\/Golf\/Jetta\/Scirocco\/1\/2\/K\u00e4fer\/Iltis\/LT\/1\/Passat\/B1\/B2\/Polo\/2\/Typ 181 Z\u00fcndanlassschalter NOS 111905865L - Audi-Klaus","description":"Audi-Klaus Vw Bus\/T2\/T3\/Golf\/Jetta\/Scirocco\/1\/2\/K\u00e4fer\/Iltis\/LT\/1\/Passat\/B1\/B2\/Polo\/2\/Typ 181 Z\u00fcndanlassschalter NOS 111905865L Vw Bus\/T2\/T3\/Golf\/Jetta\/Scirocco\/1\/2\/K\u00e4fer\/Iltis\/LT\/1\/Passat\/B1\/B2\/Polo\/2\/Typ 181 Z\u00fcndanlassschalter NOS 111905865L","robots":{"index":"index","follow":"follow","max-snippet":"max-snippet:-1","max-image-preview":"max-image-preview:large","max-video-preview":"max-video-preview:-1"},"canonical":"https:\/\/audi-klaus.at\/shop\/produkt\/vw-bus-t2-t3-golf-jetta-scirocco-1-2-kaefer-iltis-lt-1-passat-b1-b2-polo-2-typ-181-zuendanlassschalter-nos-111905865l\/","og_locale":"de_DE","og_type":"article","og_title":"Vw Bus\/T2\/T3\/Golf\/Jetta\/Scirocco\/1\/2\/K\u00e4fer\/Iltis\/LT\/1\/Passat\/B1\/B2\/Polo\/2\/Typ 181 Z\u00fcndanlassschalter NOS 111905865L - Audi-Klaus","og_description":"Audi-Klaus Vw Bus\/T2\/T3\/Golf\/Jetta\/Scirocco\/1\/2\/K\u00e4fer\/Iltis\/LT\/1\/Passat\/B1\/B2\/Polo\/2\/Typ 181 Z\u00fcndanlassschalter NOS 111905865L Vw Bus\/T2\/T3\/Golf\/Jetta\/Scirocco\/1\/2\/K\u00e4fer\/Iltis\/LT\/1\/Passat\/B1\/B2\/Polo\/2\/Typ 181 Z\u00fcndanlassschalter NOS 111905865L","og_url":"https:\/\/audi-klaus.at\/shop\/produkt\/vw-bus-t2-t3-golf-jetta-scirocco-1-2-kaefer-iltis-lt-1-passat-b1-b2-polo-2-typ-181-zuendanlassschalter-nos-111905865l\/","og_site_name":"Audi-Klaus","article_publisher":"https:\/\/www.facebook.com\/audi.klaus.1312\/","article_modified_time":"2026-01-07T21:33:33+00:00","og_image":[{"width":480,"height":480,"url":"https:\/\/audi-klaus.at\/shop\/wp-content\/uploads\/2023\/07\/S431-2.jpg","type":"image\/jpeg"}],"twitter_card":"summary_large_image","twitter_misc":{"Gesch\u00e4tzte Lesezeit":"1 Minute"},"schema":{"@context":"https:\/\/schema.org","@graph":[{"@type":"WebPage","@id":"https:\/\/audi-klaus.at\/shop\/produkt\/vw-bus-t2-t3-golf-jetta-scirocco-1-2-kaefer-iltis-lt-1-passat-b1-b2-polo-2-typ-181-zuendanlassschalter-nos-111905865l\/","url":"https:\/\/audi-klaus.at\/shop\/produkt\/vw-bus-t2-t3-golf-jetta-scirocco-1-2-kaefer-iltis-lt-1-passat-b1-b2-polo-2-typ-181-zuendanlassschalter-nos-111905865l\/","name":"Vw Bus\/T2\/T3\/Golf\/Jetta\/Scirocco\/1\/2\/K\u00e4fer\/Iltis\/LT\/1\/Passat\/B1\/B2\/Polo\/2\/Typ 181 Z\u00fcndanlassschalter NOS 111905865L - Audi-Klaus","isPartOf":{"@id":"https:\/\/audi-klaus.at\/shop\/#website"},"primaryImageOfPage":{"@id":"https:\/\/audi-klaus.at\/shop\/produkt\/vw-bus-t2-t3-golf-jetta-scirocco-1-2-kaefer-iltis-lt-1-passat-b1-b2-polo-2-typ-181-zuendanlassschalter-nos-111905865l\/#primaryimage"},"image":{"@id":"https:\/\/audi-klaus.at\/shop\/produkt\/vw-bus-t2-t3-golf-jetta-scirocco-1-2-kaefer-iltis-lt-1-passat-b1-b2-polo-2-typ-181-zuendanlassschalter-nos-111905865l\/#primaryimage"},"thumbnailUrl":"https:\/\/audi-klaus.at\/shop\/wp-content\/uploads\/2023\/07\/S431-2.jpg","datePublished":"2023-07-17T10:32:56+00:00","dateModified":"2026-01-07T21:33:33+00:00","description":"Audi-Klaus Vw Bus\/T2\/T3\/Golf\/Jetta\/Scirocco\/1\/2\/K\u00e4fer\/Iltis\/LT\/1\/Passat\/B1\/B2\/Polo\/2\/Typ 181 Z\u00fcndanlassschalter NOS 111905865L Vw Bus\/T2\/T3\/Golf\/Jetta\/Scirocco\/1\/2\/K\u00e4fer\/Iltis\/LT\/1\/Passat\/B1\/B2\/Polo\/2\/Typ 181 Z\u00fcndanlassschalter NOS 111905865L","breadcrumb":{"@id":"https:\/\/audi-klaus.at\/shop\/produkt\/vw-bus-t2-t3-golf-jetta-scirocco-1-2-kaefer-iltis-lt-1-passat-b1-b2-polo-2-typ-181-zuendanlassschalter-nos-111905865l\/#breadcrumb"},"inLanguage":"de-AT","potentialAction":[{"@type":"ReadAction","target":["https:\/\/audi-klaus.at\/shop\/produkt\/vw-bus-t2-t3-golf-jetta-scirocco-1-2-kaefer-iltis-lt-1-passat-b1-b2-polo-2-typ-181-zuendanlassschalter-nos-111905865l\/"]}]},{"@type":"ImageObject","inLanguage":"de-AT","@id":"https:\/\/audi-klaus.at\/shop\/produkt\/vw-bus-t2-t3-golf-jetta-scirocco-1-2-kaefer-iltis-lt-1-passat-b1-b2-polo-2-typ-181-zuendanlassschalter-nos-111905865l\/#primaryimage","url":"https:\/\/audi-klaus.at\/shop\/wp-content\/uploads\/2023\/07\/S431-2.jpg","contentUrl":"https:\/\/audi-klaus.at\/shop\/wp-content\/uploads\/2023\/07\/S431-2.jpg","width":480,"height":480},{"@type":"BreadcrumbList","@id":"https:\/\/audi-klaus.at\/shop\/produkt\/vw-bus-t2-t3-golf-jetta-scirocco-1-2-kaefer-iltis-lt-1-passat-b1-b2-polo-2-typ-181-zuendanlassschalter-nos-111905865l\/#breadcrumb","itemListElement":[{"@type":"ListItem","position":1,"name":"Startseite","item":"https:\/\/audi-klaus.at\/shop\/"},{"@type":"ListItem","position":2,"name":"Shop","item":"https:\/\/audi-klaus.at\/shop\/"},{"@type":"ListItem","position":3,"name":"Vw Bus\/T2\/T3\/Golf\/Jetta\/Scirocco\/1\/2\/K\u00e4fer\/Iltis\/LT\/1\/Passat\/B1\/B2\/Polo\/2\/Typ 181 Z\u00fcndanlassschalter NOS 111905865L"}]},{"@type":"WebSite","@id":"https:\/\/audi-klaus.at\/shop\/#website","url":"https:\/\/audi-klaus.at\/shop\/","name":"Audi-Klaus","description":"Ihr Gebrauchtteile Spezialist f\u00fcr die Marken Audi, VW (VAG)","publisher":{"@id":"https:\/\/audi-klaus.at\/shop\/#organization"},"potentialAction":[{"@type":"SearchAction","target":{"@type":"EntryPoint","urlTemplate":"https:\/\/audi-klaus.at\/shop\/?s={search_term_string}"},"query-input":{"@type":"PropertyValueSpecification","valueRequired":true,"valueName":"search_term_string"}}],"inLanguage":"de-AT"},{"@type":"Organization","@id":"https:\/\/audi-klaus.at\/shop\/#organization","name":"Audi-Klaus","url":"https:\/\/audi-klaus.at\/shop\/","logo":{"@type":"ImageObject","inLanguage":"de-AT","@id":"https:\/\/audi-klaus.at\/shop\/#\/schema\/logo\/image\/","url":"https:\/\/audi-klaus.at\/shop\/wp-content\/uploads\/2024\/10\/Logo-Shop.webp","contentUrl":"https:\/\/audi-klaus.at\/shop\/wp-content\/uploads\/2024\/10\/Logo-Shop.webp","width":470,"height":164,"caption":"Audi-Klaus"},"image":{"@id":"https:\/\/audi-klaus.at\/shop\/#\/schema\/logo\/image\/"},"sameAs":["https:\/\/www.facebook.com\/audi.klaus.1312\/","https:\/\/www.instagram.com\/audi_klaus\/?igshid=1eca3qu2mdayg"]}]}},"_links":{"self":[{"href":"https:\/\/audi-klaus.at\/shop\/wp-json\/wp\/v2\/product\/62013","targetHints":{"allow":["GET"]}}],"collection":[{"href":"https:\/\/audi-klaus.at\/shop\/wp-json\/wp\/v2\/product"}],"about":[{"href":"https:\/\/audi-klaus.at\/shop\/wp-json\/wp\/v2\/types\/product"}],"wp:featuredmedia":[{"embeddable":true,"href":"https:\/\/audi-klaus.at\/shop\/wp-json\/wp\/v2\/media\/61998"}],"wp:attachment":[{"href":"https:\/\/audi-klaus.at\/shop\/wp-json\/wp\/v2\/media?parent=62013"}],"wp:term":[{"taxonomy":"product_brand","embeddable":true,"href":"https:\/\/audi-klaus.at\/shop\/wp-json\/wp\/v2\/product_brand?post=62013"},{"taxonomy":"product_cat","embeddable":true,"href":"https:\/\/audi-klaus.at\/shop\/wp-json\/wp\/v2\/product_cat?post=62013"},{"taxonomy":"product_tag","embeddable":true,"href":"https:\/\/audi-klaus.at\/shop\/wp-json\/wp\/v2\/product_tag?post=62013"}],"curies":[{"name":"wp","href":"https:\/\/api.w.org\/{rel}","templated":true}]}}