{"id":56512,"date":"2023-03-15T14:36:53","date_gmt":"2023-03-15T13:36:53","guid":{"rendered":"https:\/\/audi-klaus.at\/shop\/?post_type=product&#038;p=56512"},"modified":"2026-01-07T21:56:17","modified_gmt":"2026-01-07T20:56:17","slug":"audi-80-b2-vw-passat-santana-32b-stoff-fuer-rahmenunterteil-oberteil-schiebedach-nos-321877289-2va-321877299-2va","status":"publish","type":"product","link":"https:\/\/audi-klaus.at\/shop\/produkt\/audi-80-b2-vw-passat-santana-32b-stoff-fuer-rahmenunterteil-oberteil-schiebedach-nos-321877289-2va-321877299-2va\/","title":{"rendered":"Audi\/80\/B2\/Vw Passat\/Santana\/32B Stoff f\u00fcr Rahmenunterteil\/Oberteil Schiebedach NOS 321877289 2VA\/321877299 2VA"},"content":{"rendered":"<h5 class=\"western\"><span style=\"color: #060606\"><span style=\"font-family: Verdana, serif\"><span style=\"font-size: small\"><b>VAG Teilenummer<\/b><\/span><\/span><\/span><span style=\"color: #060606\"><span style=\"font-family: Verdana, serif\"><span style=\"font-size: small\">: 321 877 289 2VA, 321 877 299 2VA<\/span><\/span><\/span><\/h5>\n<h5 class=\"western\"><span style=\"color: #060606\"><span style=\"font-family: Verdana, serif\"><span style=\"font-size: small\"><b>Zustand: <\/b><\/span><\/span><\/span><span style=\"color: #060606\"><span style=\"font-family: Verdana, serif\"><span style=\"font-size: small\"><span lang=\"de-DE\">NEU<\/span><\/span><\/span><\/span><\/h5>\n<h5 class=\"western\"><span style=\"color: #060606\"><span style=\"font-family: Verdana, serif\"><span style=\"font-size: small\"><b>Lieferumfang:<\/b><\/span><\/span><\/span><span style=\"color: #060606\"><span style=\"font-family: Verdana, serif\"><span style=\"font-size: small\">\u00a0wie in den Original-Abbildungen angegeben<\/span><\/span><\/span><\/h5>\n<h5 class=\"western\"><span style=\"color: #060606\"><span style=\"font-family: Verdana, serif\"><span style=\"font-size: small\"><b>Hinweis:<\/b><\/span><\/span><\/span><span style=\"color: #060606\"><span style=\"font-family: Verdana, serif\"><span style=\"font-size: small\">\u00a0Bitte \u00fcberpr\u00fcfen Sie vor dem Kauf anhand der eindeutigen Teilenummern, ob der Artikel zum Fahrzeug passt, um R\u00fccksendungen zu vermeiden! Trotz Angabe der entsprechenden Fahrzeugdaten ist eine eindeutige Zuordnung nur \u00fcber die Teilenummer m\u00f6glich! Die abgelesene Teilenummer ist die Teilenummer des Teils, welches geliefert wird. Die Originalteilnummer ist diejenige, die bei Neubestellung f\u00fcr dieses Teil gilt und der m\u00f6glicherweise abweichenden, gelieferten Teilenummer entspricht. <\/span><\/span><\/span><\/h5>\n<h5 class=\"western\"><span style=\"color: #060606\"><span style=\"font-family: Verdana, serif\"><span style=\"font-size: small\"><span lang=\"de-DE\">Neu<\/span><\/span><\/span><\/span><span style=\"color: #060606\"><span style=\"font-family: Verdana, serif\"><span style=\"font-size: small\"> mit Gebrauchsspuren in Form von Verunreinigungen\/ kleinen Kratzern m\u00f6glich. Die Ware wird ungereinigt geliefert.<\/span><\/span><\/span><\/h5>\n<h5 class=\"western\"><span style=\"color: #060606\"><span style=\"font-family: Verdana, serif\"><span style=\"font-size: small\">Sollten weitere Fragen offen sein, kontaktieren Sie uns bitte unter\u00a0<\/span><\/span><\/span><a href=\"mailto:office@audi-klaus.at\"><span style=\"color: #0000ff\"><span style=\"font-family: Verdana, serif\"><span style=\"font-size: small\"><u>office@audi-klaus.at<\/u><\/span><\/span><\/span><\/a><\/h5>\n","protected":false},"excerpt":{"rendered":"<p class=\"western\"><strong><span style=\"color: #000000\"><span style=\"font-family: Source Sans Pro, serif\"><span style=\"font-size: x-large\">Marke: Audi\/Vw<br \/>\nModell: 80\/Passat\/Santana<br \/>\nTyp: B2\/32B<\/span><\/span><\/span><\/strong><\/p>\n","protected":false},"featured_media":56530,"template":"","meta":[],"product_brand":[],"product_cat":[80,213,1164,1176,1177,1230,1238,1640,1720,32,78],"product_tag":[19245,19246,19244],"class_list":{"0":"post-56512","1":"product","2":"type-product","3":"status-publish","4":"has-post-thumbnail","6":"product_cat-b2-typ81-85-78","7":"product_cat-innenraum-b2-78","8":"product_cat-vw","9":"product_cat-passat","10":"product_cat-santana","11":"product_cat-b2-32b-1980-1988","12":"product_cat-b2-1981","13":"product_cat-innenraum-b2-32b-1980-1988","14":"product_cat-innenraum-b2-1981","15":"product_cat-audi","16":"product_cat-78","17":"product_tag-321877299-2va","18":"product_tag-ia2575","19":"product_tag-321877289-2va","21":"first","22":"instock","23":"taxable","24":"shipping-taxable","25":"purchasable","26":"product-type-simple"},"yoast_head":"<!-- This site is optimized with the Yoast SEO plugin v27.4 - https:\/\/yoast.com\/product\/yoast-seo-wordpress\/ -->\n<title>Audi\/80\/B2\/Vw Passat\/Santana\/32B Stoff f\u00fcr Rahmenunterteil\/Oberteil Schiebedach NOS 321877289 2VA\/321877299 2VA - Audi-Klaus<\/title>\n<meta name=\"description\" content=\"Audi-Klaus Audi\/80\/B2\/Vw Passat\/Santana\/32B Stoff f\u00fcr Rahmenunterteil\/Oberteil Schiebedach NOS 321877289 2VA\/321877299 2VA Audi\/80\/B2\/Vw Passat\/Santana\/32B Stoff f\u00fcr Rahmenunterteil\/Oberteil Schiebedach NOS 321877289 2VA\/321877299 2VA\" \/>\n<meta name=\"robots\" content=\"index, follow, max-snippet:-1, max-image-preview:large, max-video-preview:-1\" \/>\n<link rel=\"canonical\" href=\"https:\/\/audi-klaus.at\/shop\/produkt\/audi-80-b2-vw-passat-santana-32b-stoff-fuer-rahmenunterteil-oberteil-schiebedach-nos-321877289-2va-321877299-2va\/\" \/>\n<meta property=\"og:locale\" content=\"de_DE\" \/>\n<meta property=\"og:type\" content=\"article\" \/>\n<meta property=\"og:title\" content=\"Audi\/80\/B2\/Vw Passat\/Santana\/32B Stoff f\u00fcr Rahmenunterteil\/Oberteil Schiebedach NOS 321877289 2VA\/321877299 2VA - Audi-Klaus\" \/>\n<meta property=\"og:description\" content=\"Audi-Klaus Audi\/80\/B2\/Vw Passat\/Santana\/32B Stoff f\u00fcr Rahmenunterteil\/Oberteil Schiebedach NOS 321877289 2VA\/321877299 2VA Audi\/80\/B2\/Vw Passat\/Santana\/32B Stoff f\u00fcr Rahmenunterteil\/Oberteil Schiebedach NOS 321877289 2VA\/321877299 2VA\" \/>\n<meta property=\"og:url\" content=\"https:\/\/audi-klaus.at\/shop\/produkt\/audi-80-b2-vw-passat-santana-32b-stoff-fuer-rahmenunterteil-oberteil-schiebedach-nos-321877289-2va-321877299-2va\/\" \/>\n<meta property=\"og:site_name\" content=\"Audi-Klaus\" \/>\n<meta property=\"article:publisher\" content=\"https:\/\/www.facebook.com\/audi.klaus.1312\/\" \/>\n<meta property=\"article:modified_time\" content=\"2026-01-07T20:56:17+00:00\" \/>\n<meta property=\"og:image\" content=\"https:\/\/audi-klaus.at\/shop\/wp-content\/uploads\/2023\/03\/IA2575-2.jpg\" \/>\n\t<meta property=\"og:image:width\" content=\"480\" \/>\n\t<meta property=\"og:image:height\" content=\"480\" \/>\n\t<meta property=\"og:image:type\" content=\"image\/jpeg\" \/>\n<meta name=\"twitter:card\" content=\"summary_large_image\" \/>\n<meta name=\"twitter:label1\" content=\"Gesch\u00e4tzte Lesezeit\" \/>\n\t<meta name=\"twitter:data1\" content=\"1 Minute\" \/>\n<script type=\"application\/ld+json\" class=\"yoast-schema-graph\">{\"@context\":\"https:\\\/\\\/schema.org\",\"@graph\":[{\"@type\":\"WebPage\",\"@id\":\"https:\\\/\\\/audi-klaus.at\\\/shop\\\/produkt\\\/audi-80-b2-vw-passat-santana-32b-stoff-fuer-rahmenunterteil-oberteil-schiebedach-nos-321877289-2va-321877299-2va\\\/\",\"url\":\"https:\\\/\\\/audi-klaus.at\\\/shop\\\/produkt\\\/audi-80-b2-vw-passat-santana-32b-stoff-fuer-rahmenunterteil-oberteil-schiebedach-nos-321877289-2va-321877299-2va\\\/\",\"name\":\"Audi\\\/80\\\/B2\\\/Vw Passat\\\/Santana\\\/32B Stoff f\u00fcr Rahmenunterteil\\\/Oberteil Schiebedach NOS 321877289 2VA\\\/321877299 2VA - Audi-Klaus\",\"isPartOf\":{\"@id\":\"https:\\\/\\\/audi-klaus.at\\\/shop\\\/#website\"},\"primaryImageOfPage\":{\"@id\":\"https:\\\/\\\/audi-klaus.at\\\/shop\\\/produkt\\\/audi-80-b2-vw-passat-santana-32b-stoff-fuer-rahmenunterteil-oberteil-schiebedach-nos-321877289-2va-321877299-2va\\\/#primaryimage\"},\"image\":{\"@id\":\"https:\\\/\\\/audi-klaus.at\\\/shop\\\/produkt\\\/audi-80-b2-vw-passat-santana-32b-stoff-fuer-rahmenunterteil-oberteil-schiebedach-nos-321877289-2va-321877299-2va\\\/#primaryimage\"},\"thumbnailUrl\":\"https:\\\/\\\/audi-klaus.at\\\/shop\\\/wp-content\\\/uploads\\\/2023\\\/03\\\/IA2575-2.jpg\",\"datePublished\":\"2023-03-15T13:36:53+00:00\",\"dateModified\":\"2026-01-07T20:56:17+00:00\",\"description\":\"Audi-Klaus Audi\\\/80\\\/B2\\\/Vw Passat\\\/Santana\\\/32B Stoff f\u00fcr Rahmenunterteil\\\/Oberteil Schiebedach NOS 321877289 2VA\\\/321877299 2VA Audi\\\/80\\\/B2\\\/Vw Passat\\\/Santana\\\/32B Stoff f\u00fcr Rahmenunterteil\\\/Oberteil Schiebedach NOS 321877289 2VA\\\/321877299 2VA\",\"breadcrumb\":{\"@id\":\"https:\\\/\\\/audi-klaus.at\\\/shop\\\/produkt\\\/audi-80-b2-vw-passat-santana-32b-stoff-fuer-rahmenunterteil-oberteil-schiebedach-nos-321877289-2va-321877299-2va\\\/#breadcrumb\"},\"inLanguage\":\"de-AT\",\"potentialAction\":[{\"@type\":\"ReadAction\",\"target\":[\"https:\\\/\\\/audi-klaus.at\\\/shop\\\/produkt\\\/audi-80-b2-vw-passat-santana-32b-stoff-fuer-rahmenunterteil-oberteil-schiebedach-nos-321877289-2va-321877299-2va\\\/\"]}]},{\"@type\":\"ImageObject\",\"inLanguage\":\"de-AT\",\"@id\":\"https:\\\/\\\/audi-klaus.at\\\/shop\\\/produkt\\\/audi-80-b2-vw-passat-santana-32b-stoff-fuer-rahmenunterteil-oberteil-schiebedach-nos-321877289-2va-321877299-2va\\\/#primaryimage\",\"url\":\"https:\\\/\\\/audi-klaus.at\\\/shop\\\/wp-content\\\/uploads\\\/2023\\\/03\\\/IA2575-2.jpg\",\"contentUrl\":\"https:\\\/\\\/audi-klaus.at\\\/shop\\\/wp-content\\\/uploads\\\/2023\\\/03\\\/IA2575-2.jpg\",\"width\":480,\"height\":480},{\"@type\":\"BreadcrumbList\",\"@id\":\"https:\\\/\\\/audi-klaus.at\\\/shop\\\/produkt\\\/audi-80-b2-vw-passat-santana-32b-stoff-fuer-rahmenunterteil-oberteil-schiebedach-nos-321877289-2va-321877299-2va\\\/#breadcrumb\",\"itemListElement\":[{\"@type\":\"ListItem\",\"position\":1,\"name\":\"Startseite\",\"item\":\"https:\\\/\\\/audi-klaus.at\\\/shop\\\/\"},{\"@type\":\"ListItem\",\"position\":2,\"name\":\"Shop\",\"item\":\"https:\\\/\\\/audi-klaus.at\\\/shop\\\/\"},{\"@type\":\"ListItem\",\"position\":3,\"name\":\"Audi\\\/80\\\/B2\\\/Vw Passat\\\/Santana\\\/32B Stoff f\u00fcr Rahmenunterteil\\\/Oberteil Schiebedach NOS 321877289 2VA\\\/321877299 2VA\"}]},{\"@type\":\"WebSite\",\"@id\":\"https:\\\/\\\/audi-klaus.at\\\/shop\\\/#website\",\"url\":\"https:\\\/\\\/audi-klaus.at\\\/shop\\\/\",\"name\":\"Audi-Klaus\",\"description\":\"Ihr Gebrauchtteile Spezialist f\u00fcr die Marken Audi, VW (VAG)\",\"publisher\":{\"@id\":\"https:\\\/\\\/audi-klaus.at\\\/shop\\\/#organization\"},\"potentialAction\":[{\"@type\":\"SearchAction\",\"target\":{\"@type\":\"EntryPoint\",\"urlTemplate\":\"https:\\\/\\\/audi-klaus.at\\\/shop\\\/?s={search_term_string}\"},\"query-input\":{\"@type\":\"PropertyValueSpecification\",\"valueRequired\":true,\"valueName\":\"search_term_string\"}}],\"inLanguage\":\"de-AT\"},{\"@type\":\"Organization\",\"@id\":\"https:\\\/\\\/audi-klaus.at\\\/shop\\\/#organization\",\"name\":\"Audi-Klaus\",\"url\":\"https:\\\/\\\/audi-klaus.at\\\/shop\\\/\",\"logo\":{\"@type\":\"ImageObject\",\"inLanguage\":\"de-AT\",\"@id\":\"https:\\\/\\\/audi-klaus.at\\\/shop\\\/#\\\/schema\\\/logo\\\/image\\\/\",\"url\":\"https:\\\/\\\/audi-klaus.at\\\/shop\\\/wp-content\\\/uploads\\\/2024\\\/10\\\/Logo-Shop.webp\",\"contentUrl\":\"https:\\\/\\\/audi-klaus.at\\\/shop\\\/wp-content\\\/uploads\\\/2024\\\/10\\\/Logo-Shop.webp\",\"width\":470,\"height\":164,\"caption\":\"Audi-Klaus\"},\"image\":{\"@id\":\"https:\\\/\\\/audi-klaus.at\\\/shop\\\/#\\\/schema\\\/logo\\\/image\\\/\"},\"sameAs\":[\"https:\\\/\\\/www.facebook.com\\\/audi.klaus.1312\\\/\",\"https:\\\/\\\/www.instagram.com\\\/audi_klaus\\\/?igshid=1eca3qu2mdayg\"]}]}<\/script>\n<!-- \/ Yoast SEO plugin. -->","yoast_head_json":{"title":"Audi\/80\/B2\/Vw Passat\/Santana\/32B Stoff f\u00fcr Rahmenunterteil\/Oberteil Schiebedach NOS 321877289 2VA\/321877299 2VA - Audi-Klaus","description":"Audi-Klaus Audi\/80\/B2\/Vw Passat\/Santana\/32B Stoff f\u00fcr Rahmenunterteil\/Oberteil Schiebedach NOS 321877289 2VA\/321877299 2VA Audi\/80\/B2\/Vw Passat\/Santana\/32B Stoff f\u00fcr Rahmenunterteil\/Oberteil Schiebedach NOS 321877289 2VA\/321877299 2VA","robots":{"index":"index","follow":"follow","max-snippet":"max-snippet:-1","max-image-preview":"max-image-preview:large","max-video-preview":"max-video-preview:-1"},"canonical":"https:\/\/audi-klaus.at\/shop\/produkt\/audi-80-b2-vw-passat-santana-32b-stoff-fuer-rahmenunterteil-oberteil-schiebedach-nos-321877289-2va-321877299-2va\/","og_locale":"de_DE","og_type":"article","og_title":"Audi\/80\/B2\/Vw Passat\/Santana\/32B Stoff f\u00fcr Rahmenunterteil\/Oberteil Schiebedach NOS 321877289 2VA\/321877299 2VA - Audi-Klaus","og_description":"Audi-Klaus Audi\/80\/B2\/Vw Passat\/Santana\/32B Stoff f\u00fcr Rahmenunterteil\/Oberteil Schiebedach NOS 321877289 2VA\/321877299 2VA Audi\/80\/B2\/Vw Passat\/Santana\/32B Stoff f\u00fcr Rahmenunterteil\/Oberteil Schiebedach NOS 321877289 2VA\/321877299 2VA","og_url":"https:\/\/audi-klaus.at\/shop\/produkt\/audi-80-b2-vw-passat-santana-32b-stoff-fuer-rahmenunterteil-oberteil-schiebedach-nos-321877289-2va-321877299-2va\/","og_site_name":"Audi-Klaus","article_publisher":"https:\/\/www.facebook.com\/audi.klaus.1312\/","article_modified_time":"2026-01-07T20:56:17+00:00","og_image":[{"width":480,"height":480,"url":"https:\/\/audi-klaus.at\/shop\/wp-content\/uploads\/2023\/03\/IA2575-2.jpg","type":"image\/jpeg"}],"twitter_card":"summary_large_image","twitter_misc":{"Gesch\u00e4tzte Lesezeit":"1 Minute"},"schema":{"@context":"https:\/\/schema.org","@graph":[{"@type":"WebPage","@id":"https:\/\/audi-klaus.at\/shop\/produkt\/audi-80-b2-vw-passat-santana-32b-stoff-fuer-rahmenunterteil-oberteil-schiebedach-nos-321877289-2va-321877299-2va\/","url":"https:\/\/audi-klaus.at\/shop\/produkt\/audi-80-b2-vw-passat-santana-32b-stoff-fuer-rahmenunterteil-oberteil-schiebedach-nos-321877289-2va-321877299-2va\/","name":"Audi\/80\/B2\/Vw Passat\/Santana\/32B Stoff f\u00fcr Rahmenunterteil\/Oberteil Schiebedach NOS 321877289 2VA\/321877299 2VA - Audi-Klaus","isPartOf":{"@id":"https:\/\/audi-klaus.at\/shop\/#website"},"primaryImageOfPage":{"@id":"https:\/\/audi-klaus.at\/shop\/produkt\/audi-80-b2-vw-passat-santana-32b-stoff-fuer-rahmenunterteil-oberteil-schiebedach-nos-321877289-2va-321877299-2va\/#primaryimage"},"image":{"@id":"https:\/\/audi-klaus.at\/shop\/produkt\/audi-80-b2-vw-passat-santana-32b-stoff-fuer-rahmenunterteil-oberteil-schiebedach-nos-321877289-2va-321877299-2va\/#primaryimage"},"thumbnailUrl":"https:\/\/audi-klaus.at\/shop\/wp-content\/uploads\/2023\/03\/IA2575-2.jpg","datePublished":"2023-03-15T13:36:53+00:00","dateModified":"2026-01-07T20:56:17+00:00","description":"Audi-Klaus Audi\/80\/B2\/Vw Passat\/Santana\/32B Stoff f\u00fcr Rahmenunterteil\/Oberteil Schiebedach NOS 321877289 2VA\/321877299 2VA Audi\/80\/B2\/Vw Passat\/Santana\/32B Stoff f\u00fcr Rahmenunterteil\/Oberteil Schiebedach NOS 321877289 2VA\/321877299 2VA","breadcrumb":{"@id":"https:\/\/audi-klaus.at\/shop\/produkt\/audi-80-b2-vw-passat-santana-32b-stoff-fuer-rahmenunterteil-oberteil-schiebedach-nos-321877289-2va-321877299-2va\/#breadcrumb"},"inLanguage":"de-AT","potentialAction":[{"@type":"ReadAction","target":["https:\/\/audi-klaus.at\/shop\/produkt\/audi-80-b2-vw-passat-santana-32b-stoff-fuer-rahmenunterteil-oberteil-schiebedach-nos-321877289-2va-321877299-2va\/"]}]},{"@type":"ImageObject","inLanguage":"de-AT","@id":"https:\/\/audi-klaus.at\/shop\/produkt\/audi-80-b2-vw-passat-santana-32b-stoff-fuer-rahmenunterteil-oberteil-schiebedach-nos-321877289-2va-321877299-2va\/#primaryimage","url":"https:\/\/audi-klaus.at\/shop\/wp-content\/uploads\/2023\/03\/IA2575-2.jpg","contentUrl":"https:\/\/audi-klaus.at\/shop\/wp-content\/uploads\/2023\/03\/IA2575-2.jpg","width":480,"height":480},{"@type":"BreadcrumbList","@id":"https:\/\/audi-klaus.at\/shop\/produkt\/audi-80-b2-vw-passat-santana-32b-stoff-fuer-rahmenunterteil-oberteil-schiebedach-nos-321877289-2va-321877299-2va\/#breadcrumb","itemListElement":[{"@type":"ListItem","position":1,"name":"Startseite","item":"https:\/\/audi-klaus.at\/shop\/"},{"@type":"ListItem","position":2,"name":"Shop","item":"https:\/\/audi-klaus.at\/shop\/"},{"@type":"ListItem","position":3,"name":"Audi\/80\/B2\/Vw Passat\/Santana\/32B Stoff f\u00fcr Rahmenunterteil\/Oberteil Schiebedach NOS 321877289 2VA\/321877299 2VA"}]},{"@type":"WebSite","@id":"https:\/\/audi-klaus.at\/shop\/#website","url":"https:\/\/audi-klaus.at\/shop\/","name":"Audi-Klaus","description":"Ihr Gebrauchtteile Spezialist f\u00fcr die Marken Audi, VW (VAG)","publisher":{"@id":"https:\/\/audi-klaus.at\/shop\/#organization"},"potentialAction":[{"@type":"SearchAction","target":{"@type":"EntryPoint","urlTemplate":"https:\/\/audi-klaus.at\/shop\/?s={search_term_string}"},"query-input":{"@type":"PropertyValueSpecification","valueRequired":true,"valueName":"search_term_string"}}],"inLanguage":"de-AT"},{"@type":"Organization","@id":"https:\/\/audi-klaus.at\/shop\/#organization","name":"Audi-Klaus","url":"https:\/\/audi-klaus.at\/shop\/","logo":{"@type":"ImageObject","inLanguage":"de-AT","@id":"https:\/\/audi-klaus.at\/shop\/#\/schema\/logo\/image\/","url":"https:\/\/audi-klaus.at\/shop\/wp-content\/uploads\/2024\/10\/Logo-Shop.webp","contentUrl":"https:\/\/audi-klaus.at\/shop\/wp-content\/uploads\/2024\/10\/Logo-Shop.webp","width":470,"height":164,"caption":"Audi-Klaus"},"image":{"@id":"https:\/\/audi-klaus.at\/shop\/#\/schema\/logo\/image\/"},"sameAs":["https:\/\/www.facebook.com\/audi.klaus.1312\/","https:\/\/www.instagram.com\/audi_klaus\/?igshid=1eca3qu2mdayg"]}]}},"_links":{"self":[{"href":"https:\/\/audi-klaus.at\/shop\/wp-json\/wp\/v2\/product\/56512","targetHints":{"allow":["GET"]}}],"collection":[{"href":"https:\/\/audi-klaus.at\/shop\/wp-json\/wp\/v2\/product"}],"about":[{"href":"https:\/\/audi-klaus.at\/shop\/wp-json\/wp\/v2\/types\/product"}],"wp:featuredmedia":[{"embeddable":true,"href":"https:\/\/audi-klaus.at\/shop\/wp-json\/wp\/v2\/media\/56530"}],"wp:attachment":[{"href":"https:\/\/audi-klaus.at\/shop\/wp-json\/wp\/v2\/media?parent=56512"}],"wp:term":[{"taxonomy":"product_brand","embeddable":true,"href":"https:\/\/audi-klaus.at\/shop\/wp-json\/wp\/v2\/product_brand?post=56512"},{"taxonomy":"product_cat","embeddable":true,"href":"https:\/\/audi-klaus.at\/shop\/wp-json\/wp\/v2\/product_cat?post=56512"},{"taxonomy":"product_tag","embeddable":true,"href":"https:\/\/audi-klaus.at\/shop\/wp-json\/wp\/v2\/product_tag?post=56512"}],"curies":[{"name":"wp","href":"https:\/\/api.w.org\/{rel}","templated":true}]}}