{"id":47487,"date":"2022-08-24T12:44:41","date_gmt":"2022-08-24T10:44:41","guid":{"rendered":"https:\/\/audi-klaus.at\/shop\/?post_type=product&#038;p=47487"},"modified":"2026-01-07T21:53:04","modified_gmt":"2026-01-07T20:53:04","slug":"vw-bus-t4-schaltsack-schwarz-nos-neu-705711115","status":"publish","type":"product","link":"https:\/\/audi-klaus.at\/shop\/produkt\/vw-bus-t4-schaltsack-schwarz-nos-neu-705711115\/","title":{"rendered":"Vw Bus\/T4 Schaltsack schwarz NOS NEU 705711115"},"content":{"rendered":"<p><strong><span style=\"color: #000000\"><span style=\"font-family: Source Sans Pro, sans-serif\"><span style=\"font-size: medium\"><b>VAG Teilenummer<\/b><\/span><\/span><\/span><\/strong><span style=\"color: #000000\"><span style=\"font-family: Source Sans Pro, sans-serif\"><span style=\"font-size: medium\"><b>:<\/b><\/span><\/span><\/span> 705 711 115<span style=\"font-family: Source Sans Pro, sans-serif\"><span style=\"font-size: medium\"><br \/>\n<\/span><\/span><strong><span style=\"color: #000000\"><span style=\"font-family: Source Sans Pro, sans-serif\"><span style=\"font-size: medium\"><b>Zustand:<\/b><\/span><\/span><\/span><\/strong><span style=\"color: #000000\"><span style=\"font-family: Source Sans Pro, sans-serif\"><span style=\"font-size: medium\"> Neu<\/span><\/span><\/span><span style=\"font-family: Source Sans Pro, sans-serif\"><span style=\"font-size: medium\"><br \/>\n<\/span><\/span><strong><span style=\"color: #000000\"><span style=\"font-family: Source Sans Pro, sans-serif\"><span style=\"font-size: medium\"><b>Lieferumfang:<\/b><\/span><\/span><\/span><\/strong> <span style=\"color: #000000\"><span style=\"font-family: Source Sans Pro, sans-serif\"><span style=\"font-size: medium\">wie in den Original-Abbildungen angegeben<\/span><\/span><\/span><span style=\"font-family: Source Sans Pro, sans-serif\"><span style=\"font-size: medium\"><br \/>\n<\/span><\/span><span style=\"color: #000000\"><span style=\"font-family: Source Sans Pro, sans-serif\"><span style=\"font-size: medium\">Hinweis: Bitte \u00fcberpr\u00fcfen Sie vor dem Kauf anhand der eindeutigen Teilenummern, ob der Artikel zum Fahrzeug passt, um R\u00fccksendungen zu vermeiden! Trotz Angabe der entsprechenden Fahrzeugdaten ist eine eindeutige Zuordnung nur \u00fcber die Teilenummer m\u00f6glich! Die abgelesene Teilenummer ist die Teilenummer des Teils, welches geliefert wird. Die Originalteilnummer ist diejenige, die bei Neubestellung f\u00fcr dieses Teil gilt und der m\u00f6glicherweise abweichenden, gelieferten Teilenummer entspricht. Sollten weitere Fragen offen sein, kontaktieren Sie uns bitte unter <\/span><\/span><\/span><a href=\"mailto:office@audi-klaus.at\"><span style=\"font-family: Source Sans Pro, sans-serif\"><span style=\"font-size: medium\">office@audi-klaus.at<\/span><\/span><\/a><\/p>\n","protected":false},"excerpt":{"rendered":"<p><strong><span style=\"color: #000000\"><span style=\"font-family: Source Sans Pro, sans-serif\"><span style=\"font-size: x-large\">Marke: Vw<br \/>\nModell: Bus<br \/>\nTyp: T4<\/span><\/span><\/span><\/strong><\/p>\n","protected":false},"featured_media":47423,"template":"","meta":[],"product_brand":[],"product_cat":[1164,1186,1256,1911],"product_tag":[15118,15119],"class_list":{"0":"post-47487","1":"product","2":"type-product","3":"status-publish","4":"has-post-thumbnail","6":"product_cat-vw","7":"product_cat-bus","8":"product_cat-t4-7d-1990-2003","9":"product_cat-innenraum-t4-7d-1990-2003","10":"product_tag-15118","11":"product_tag-ia2234","13":"first","14":"outofstock","15":"taxable","16":"shipping-taxable","17":"purchasable","18":"product-type-simple"},"yoast_head":"<!-- This site is optimized with the Yoast SEO plugin v27.4 - https:\/\/yoast.com\/product\/yoast-seo-wordpress\/ -->\n<title>Vw Bus\/T4 Schaltsack schwarz NOS NEU 705711115 - Audi-Klaus<\/title>\n<meta name=\"description\" content=\"Audi-Klaus Vw Bus\/T4 Schaltsack schwarz NOS NEU 705711115 Vw Bus\/T4 Schaltsack schwarz NOS NEU 705711115\" \/>\n<meta name=\"robots\" content=\"index, follow, max-snippet:-1, max-image-preview:large, max-video-preview:-1\" \/>\n<link rel=\"canonical\" href=\"https:\/\/audi-klaus.at\/shop\/produkt\/vw-bus-t4-schaltsack-schwarz-nos-neu-705711115\/\" \/>\n<meta property=\"og:locale\" content=\"de_DE\" \/>\n<meta property=\"og:type\" content=\"article\" \/>\n<meta property=\"og:title\" content=\"Vw Bus\/T4 Schaltsack schwarz NOS NEU 705711115 - Audi-Klaus\" \/>\n<meta property=\"og:description\" content=\"Audi-Klaus Vw Bus\/T4 Schaltsack schwarz NOS NEU 705711115 Vw Bus\/T4 Schaltsack schwarz NOS NEU 705711115\" \/>\n<meta property=\"og:url\" content=\"https:\/\/audi-klaus.at\/shop\/produkt\/vw-bus-t4-schaltsack-schwarz-nos-neu-705711115\/\" \/>\n<meta property=\"og:site_name\" content=\"Audi-Klaus\" \/>\n<meta property=\"article:publisher\" content=\"https:\/\/www.facebook.com\/audi.klaus.1312\/\" \/>\n<meta property=\"article:modified_time\" content=\"2026-01-07T20:53:04+00:00\" \/>\n<meta property=\"og:image\" content=\"https:\/\/audi-klaus.at\/shop\/wp-content\/uploads\/2022\/08\/IA2234-2.jpg\" \/>\n\t<meta property=\"og:image:width\" content=\"418\" \/>\n\t<meta property=\"og:image:height\" content=\"418\" \/>\n\t<meta property=\"og:image:type\" content=\"image\/jpeg\" \/>\n<meta name=\"twitter:card\" content=\"summary_large_image\" \/>\n<meta name=\"twitter:label1\" content=\"Gesch\u00e4tzte Lesezeit\" \/>\n\t<meta name=\"twitter:data1\" content=\"1 Minute\" \/>\n<script type=\"application\/ld+json\" class=\"yoast-schema-graph\">{\"@context\":\"https:\\\/\\\/schema.org\",\"@graph\":[{\"@type\":\"WebPage\",\"@id\":\"https:\\\/\\\/audi-klaus.at\\\/shop\\\/produkt\\\/vw-bus-t4-schaltsack-schwarz-nos-neu-705711115\\\/\",\"url\":\"https:\\\/\\\/audi-klaus.at\\\/shop\\\/produkt\\\/vw-bus-t4-schaltsack-schwarz-nos-neu-705711115\\\/\",\"name\":\"Vw Bus\\\/T4 Schaltsack schwarz NOS NEU 705711115 - Audi-Klaus\",\"isPartOf\":{\"@id\":\"https:\\\/\\\/audi-klaus.at\\\/shop\\\/#website\"},\"primaryImageOfPage\":{\"@id\":\"https:\\\/\\\/audi-klaus.at\\\/shop\\\/produkt\\\/vw-bus-t4-schaltsack-schwarz-nos-neu-705711115\\\/#primaryimage\"},\"image\":{\"@id\":\"https:\\\/\\\/audi-klaus.at\\\/shop\\\/produkt\\\/vw-bus-t4-schaltsack-schwarz-nos-neu-705711115\\\/#primaryimage\"},\"thumbnailUrl\":\"https:\\\/\\\/audi-klaus.at\\\/shop\\\/wp-content\\\/uploads\\\/2022\\\/08\\\/IA2234-2.jpg\",\"datePublished\":\"2022-08-24T10:44:41+00:00\",\"dateModified\":\"2026-01-07T20:53:04+00:00\",\"description\":\"Audi-Klaus Vw Bus\\\/T4 Schaltsack schwarz NOS NEU 705711115 Vw Bus\\\/T4 Schaltsack schwarz NOS NEU 705711115\",\"breadcrumb\":{\"@id\":\"https:\\\/\\\/audi-klaus.at\\\/shop\\\/produkt\\\/vw-bus-t4-schaltsack-schwarz-nos-neu-705711115\\\/#breadcrumb\"},\"inLanguage\":\"de-AT\",\"potentialAction\":[{\"@type\":\"ReadAction\",\"target\":[\"https:\\\/\\\/audi-klaus.at\\\/shop\\\/produkt\\\/vw-bus-t4-schaltsack-schwarz-nos-neu-705711115\\\/\"]}]},{\"@type\":\"ImageObject\",\"inLanguage\":\"de-AT\",\"@id\":\"https:\\\/\\\/audi-klaus.at\\\/shop\\\/produkt\\\/vw-bus-t4-schaltsack-schwarz-nos-neu-705711115\\\/#primaryimage\",\"url\":\"https:\\\/\\\/audi-klaus.at\\\/shop\\\/wp-content\\\/uploads\\\/2022\\\/08\\\/IA2234-2.jpg\",\"contentUrl\":\"https:\\\/\\\/audi-klaus.at\\\/shop\\\/wp-content\\\/uploads\\\/2022\\\/08\\\/IA2234-2.jpg\",\"width\":418,\"height\":418},{\"@type\":\"BreadcrumbList\",\"@id\":\"https:\\\/\\\/audi-klaus.at\\\/shop\\\/produkt\\\/vw-bus-t4-schaltsack-schwarz-nos-neu-705711115\\\/#breadcrumb\",\"itemListElement\":[{\"@type\":\"ListItem\",\"position\":1,\"name\":\"Startseite\",\"item\":\"https:\\\/\\\/audi-klaus.at\\\/shop\\\/\"},{\"@type\":\"ListItem\",\"position\":2,\"name\":\"Shop\",\"item\":\"https:\\\/\\\/audi-klaus.at\\\/shop\\\/\"},{\"@type\":\"ListItem\",\"position\":3,\"name\":\"Vw Bus\\\/T4 Schaltsack schwarz NOS NEU 705711115\"}]},{\"@type\":\"WebSite\",\"@id\":\"https:\\\/\\\/audi-klaus.at\\\/shop\\\/#website\",\"url\":\"https:\\\/\\\/audi-klaus.at\\\/shop\\\/\",\"name\":\"Audi-Klaus\",\"description\":\"Ihr Gebrauchtteile Spezialist f\u00fcr die Marken Audi, VW (VAG)\",\"publisher\":{\"@id\":\"https:\\\/\\\/audi-klaus.at\\\/shop\\\/#organization\"},\"potentialAction\":[{\"@type\":\"SearchAction\",\"target\":{\"@type\":\"EntryPoint\",\"urlTemplate\":\"https:\\\/\\\/audi-klaus.at\\\/shop\\\/?s={search_term_string}\"},\"query-input\":{\"@type\":\"PropertyValueSpecification\",\"valueRequired\":true,\"valueName\":\"search_term_string\"}}],\"inLanguage\":\"de-AT\"},{\"@type\":\"Organization\",\"@id\":\"https:\\\/\\\/audi-klaus.at\\\/shop\\\/#organization\",\"name\":\"Audi-Klaus\",\"url\":\"https:\\\/\\\/audi-klaus.at\\\/shop\\\/\",\"logo\":{\"@type\":\"ImageObject\",\"inLanguage\":\"de-AT\",\"@id\":\"https:\\\/\\\/audi-klaus.at\\\/shop\\\/#\\\/schema\\\/logo\\\/image\\\/\",\"url\":\"https:\\\/\\\/audi-klaus.at\\\/shop\\\/wp-content\\\/uploads\\\/2024\\\/10\\\/Logo-Shop.webp\",\"contentUrl\":\"https:\\\/\\\/audi-klaus.at\\\/shop\\\/wp-content\\\/uploads\\\/2024\\\/10\\\/Logo-Shop.webp\",\"width\":470,\"height\":164,\"caption\":\"Audi-Klaus\"},\"image\":{\"@id\":\"https:\\\/\\\/audi-klaus.at\\\/shop\\\/#\\\/schema\\\/logo\\\/image\\\/\"},\"sameAs\":[\"https:\\\/\\\/www.facebook.com\\\/audi.klaus.1312\\\/\",\"https:\\\/\\\/www.instagram.com\\\/audi_klaus\\\/?igshid=1eca3qu2mdayg\"]}]}<\/script>\n<!-- \/ Yoast SEO plugin. -->","yoast_head_json":{"title":"Vw Bus\/T4 Schaltsack schwarz NOS NEU 705711115 - Audi-Klaus","description":"Audi-Klaus Vw Bus\/T4 Schaltsack schwarz NOS NEU 705711115 Vw Bus\/T4 Schaltsack schwarz NOS NEU 705711115","robots":{"index":"index","follow":"follow","max-snippet":"max-snippet:-1","max-image-preview":"max-image-preview:large","max-video-preview":"max-video-preview:-1"},"canonical":"https:\/\/audi-klaus.at\/shop\/produkt\/vw-bus-t4-schaltsack-schwarz-nos-neu-705711115\/","og_locale":"de_DE","og_type":"article","og_title":"Vw Bus\/T4 Schaltsack schwarz NOS NEU 705711115 - Audi-Klaus","og_description":"Audi-Klaus Vw Bus\/T4 Schaltsack schwarz NOS NEU 705711115 Vw Bus\/T4 Schaltsack schwarz NOS NEU 705711115","og_url":"https:\/\/audi-klaus.at\/shop\/produkt\/vw-bus-t4-schaltsack-schwarz-nos-neu-705711115\/","og_site_name":"Audi-Klaus","article_publisher":"https:\/\/www.facebook.com\/audi.klaus.1312\/","article_modified_time":"2026-01-07T20:53:04+00:00","og_image":[{"width":418,"height":418,"url":"https:\/\/audi-klaus.at\/shop\/wp-content\/uploads\/2022\/08\/IA2234-2.jpg","type":"image\/jpeg"}],"twitter_card":"summary_large_image","twitter_misc":{"Gesch\u00e4tzte Lesezeit":"1 Minute"},"schema":{"@context":"https:\/\/schema.org","@graph":[{"@type":"WebPage","@id":"https:\/\/audi-klaus.at\/shop\/produkt\/vw-bus-t4-schaltsack-schwarz-nos-neu-705711115\/","url":"https:\/\/audi-klaus.at\/shop\/produkt\/vw-bus-t4-schaltsack-schwarz-nos-neu-705711115\/","name":"Vw Bus\/T4 Schaltsack schwarz NOS NEU 705711115 - Audi-Klaus","isPartOf":{"@id":"https:\/\/audi-klaus.at\/shop\/#website"},"primaryImageOfPage":{"@id":"https:\/\/audi-klaus.at\/shop\/produkt\/vw-bus-t4-schaltsack-schwarz-nos-neu-705711115\/#primaryimage"},"image":{"@id":"https:\/\/audi-klaus.at\/shop\/produkt\/vw-bus-t4-schaltsack-schwarz-nos-neu-705711115\/#primaryimage"},"thumbnailUrl":"https:\/\/audi-klaus.at\/shop\/wp-content\/uploads\/2022\/08\/IA2234-2.jpg","datePublished":"2022-08-24T10:44:41+00:00","dateModified":"2026-01-07T20:53:04+00:00","description":"Audi-Klaus Vw Bus\/T4 Schaltsack schwarz NOS NEU 705711115 Vw Bus\/T4 Schaltsack schwarz NOS NEU 705711115","breadcrumb":{"@id":"https:\/\/audi-klaus.at\/shop\/produkt\/vw-bus-t4-schaltsack-schwarz-nos-neu-705711115\/#breadcrumb"},"inLanguage":"de-AT","potentialAction":[{"@type":"ReadAction","target":["https:\/\/audi-klaus.at\/shop\/produkt\/vw-bus-t4-schaltsack-schwarz-nos-neu-705711115\/"]}]},{"@type":"ImageObject","inLanguage":"de-AT","@id":"https:\/\/audi-klaus.at\/shop\/produkt\/vw-bus-t4-schaltsack-schwarz-nos-neu-705711115\/#primaryimage","url":"https:\/\/audi-klaus.at\/shop\/wp-content\/uploads\/2022\/08\/IA2234-2.jpg","contentUrl":"https:\/\/audi-klaus.at\/shop\/wp-content\/uploads\/2022\/08\/IA2234-2.jpg","width":418,"height":418},{"@type":"BreadcrumbList","@id":"https:\/\/audi-klaus.at\/shop\/produkt\/vw-bus-t4-schaltsack-schwarz-nos-neu-705711115\/#breadcrumb","itemListElement":[{"@type":"ListItem","position":1,"name":"Startseite","item":"https:\/\/audi-klaus.at\/shop\/"},{"@type":"ListItem","position":2,"name":"Shop","item":"https:\/\/audi-klaus.at\/shop\/"},{"@type":"ListItem","position":3,"name":"Vw Bus\/T4 Schaltsack schwarz NOS NEU 705711115"}]},{"@type":"WebSite","@id":"https:\/\/audi-klaus.at\/shop\/#website","url":"https:\/\/audi-klaus.at\/shop\/","name":"Audi-Klaus","description":"Ihr Gebrauchtteile Spezialist f\u00fcr die Marken Audi, VW (VAG)","publisher":{"@id":"https:\/\/audi-klaus.at\/shop\/#organization"},"potentialAction":[{"@type":"SearchAction","target":{"@type":"EntryPoint","urlTemplate":"https:\/\/audi-klaus.at\/shop\/?s={search_term_string}"},"query-input":{"@type":"PropertyValueSpecification","valueRequired":true,"valueName":"search_term_string"}}],"inLanguage":"de-AT"},{"@type":"Organization","@id":"https:\/\/audi-klaus.at\/shop\/#organization","name":"Audi-Klaus","url":"https:\/\/audi-klaus.at\/shop\/","logo":{"@type":"ImageObject","inLanguage":"de-AT","@id":"https:\/\/audi-klaus.at\/shop\/#\/schema\/logo\/image\/","url":"https:\/\/audi-klaus.at\/shop\/wp-content\/uploads\/2024\/10\/Logo-Shop.webp","contentUrl":"https:\/\/audi-klaus.at\/shop\/wp-content\/uploads\/2024\/10\/Logo-Shop.webp","width":470,"height":164,"caption":"Audi-Klaus"},"image":{"@id":"https:\/\/audi-klaus.at\/shop\/#\/schema\/logo\/image\/"},"sameAs":["https:\/\/www.facebook.com\/audi.klaus.1312\/","https:\/\/www.instagram.com\/audi_klaus\/?igshid=1eca3qu2mdayg"]}]}},"_links":{"self":[{"href":"https:\/\/audi-klaus.at\/shop\/wp-json\/wp\/v2\/product\/47487","targetHints":{"allow":["GET"]}}],"collection":[{"href":"https:\/\/audi-klaus.at\/shop\/wp-json\/wp\/v2\/product"}],"about":[{"href":"https:\/\/audi-klaus.at\/shop\/wp-json\/wp\/v2\/types\/product"}],"wp:featuredmedia":[{"embeddable":true,"href":"https:\/\/audi-klaus.at\/shop\/wp-json\/wp\/v2\/media\/47423"}],"wp:attachment":[{"href":"https:\/\/audi-klaus.at\/shop\/wp-json\/wp\/v2\/media?parent=47487"}],"wp:term":[{"taxonomy":"product_brand","embeddable":true,"href":"https:\/\/audi-klaus.at\/shop\/wp-json\/wp\/v2\/product_brand?post=47487"},{"taxonomy":"product_cat","embeddable":true,"href":"https:\/\/audi-klaus.at\/shop\/wp-json\/wp\/v2\/product_cat?post=47487"},{"taxonomy":"product_tag","embeddable":true,"href":"https:\/\/audi-klaus.at\/shop\/wp-json\/wp\/v2\/product_tag?post=47487"}],"curies":[{"name":"wp","href":"https:\/\/api.w.org\/{rel}","templated":true}]}}