{"id":45491,"date":"2022-07-13T12:27:20","date_gmt":"2022-07-13T10:27:20","guid":{"rendered":"https:\/\/audi-klaus.at\/shop\/?post_type=product&#038;p=45491"},"modified":"2026-01-07T21:52:21","modified_gmt":"2026-01-07T20:52:21","slug":"achsenmanschettensatz-aussen-neu-febi-03595-191498203c","status":"publish","type":"product","link":"https:\/\/audi-klaus.at\/shop\/produkt\/achsenmanschettensatz-aussen-neu-febi-03595-191498203c\/","title":{"rendered":"Vw Caddy\/1\/2\/Golf\/1\/2\/3\/4\/Jetta\/1\/2\/Passat\/B2\/B3\/B4\/Polo\/2\/3\/Santana\/Scirocco\/1\/2\/Vento Achsenmanschettensatz au\u00dfen NEU Febi 03595\/191498203C"},"content":{"rendered":"<p><strong><span style=\"color: #000000\"><span style=\"font-family: Source Sans Pro, sans-serif\"><span style=\"font-size: medium\"><b>VAG Teilenummer<\/b><\/span><\/span><\/span><\/strong><span style=\"color: #000000\"><span style=\"font-family: Source Sans Pro, sans-serif\"><span style=\"font-size: medium\"><b>:<\/b><\/span><\/span><\/span> Febi 035 95,\u00a0191 498 203C <span style=\"font-family: Source Sans Pro, sans-serif\"><span style=\"font-size: medium\"><br \/>\n<\/span><\/span><strong><span style=\"color: #000000\"><span style=\"font-family: Source Sans Pro, sans-serif\"><span style=\"font-size: medium\"><b>Zustand:<\/b><\/span><\/span><\/span><\/strong><span style=\"color: #000000\"><span style=\"font-family: Source Sans Pro, sans-serif\"><span style=\"font-size: medium\"> Neu<\/span><\/span><\/span><span style=\"font-family: Source Sans Pro, sans-serif\"><span style=\"font-size: medium\"><br \/>\n<\/span><\/span><strong><span style=\"color: #000000\"><span style=\"font-family: Source Sans Pro, sans-serif\"><span style=\"font-size: medium\"><b>Lieferumfang:<\/b><\/span><\/span><\/span><\/strong> <span style=\"color: #000000\"><span style=\"font-family: Source Sans Pro, sans-serif\"><span style=\"font-size: medium\">wie in den Original-Abbildungen angegeben<\/span><\/span><\/span><span style=\"font-family: Source Sans Pro, sans-serif\"><span style=\"font-size: medium\"><br \/>\n<\/span><\/span><span style=\"color: #000000\"><span style=\"font-family: Source Sans Pro, sans-serif\"><span style=\"font-size: medium\">Hinweis: Bitte \u00fcberpr\u00fcfen Sie vor dem Kauf anhand der eindeutigen Teilenummern, ob der Artikel zum Fahrzeug passt, um R\u00fccksendungen zu vermeiden! Trotz Angabe der entsprechenden Fahrzeugdaten ist eine eindeutige Zuordnung nur \u00fcber die Teilenummer m\u00f6glich! Die abgelesene Teilenummer ist die Teilenummer des Teils, welches geliefert wird. Die Originalteilnummer ist diejenige, die bei Neubestellung f\u00fcr dieses Teil gilt und der m\u00f6glicherweise abweichenden, gelieferten Teilenummer entspricht. Sollten weitere Fragen offen sein, kontaktieren Sie uns bitte unter <\/span><\/span><\/span><a href=\"mailto:office@audi-klaus.at\"><span style=\"font-family: Source Sans Pro, sans-serif\"><span style=\"font-size: medium\">office@audi-klaus.at<\/span><\/span><\/a><\/p>\n","protected":false},"excerpt":{"rendered":"<p><strong><span style=\"color: #000000\"><span style=\"font-family: Source Sans Pro, sans-serif\"><span style=\"font-size: x-large\">Marke: Vw<br \/>\nModell: Caddy\/Golf\/Jetta\/Passat\/Polo\/Santana\/Scirocco\/Vento<br \/>\nTyp: 1\/2\/1\/2\/3\/4\/1\/2\/B2\/B3\/B4\/2\/3\/1\/2<\/span><\/span><\/span><\/strong><\/p>\n","protected":false},"featured_media":45473,"template":"","meta":[],"product_brand":[],"product_cat":[1205,1242,1170,1515,1209,1273,1172,1645,1211,1283,1176,1655,1212,1293,1177,1665,1215,1303,1180,1725,1216,1385,1193,1766,1230,1395,1194,1776,1231,1164,1435,1195,1232,1165,1455,1196,1238,1167,1465,1204,1241,1168,1495],"product_tag":[14323,3199,3200,14322],"class_list":{"0":"post-45491","1":"product","2":"type-product","3":"status-publish","4":"has-post-thumbnail","6":"product_cat-2-165-1983-1992","7":"product_cat-2-9kv-1995-2003","8":"product_cat-scirocco","9":"product_cat-vorder-hinterachse-2-86c-1981-1990","10":"product_cat-1h5-1991-1998","11":"product_cat-vorder-hinterachse-1-171-1974-1985","12":"product_cat-polo","13":"product_cat-vorder-hinterachse-b2-32b-1980-1988","14":"product_cat-1-53-1974-1981","15":"product_cat-vorder-hinterachse-2-191-1983-1992","16":"product_cat-passat","17":"product_cat-vorder-hinterachse-b3-35i-1988-1993","18":"product_cat-2-53b-1981-1992","19":"product_cat-vorder-hinterachse-3-1h-1990-1998","20":"product_cat-santana","21":"product_cat-vorder-hinterachse-b4-3a-1993-1997","22":"product_cat-1-86-1975-1981","23":"product_cat-vorder-hinterachse-4-1j-1997-2007","24":"product_cat-caddy","25":"product_cat-vorder-hinterachse-b2-1981","26":"product_cat-2-86c-1981-1990","27":"product_cat-vorder-hinterachse-1-161-1978-1987","28":"product_cat-1-171-1974-1985","29":"product_cat-vorder-hinterachse-1-14d-1978-1992","30":"product_cat-b2-32b-1980-1988","31":"product_cat-vorder-hinterachse-2-165-1983-1992","32":"product_cat-2-191-1983-1992","33":"product_cat-vorder-hinterachse-2-9kv-1995-2003","34":"product_cat-b3-35i-1988-1993","35":"product_cat-vw","36":"product_cat-vorder-hinterachse-1h5-1991-1998","37":"product_cat-3-1h-1990-1998","38":"product_cat-b4-3a-1993-1997","39":"product_cat-golf","40":"product_cat-vorder-hinterachse-1-53-1974-1981","41":"product_cat-4-1j-1997-2007","42":"product_cat-b2-1981","43":"product_cat-jetta","44":"product_cat-vorder-hinterachse-2-53b-1981-1992","45":"product_cat-1-161-1978-1987","46":"product_cat-1-14d-1978-1992","47":"product_cat-vento","48":"product_cat-vorder-hinterachse-1-86-1975-1981","49":"product_tag-l201","50":"product_tag-191498203c","51":"product_tag-3200","52":"product_tag-febi-03595","54":"first","55":"instock","56":"taxable","57":"shipping-taxable","58":"purchasable","59":"product-type-simple"},"yoast_head":"<!-- This site is optimized with the Yoast SEO plugin v27.4 - https:\/\/yoast.com\/product\/yoast-seo-wordpress\/ -->\n<title>Vw Caddy\/1\/2\/Golf\/1\/2\/3\/4\/Jetta\/1\/2\/Passat\/B2\/B3\/B4\/Polo\/2\/3\/Santana\/Scirocco\/1\/2\/Vento Achsenmanschettensatz au\u00dfen NEU Febi 03595\/191498203C - Audi-Klaus<\/title>\n<meta name=\"description\" content=\"Vw Caddy\/1\/2\/Golf\/1\/2\/3\/4\/Jetta\/1\/2\/Passat\/B2\/B3\/B4\/Polo\/2\/3\/Santana\/Scirocco\/1\/2\/Vento Achsenmanschettensatz au\u00dfen NEU Febi 03595\/191498203C\" \/>\n<meta name=\"robots\" content=\"index, follow, max-snippet:-1, max-image-preview:large, max-video-preview:-1\" \/>\n<link rel=\"canonical\" href=\"https:\/\/audi-klaus.at\/shop\/produkt\/achsenmanschettensatz-aussen-neu-febi-03595-191498203c\/\" \/>\n<meta property=\"og:locale\" content=\"de_DE\" \/>\n<meta property=\"og:type\" content=\"article\" \/>\n<meta property=\"og:title\" content=\"Vw Caddy\/1\/2\/Golf\/1\/2\/3\/4\/Jetta\/1\/2\/Passat\/B2\/B3\/B4\/Polo\/2\/3\/Santana\/Scirocco\/1\/2\/Vento Achsenmanschettensatz au\u00dfen NEU Febi 03595\/191498203C - Audi-Klaus\" \/>\n<meta property=\"og:description\" content=\"Vw Caddy\/1\/2\/Golf\/1\/2\/3\/4\/Jetta\/1\/2\/Passat\/B2\/B3\/B4\/Polo\/2\/3\/Santana\/Scirocco\/1\/2\/Vento Achsenmanschettensatz au\u00dfen NEU Febi 03595\/191498203C\" \/>\n<meta property=\"og:url\" content=\"https:\/\/audi-klaus.at\/shop\/produkt\/achsenmanschettensatz-aussen-neu-febi-03595-191498203c\/\" \/>\n<meta property=\"og:site_name\" content=\"Audi-Klaus\" \/>\n<meta property=\"article:publisher\" content=\"https:\/\/www.facebook.com\/audi.klaus.1312\/\" \/>\n<meta property=\"article:modified_time\" content=\"2026-01-07T20:52:21+00:00\" \/>\n<meta property=\"og:image\" content=\"https:\/\/audi-klaus.at\/shop\/wp-content\/uploads\/2022\/07\/L201-2.jpg\" \/>\n\t<meta property=\"og:image:width\" content=\"418\" \/>\n\t<meta property=\"og:image:height\" content=\"418\" \/>\n\t<meta property=\"og:image:type\" content=\"image\/jpeg\" \/>\n<meta name=\"twitter:card\" content=\"summary_large_image\" \/>\n<meta name=\"twitter:label1\" content=\"Gesch\u00e4tzte Lesezeit\" \/>\n\t<meta name=\"twitter:data1\" content=\"1 Minute\" \/>\n<script type=\"application\/ld+json\" class=\"yoast-schema-graph\">{\"@context\":\"https:\\\/\\\/schema.org\",\"@graph\":[{\"@type\":\"WebPage\",\"@id\":\"https:\\\/\\\/audi-klaus.at\\\/shop\\\/produkt\\\/achsenmanschettensatz-aussen-neu-febi-03595-191498203c\\\/\",\"url\":\"https:\\\/\\\/audi-klaus.at\\\/shop\\\/produkt\\\/achsenmanschettensatz-aussen-neu-febi-03595-191498203c\\\/\",\"name\":\"Vw Caddy\\\/1\\\/2\\\/Golf\\\/1\\\/2\\\/3\\\/4\\\/Jetta\\\/1\\\/2\\\/Passat\\\/B2\\\/B3\\\/B4\\\/Polo\\\/2\\\/3\\\/Santana\\\/Scirocco\\\/1\\\/2\\\/Vento Achsenmanschettensatz au\u00dfen NEU Febi 03595\\\/191498203C - Audi-Klaus\",\"isPartOf\":{\"@id\":\"https:\\\/\\\/audi-klaus.at\\\/shop\\\/#website\"},\"primaryImageOfPage\":{\"@id\":\"https:\\\/\\\/audi-klaus.at\\\/shop\\\/produkt\\\/achsenmanschettensatz-aussen-neu-febi-03595-191498203c\\\/#primaryimage\"},\"image\":{\"@id\":\"https:\\\/\\\/audi-klaus.at\\\/shop\\\/produkt\\\/achsenmanschettensatz-aussen-neu-febi-03595-191498203c\\\/#primaryimage\"},\"thumbnailUrl\":\"https:\\\/\\\/audi-klaus.at\\\/shop\\\/wp-content\\\/uploads\\\/2022\\\/07\\\/L201-2.jpg\",\"datePublished\":\"2022-07-13T10:27:20+00:00\",\"dateModified\":\"2026-01-07T20:52:21+00:00\",\"description\":\"Vw Caddy\\\/1\\\/2\\\/Golf\\\/1\\\/2\\\/3\\\/4\\\/Jetta\\\/1\\\/2\\\/Passat\\\/B2\\\/B3\\\/B4\\\/Polo\\\/2\\\/3\\\/Santana\\\/Scirocco\\\/1\\\/2\\\/Vento Achsenmanschettensatz au\u00dfen NEU Febi 03595\\\/191498203C\",\"breadcrumb\":{\"@id\":\"https:\\\/\\\/audi-klaus.at\\\/shop\\\/produkt\\\/achsenmanschettensatz-aussen-neu-febi-03595-191498203c\\\/#breadcrumb\"},\"inLanguage\":\"de-AT\",\"potentialAction\":[{\"@type\":\"ReadAction\",\"target\":[\"https:\\\/\\\/audi-klaus.at\\\/shop\\\/produkt\\\/achsenmanschettensatz-aussen-neu-febi-03595-191498203c\\\/\"]}]},{\"@type\":\"ImageObject\",\"inLanguage\":\"de-AT\",\"@id\":\"https:\\\/\\\/audi-klaus.at\\\/shop\\\/produkt\\\/achsenmanschettensatz-aussen-neu-febi-03595-191498203c\\\/#primaryimage\",\"url\":\"https:\\\/\\\/audi-klaus.at\\\/shop\\\/wp-content\\\/uploads\\\/2022\\\/07\\\/L201-2.jpg\",\"contentUrl\":\"https:\\\/\\\/audi-klaus.at\\\/shop\\\/wp-content\\\/uploads\\\/2022\\\/07\\\/L201-2.jpg\",\"width\":418,\"height\":418},{\"@type\":\"BreadcrumbList\",\"@id\":\"https:\\\/\\\/audi-klaus.at\\\/shop\\\/produkt\\\/achsenmanschettensatz-aussen-neu-febi-03595-191498203c\\\/#breadcrumb\",\"itemListElement\":[{\"@type\":\"ListItem\",\"position\":1,\"name\":\"Startseite\",\"item\":\"https:\\\/\\\/audi-klaus.at\\\/shop\\\/\"},{\"@type\":\"ListItem\",\"position\":2,\"name\":\"Shop\",\"item\":\"https:\\\/\\\/audi-klaus.at\\\/shop\\\/\"},{\"@type\":\"ListItem\",\"position\":3,\"name\":\"Vw Caddy\\\/1\\\/2\\\/Golf\\\/1\\\/2\\\/3\\\/4\\\/Jetta\\\/1\\\/2\\\/Passat\\\/B2\\\/B3\\\/B4\\\/Polo\\\/2\\\/3\\\/Santana\\\/Scirocco\\\/1\\\/2\\\/Vento Achsenmanschettensatz au\u00dfen NEU Febi 03595\\\/191498203C\"}]},{\"@type\":\"WebSite\",\"@id\":\"https:\\\/\\\/audi-klaus.at\\\/shop\\\/#website\",\"url\":\"https:\\\/\\\/audi-klaus.at\\\/shop\\\/\",\"name\":\"Audi-Klaus\",\"description\":\"Ihr Gebrauchtteile Spezialist f\u00fcr die Marken Audi, VW (VAG)\",\"publisher\":{\"@id\":\"https:\\\/\\\/audi-klaus.at\\\/shop\\\/#organization\"},\"potentialAction\":[{\"@type\":\"SearchAction\",\"target\":{\"@type\":\"EntryPoint\",\"urlTemplate\":\"https:\\\/\\\/audi-klaus.at\\\/shop\\\/?s={search_term_string}\"},\"query-input\":{\"@type\":\"PropertyValueSpecification\",\"valueRequired\":true,\"valueName\":\"search_term_string\"}}],\"inLanguage\":\"de-AT\"},{\"@type\":\"Organization\",\"@id\":\"https:\\\/\\\/audi-klaus.at\\\/shop\\\/#organization\",\"name\":\"Audi-Klaus\",\"url\":\"https:\\\/\\\/audi-klaus.at\\\/shop\\\/\",\"logo\":{\"@type\":\"ImageObject\",\"inLanguage\":\"de-AT\",\"@id\":\"https:\\\/\\\/audi-klaus.at\\\/shop\\\/#\\\/schema\\\/logo\\\/image\\\/\",\"url\":\"https:\\\/\\\/audi-klaus.at\\\/shop\\\/wp-content\\\/uploads\\\/2024\\\/10\\\/Logo-Shop.webp\",\"contentUrl\":\"https:\\\/\\\/audi-klaus.at\\\/shop\\\/wp-content\\\/uploads\\\/2024\\\/10\\\/Logo-Shop.webp\",\"width\":470,\"height\":164,\"caption\":\"Audi-Klaus\"},\"image\":{\"@id\":\"https:\\\/\\\/audi-klaus.at\\\/shop\\\/#\\\/schema\\\/logo\\\/image\\\/\"},\"sameAs\":[\"https:\\\/\\\/www.facebook.com\\\/audi.klaus.1312\\\/\",\"https:\\\/\\\/www.instagram.com\\\/audi_klaus\\\/?igshid=1eca3qu2mdayg\"]}]}<\/script>\n<!-- \/ Yoast SEO plugin. -->","yoast_head_json":{"title":"Vw Caddy\/1\/2\/Golf\/1\/2\/3\/4\/Jetta\/1\/2\/Passat\/B2\/B3\/B4\/Polo\/2\/3\/Santana\/Scirocco\/1\/2\/Vento Achsenmanschettensatz au\u00dfen NEU Febi 03595\/191498203C - Audi-Klaus","description":"Vw Caddy\/1\/2\/Golf\/1\/2\/3\/4\/Jetta\/1\/2\/Passat\/B2\/B3\/B4\/Polo\/2\/3\/Santana\/Scirocco\/1\/2\/Vento Achsenmanschettensatz au\u00dfen NEU Febi 03595\/191498203C","robots":{"index":"index","follow":"follow","max-snippet":"max-snippet:-1","max-image-preview":"max-image-preview:large","max-video-preview":"max-video-preview:-1"},"canonical":"https:\/\/audi-klaus.at\/shop\/produkt\/achsenmanschettensatz-aussen-neu-febi-03595-191498203c\/","og_locale":"de_DE","og_type":"article","og_title":"Vw Caddy\/1\/2\/Golf\/1\/2\/3\/4\/Jetta\/1\/2\/Passat\/B2\/B3\/B4\/Polo\/2\/3\/Santana\/Scirocco\/1\/2\/Vento Achsenmanschettensatz au\u00dfen NEU Febi 03595\/191498203C - Audi-Klaus","og_description":"Vw Caddy\/1\/2\/Golf\/1\/2\/3\/4\/Jetta\/1\/2\/Passat\/B2\/B3\/B4\/Polo\/2\/3\/Santana\/Scirocco\/1\/2\/Vento Achsenmanschettensatz au\u00dfen NEU Febi 03595\/191498203C","og_url":"https:\/\/audi-klaus.at\/shop\/produkt\/achsenmanschettensatz-aussen-neu-febi-03595-191498203c\/","og_site_name":"Audi-Klaus","article_publisher":"https:\/\/www.facebook.com\/audi.klaus.1312\/","article_modified_time":"2026-01-07T20:52:21+00:00","og_image":[{"width":418,"height":418,"url":"https:\/\/audi-klaus.at\/shop\/wp-content\/uploads\/2022\/07\/L201-2.jpg","type":"image\/jpeg"}],"twitter_card":"summary_large_image","twitter_misc":{"Gesch\u00e4tzte Lesezeit":"1 Minute"},"schema":{"@context":"https:\/\/schema.org","@graph":[{"@type":"WebPage","@id":"https:\/\/audi-klaus.at\/shop\/produkt\/achsenmanschettensatz-aussen-neu-febi-03595-191498203c\/","url":"https:\/\/audi-klaus.at\/shop\/produkt\/achsenmanschettensatz-aussen-neu-febi-03595-191498203c\/","name":"Vw Caddy\/1\/2\/Golf\/1\/2\/3\/4\/Jetta\/1\/2\/Passat\/B2\/B3\/B4\/Polo\/2\/3\/Santana\/Scirocco\/1\/2\/Vento Achsenmanschettensatz au\u00dfen NEU Febi 03595\/191498203C - Audi-Klaus","isPartOf":{"@id":"https:\/\/audi-klaus.at\/shop\/#website"},"primaryImageOfPage":{"@id":"https:\/\/audi-klaus.at\/shop\/produkt\/achsenmanschettensatz-aussen-neu-febi-03595-191498203c\/#primaryimage"},"image":{"@id":"https:\/\/audi-klaus.at\/shop\/produkt\/achsenmanschettensatz-aussen-neu-febi-03595-191498203c\/#primaryimage"},"thumbnailUrl":"https:\/\/audi-klaus.at\/shop\/wp-content\/uploads\/2022\/07\/L201-2.jpg","datePublished":"2022-07-13T10:27:20+00:00","dateModified":"2026-01-07T20:52:21+00:00","description":"Vw Caddy\/1\/2\/Golf\/1\/2\/3\/4\/Jetta\/1\/2\/Passat\/B2\/B3\/B4\/Polo\/2\/3\/Santana\/Scirocco\/1\/2\/Vento Achsenmanschettensatz au\u00dfen NEU Febi 03595\/191498203C","breadcrumb":{"@id":"https:\/\/audi-klaus.at\/shop\/produkt\/achsenmanschettensatz-aussen-neu-febi-03595-191498203c\/#breadcrumb"},"inLanguage":"de-AT","potentialAction":[{"@type":"ReadAction","target":["https:\/\/audi-klaus.at\/shop\/produkt\/achsenmanschettensatz-aussen-neu-febi-03595-191498203c\/"]}]},{"@type":"ImageObject","inLanguage":"de-AT","@id":"https:\/\/audi-klaus.at\/shop\/produkt\/achsenmanschettensatz-aussen-neu-febi-03595-191498203c\/#primaryimage","url":"https:\/\/audi-klaus.at\/shop\/wp-content\/uploads\/2022\/07\/L201-2.jpg","contentUrl":"https:\/\/audi-klaus.at\/shop\/wp-content\/uploads\/2022\/07\/L201-2.jpg","width":418,"height":418},{"@type":"BreadcrumbList","@id":"https:\/\/audi-klaus.at\/shop\/produkt\/achsenmanschettensatz-aussen-neu-febi-03595-191498203c\/#breadcrumb","itemListElement":[{"@type":"ListItem","position":1,"name":"Startseite","item":"https:\/\/audi-klaus.at\/shop\/"},{"@type":"ListItem","position":2,"name":"Shop","item":"https:\/\/audi-klaus.at\/shop\/"},{"@type":"ListItem","position":3,"name":"Vw Caddy\/1\/2\/Golf\/1\/2\/3\/4\/Jetta\/1\/2\/Passat\/B2\/B3\/B4\/Polo\/2\/3\/Santana\/Scirocco\/1\/2\/Vento Achsenmanschettensatz au\u00dfen NEU Febi 03595\/191498203C"}]},{"@type":"WebSite","@id":"https:\/\/audi-klaus.at\/shop\/#website","url":"https:\/\/audi-klaus.at\/shop\/","name":"Audi-Klaus","description":"Ihr Gebrauchtteile Spezialist f\u00fcr die Marken Audi, VW (VAG)","publisher":{"@id":"https:\/\/audi-klaus.at\/shop\/#organization"},"potentialAction":[{"@type":"SearchAction","target":{"@type":"EntryPoint","urlTemplate":"https:\/\/audi-klaus.at\/shop\/?s={search_term_string}"},"query-input":{"@type":"PropertyValueSpecification","valueRequired":true,"valueName":"search_term_string"}}],"inLanguage":"de-AT"},{"@type":"Organization","@id":"https:\/\/audi-klaus.at\/shop\/#organization","name":"Audi-Klaus","url":"https:\/\/audi-klaus.at\/shop\/","logo":{"@type":"ImageObject","inLanguage":"de-AT","@id":"https:\/\/audi-klaus.at\/shop\/#\/schema\/logo\/image\/","url":"https:\/\/audi-klaus.at\/shop\/wp-content\/uploads\/2024\/10\/Logo-Shop.webp","contentUrl":"https:\/\/audi-klaus.at\/shop\/wp-content\/uploads\/2024\/10\/Logo-Shop.webp","width":470,"height":164,"caption":"Audi-Klaus"},"image":{"@id":"https:\/\/audi-klaus.at\/shop\/#\/schema\/logo\/image\/"},"sameAs":["https:\/\/www.facebook.com\/audi.klaus.1312\/","https:\/\/www.instagram.com\/audi_klaus\/?igshid=1eca3qu2mdayg"]}]}},"_links":{"self":[{"href":"https:\/\/audi-klaus.at\/shop\/wp-json\/wp\/v2\/product\/45491","targetHints":{"allow":["GET"]}}],"collection":[{"href":"https:\/\/audi-klaus.at\/shop\/wp-json\/wp\/v2\/product"}],"about":[{"href":"https:\/\/audi-klaus.at\/shop\/wp-json\/wp\/v2\/types\/product"}],"wp:featuredmedia":[{"embeddable":true,"href":"https:\/\/audi-klaus.at\/shop\/wp-json\/wp\/v2\/media\/45473"}],"wp:attachment":[{"href":"https:\/\/audi-klaus.at\/shop\/wp-json\/wp\/v2\/media?parent=45491"}],"wp:term":[{"taxonomy":"product_brand","embeddable":true,"href":"https:\/\/audi-klaus.at\/shop\/wp-json\/wp\/v2\/product_brand?post=45491"},{"taxonomy":"product_cat","embeddable":true,"href":"https:\/\/audi-klaus.at\/shop\/wp-json\/wp\/v2\/product_cat?post=45491"},{"taxonomy":"product_tag","embeddable":true,"href":"https:\/\/audi-klaus.at\/shop\/wp-json\/wp\/v2\/product_tag?post=45491"}],"curies":[{"name":"wp","href":"https:\/\/api.w.org\/{rel}","templated":true}]}}