{"id":43877,"date":"2022-06-14T07:29:13","date_gmt":"2022-06-14T05:29:13","guid":{"rendered":"https:\/\/audi-klaus.at\/shop\/?post_type=product&#038;p=43877"},"modified":"2026-01-07T21:51:53","modified_gmt":"2026-01-07T20:51:53","slug":"audi-a3-8l-8p-a2-8z-vw-passat-35i-b3-b4-bus-t4-golf-2-3-jetta-vento-ausruecklager-neu-02a141165m","status":"publish","type":"product","link":"https:\/\/audi-klaus.at\/shop\/produkt\/audi-a3-8l-8p-a2-8z-vw-passat-35i-b3-b4-bus-t4-golf-2-3-jetta-vento-ausruecklager-neu-02a141165m\/","title":{"rendered":"Audi A3\/8L\/8P\/A2\/8Z\/VW Passat 35i\/B3\/B4\/Bus\/T4\/Golf\/2\/3\/Jetta\/Vento Ausr\u00fccklager NEU 02A141165M"},"content":{"rendered":"<h5 class=\"western\"><span style=\"color: #060606;\"><span style=\"font-family: Verdana, serif;\"><span style=\"font-size: small;\"><b>VAG Teilenummer<\/b><\/span><\/span><\/span><span style=\"color: #060606;\"><span style=\"font-family: Verdana, serif;\"><span style=\"font-size: small;\">: 02A141 165 M<\/span><\/span><\/span><\/h5>\n<h5 class=\"western\"><span style=\"color: #060606;\"><span style=\"font-family: Verdana, serif;\"><span style=\"font-size: small;\"><b>Zustand:<\/b><\/span><\/span><\/span><span style=\"color: #060606;\"><span style=\"font-family: Verdana, serif;\"><span style=\"font-size: small;\">\u00a0 <\/span><\/span><\/span><span style=\"color: #060606;\"><span style=\"font-family: Verdana, serif;\"><span style=\"font-size: small;\"><span lang=\"de-DE\">NEU<\/span><\/span><\/span><\/span><\/h5>\n<h5 class=\"western\"><span style=\"color: #060606;\"><span style=\"font-family: Verdana, serif;\"><span style=\"font-size: small;\"><b>Lieferumfang:<\/b><\/span><\/span><\/span><span style=\"color: #060606;\"><span style=\"font-family: Verdana, serif;\"><span style=\"font-size: small;\">\u00a0wie in den Original-Abbildungen angegeben<\/span><\/span><\/span><\/h5>\n<h5 class=\"western\"><span style=\"color: #060606;\"><span style=\"font-family: Verdana, serif;\"><span style=\"font-size: small;\"><b>Hinweis:<\/b><\/span><\/span><\/span><span style=\"color: #060606;\"><span style=\"font-family: Verdana, serif;\"><span style=\"font-size: small;\">\u00a0Bitte \u00fcberpr\u00fcfen Sie vor dem Kauf anhand der eindeutigen Teilenummern, ob der Artikel zum Fahrzeug passt, um R\u00fccksendungen zu vermeiden! Trotz Angabe der entsprechenden Fahrzeugdaten ist eine eindeutige Zuordnung nur \u00fcber die Teilenummer m\u00f6glich! Die abgelesene Teilenummer ist die Teilenummer des Teils, welches geliefert wird. Die Originalteilnummer ist diejenige, die bei Neubestellung f\u00fcr dieses Teil gilt und der m\u00f6glicherweise abweichenden, gelieferten Teilenummer entspricht. Sollten weitere Fragen offen sein, kontaktieren Sie uns bitte unter\u00a0<\/span><\/span><\/span><a href=\"mailto:office@audi-klaus.at\"><span style=\"color: #0000ff;\"><span style=\"font-family: Verdana, serif;\"><span style=\"font-size: small;\"><u>office@audi-klaus.at<\/u><\/span><\/span><\/span><\/a><\/h5>\n","protected":false},"excerpt":{"rendered":"<h4><strong>Marke: Audi\/VW<\/strong><\/h4>\n<h4><strong>Modell: A3\/A2\/Passat 35i\/Bus\/Golf\/Jetta\/Vento<\/strong><\/h4>\n<h4><strong>Typ: 8L\/8P\/8Z\/B3\/B4\/T4\/2\/3<\/strong><\/h4>\n","protected":false},"featured_media":43879,"template":"","meta":[],"product_brand":[],"product_cat":[453,1195,454,1231,458,1232,468,1256,1164,1279,1165,1289,32,1167,1651,368,1168,1661,369,1176,1912,430,1186,444,1194],"product_tag":[13558,5342,13557],"class_list":{"0":"post-43877","1":"product","2":"type-product","3":"status-publish","4":"has-post-thumbnail","6":"product_cat-8l-1996-2003","7":"product_cat-3-1h-1990-1998","8":"product_cat-8p-2003-2013","9":"product_cat-b3-35i-1988-1993","10":"product_cat-motor-getriebe-8l-1996-2003","11":"product_cat-b4-3a-1993-1997","12":"product_cat-motor-getriebe-8p-2003-2013","13":"product_cat-t4-7d-1990-2003","14":"product_cat-vw","15":"product_cat-motor-getriebe-2-191-1983-1992","16":"product_cat-golf","17":"product_cat-motor-getriebe-3-1h-1990-1998","18":"product_cat-audi","19":"product_cat-jetta","20":"product_cat-motor-getriebe-b3-35i-1988-1993","21":"product_cat-a2","22":"product_cat-vento","23":"product_cat-motor-getriebe-b4-3a-1993-1997","24":"product_cat-a3","25":"product_cat-passat","26":"product_cat-motor-getriebe-t4-7d-1990-2003","27":"product_cat-8z-1999-2005","28":"product_cat-bus","29":"product_cat-motor-getriebe-8z-1999-2005","30":"product_cat-2-191-1983-1992","31":"product_tag-m856","32":"product_tag-02a141165","33":"product_tag-02a141165m","35":"first","36":"outofstock","37":"taxable","38":"shipping-taxable","39":"purchasable","40":"product-type-simple"},"yoast_head":"<!-- This site is optimized with the Yoast SEO plugin v27.5 - https:\/\/yoast.com\/product\/yoast-seo-wordpress\/ -->\n<title>Audi A3\/8L\/8P\/A2\/8Z\/VW Passat 35i\/B3\/B4\/Bus\/T4\/Golf\/2\/3\/Jetta\/Vento Ausr\u00fccklager NEU 02A141165M - Audi-Klaus<\/title>\n<meta name=\"robots\" content=\"index, follow, max-snippet:-1, max-image-preview:large, max-video-preview:-1\" \/>\n<link rel=\"canonical\" href=\"https:\/\/audi-klaus.at\/shop\/produkt\/audi-a3-8l-8p-a2-8z-vw-passat-35i-b3-b4-bus-t4-golf-2-3-jetta-vento-ausruecklager-neu-02a141165m\/\" \/>\n<meta property=\"og:locale\" content=\"de_DE\" \/>\n<meta property=\"og:type\" content=\"article\" \/>\n<meta property=\"og:title\" content=\"Audi A3\/8L\/8P\/A2\/8Z\/VW Passat 35i\/B3\/B4\/Bus\/T4\/Golf\/2\/3\/Jetta\/Vento Ausr\u00fccklager NEU 02A141165M - Audi-Klaus\" \/>\n<meta property=\"og:description\" content=\"Marke: Audi\/VW Modell: A3\/A2\/Passat 35i\/Bus\/Golf\/Jetta\/Vento Typ: 8L\/8P\/8Z\/B3\/B4\/T4\/2\/3\" \/>\n<meta property=\"og:url\" content=\"https:\/\/audi-klaus.at\/shop\/produkt\/audi-a3-8l-8p-a2-8z-vw-passat-35i-b3-b4-bus-t4-golf-2-3-jetta-vento-ausruecklager-neu-02a141165m\/\" \/>\n<meta property=\"og:site_name\" content=\"Audi-Klaus\" \/>\n<meta property=\"article:publisher\" content=\"https:\/\/www.facebook.com\/audi.klaus.1312\/\" \/>\n<meta property=\"article:modified_time\" content=\"2026-01-07T20:51:53+00:00\" \/>\n<meta property=\"og:image\" content=\"https:\/\/audi-klaus.at\/shop\/wp-content\/uploads\/2022\/06\/M856-2.jpg\" \/>\n\t<meta property=\"og:image:width\" content=\"418\" \/>\n\t<meta property=\"og:image:height\" content=\"418\" \/>\n\t<meta property=\"og:image:type\" content=\"image\/jpeg\" \/>\n<meta name=\"twitter:card\" content=\"summary_large_image\" \/>\n<script type=\"application\/ld+json\" class=\"yoast-schema-graph\">{\"@context\":\"https:\\\/\\\/schema.org\",\"@graph\":[{\"@type\":\"WebPage\",\"@id\":\"https:\\\/\\\/audi-klaus.at\\\/shop\\\/produkt\\\/audi-a3-8l-8p-a2-8z-vw-passat-35i-b3-b4-bus-t4-golf-2-3-jetta-vento-ausruecklager-neu-02a141165m\\\/\",\"url\":\"https:\\\/\\\/audi-klaus.at\\\/shop\\\/produkt\\\/audi-a3-8l-8p-a2-8z-vw-passat-35i-b3-b4-bus-t4-golf-2-3-jetta-vento-ausruecklager-neu-02a141165m\\\/\",\"name\":\"Audi A3\\\/8L\\\/8P\\\/A2\\\/8Z\\\/VW Passat 35i\\\/B3\\\/B4\\\/Bus\\\/T4\\\/Golf\\\/2\\\/3\\\/Jetta\\\/Vento Ausr\u00fccklager NEU 02A141165M - Audi-Klaus\",\"isPartOf\":{\"@id\":\"https:\\\/\\\/audi-klaus.at\\\/shop\\\/#website\"},\"primaryImageOfPage\":{\"@id\":\"https:\\\/\\\/audi-klaus.at\\\/shop\\\/produkt\\\/audi-a3-8l-8p-a2-8z-vw-passat-35i-b3-b4-bus-t4-golf-2-3-jetta-vento-ausruecklager-neu-02a141165m\\\/#primaryimage\"},\"image\":{\"@id\":\"https:\\\/\\\/audi-klaus.at\\\/shop\\\/produkt\\\/audi-a3-8l-8p-a2-8z-vw-passat-35i-b3-b4-bus-t4-golf-2-3-jetta-vento-ausruecklager-neu-02a141165m\\\/#primaryimage\"},\"thumbnailUrl\":\"https:\\\/\\\/audi-klaus.at\\\/shop\\\/wp-content\\\/uploads\\\/2022\\\/06\\\/M856-2.jpg\",\"datePublished\":\"2022-06-14T05:29:13+00:00\",\"dateModified\":\"2026-01-07T20:51:53+00:00\",\"breadcrumb\":{\"@id\":\"https:\\\/\\\/audi-klaus.at\\\/shop\\\/produkt\\\/audi-a3-8l-8p-a2-8z-vw-passat-35i-b3-b4-bus-t4-golf-2-3-jetta-vento-ausruecklager-neu-02a141165m\\\/#breadcrumb\"},\"inLanguage\":\"de-AT\",\"potentialAction\":[{\"@type\":\"ReadAction\",\"target\":[\"https:\\\/\\\/audi-klaus.at\\\/shop\\\/produkt\\\/audi-a3-8l-8p-a2-8z-vw-passat-35i-b3-b4-bus-t4-golf-2-3-jetta-vento-ausruecklager-neu-02a141165m\\\/\"]}]},{\"@type\":\"ImageObject\",\"inLanguage\":\"de-AT\",\"@id\":\"https:\\\/\\\/audi-klaus.at\\\/shop\\\/produkt\\\/audi-a3-8l-8p-a2-8z-vw-passat-35i-b3-b4-bus-t4-golf-2-3-jetta-vento-ausruecklager-neu-02a141165m\\\/#primaryimage\",\"url\":\"https:\\\/\\\/audi-klaus.at\\\/shop\\\/wp-content\\\/uploads\\\/2022\\\/06\\\/M856-2.jpg\",\"contentUrl\":\"https:\\\/\\\/audi-klaus.at\\\/shop\\\/wp-content\\\/uploads\\\/2022\\\/06\\\/M856-2.jpg\",\"width\":418,\"height\":418},{\"@type\":\"BreadcrumbList\",\"@id\":\"https:\\\/\\\/audi-klaus.at\\\/shop\\\/produkt\\\/audi-a3-8l-8p-a2-8z-vw-passat-35i-b3-b4-bus-t4-golf-2-3-jetta-vento-ausruecklager-neu-02a141165m\\\/#breadcrumb\",\"itemListElement\":[{\"@type\":\"ListItem\",\"position\":1,\"name\":\"Startseite\",\"item\":\"https:\\\/\\\/audi-klaus.at\\\/shop\\\/\"},{\"@type\":\"ListItem\",\"position\":2,\"name\":\"Shop\",\"item\":\"https:\\\/\\\/audi-klaus.at\\\/shop\\\/\"},{\"@type\":\"ListItem\",\"position\":3,\"name\":\"Audi A3\\\/8L\\\/8P\\\/A2\\\/8Z\\\/VW Passat 35i\\\/B3\\\/B4\\\/Bus\\\/T4\\\/Golf\\\/2\\\/3\\\/Jetta\\\/Vento Ausr\u00fccklager NEU 02A141165M\"}]},{\"@type\":\"WebSite\",\"@id\":\"https:\\\/\\\/audi-klaus.at\\\/shop\\\/#website\",\"url\":\"https:\\\/\\\/audi-klaus.at\\\/shop\\\/\",\"name\":\"Audi-Klaus\",\"description\":\"Ihr Gebrauchtteile Spezialist f\u00fcr die Marken Audi, VW (VAG)\",\"publisher\":{\"@id\":\"https:\\\/\\\/audi-klaus.at\\\/shop\\\/#organization\"},\"potentialAction\":[{\"@type\":\"SearchAction\",\"target\":{\"@type\":\"EntryPoint\",\"urlTemplate\":\"https:\\\/\\\/audi-klaus.at\\\/shop\\\/?s={search_term_string}\"},\"query-input\":{\"@type\":\"PropertyValueSpecification\",\"valueRequired\":true,\"valueName\":\"search_term_string\"}}],\"inLanguage\":\"de-AT\"},{\"@type\":\"Organization\",\"@id\":\"https:\\\/\\\/audi-klaus.at\\\/shop\\\/#organization\",\"name\":\"Audi-Klaus\",\"url\":\"https:\\\/\\\/audi-klaus.at\\\/shop\\\/\",\"logo\":{\"@type\":\"ImageObject\",\"inLanguage\":\"de-AT\",\"@id\":\"https:\\\/\\\/audi-klaus.at\\\/shop\\\/#\\\/schema\\\/logo\\\/image\\\/\",\"url\":\"https:\\\/\\\/audi-klaus.at\\\/shop\\\/wp-content\\\/uploads\\\/2024\\\/10\\\/Logo-Shop.webp\",\"contentUrl\":\"https:\\\/\\\/audi-klaus.at\\\/shop\\\/wp-content\\\/uploads\\\/2024\\\/10\\\/Logo-Shop.webp\",\"width\":470,\"height\":164,\"caption\":\"Audi-Klaus\"},\"image\":{\"@id\":\"https:\\\/\\\/audi-klaus.at\\\/shop\\\/#\\\/schema\\\/logo\\\/image\\\/\"},\"sameAs\":[\"https:\\\/\\\/www.facebook.com\\\/audi.klaus.1312\\\/\",\"https:\\\/\\\/www.instagram.com\\\/audi_klaus\\\/?igshid=1eca3qu2mdayg\"]}]}<\/script>\n<!-- \/ Yoast SEO plugin. -->","yoast_head_json":{"title":"Audi A3\/8L\/8P\/A2\/8Z\/VW Passat 35i\/B3\/B4\/Bus\/T4\/Golf\/2\/3\/Jetta\/Vento Ausr\u00fccklager NEU 02A141165M - Audi-Klaus","robots":{"index":"index","follow":"follow","max-snippet":"max-snippet:-1","max-image-preview":"max-image-preview:large","max-video-preview":"max-video-preview:-1"},"canonical":"https:\/\/audi-klaus.at\/shop\/produkt\/audi-a3-8l-8p-a2-8z-vw-passat-35i-b3-b4-bus-t4-golf-2-3-jetta-vento-ausruecklager-neu-02a141165m\/","og_locale":"de_DE","og_type":"article","og_title":"Audi A3\/8L\/8P\/A2\/8Z\/VW Passat 35i\/B3\/B4\/Bus\/T4\/Golf\/2\/3\/Jetta\/Vento Ausr\u00fccklager NEU 02A141165M - Audi-Klaus","og_description":"Marke: Audi\/VW Modell: A3\/A2\/Passat 35i\/Bus\/Golf\/Jetta\/Vento Typ: 8L\/8P\/8Z\/B3\/B4\/T4\/2\/3","og_url":"https:\/\/audi-klaus.at\/shop\/produkt\/audi-a3-8l-8p-a2-8z-vw-passat-35i-b3-b4-bus-t4-golf-2-3-jetta-vento-ausruecklager-neu-02a141165m\/","og_site_name":"Audi-Klaus","article_publisher":"https:\/\/www.facebook.com\/audi.klaus.1312\/","article_modified_time":"2026-01-07T20:51:53+00:00","og_image":[{"width":418,"height":418,"url":"https:\/\/audi-klaus.at\/shop\/wp-content\/uploads\/2022\/06\/M856-2.jpg","type":"image\/jpeg"}],"twitter_card":"summary_large_image","schema":{"@context":"https:\/\/schema.org","@graph":[{"@type":"WebPage","@id":"https:\/\/audi-klaus.at\/shop\/produkt\/audi-a3-8l-8p-a2-8z-vw-passat-35i-b3-b4-bus-t4-golf-2-3-jetta-vento-ausruecklager-neu-02a141165m\/","url":"https:\/\/audi-klaus.at\/shop\/produkt\/audi-a3-8l-8p-a2-8z-vw-passat-35i-b3-b4-bus-t4-golf-2-3-jetta-vento-ausruecklager-neu-02a141165m\/","name":"Audi A3\/8L\/8P\/A2\/8Z\/VW Passat 35i\/B3\/B4\/Bus\/T4\/Golf\/2\/3\/Jetta\/Vento Ausr\u00fccklager NEU 02A141165M - Audi-Klaus","isPartOf":{"@id":"https:\/\/audi-klaus.at\/shop\/#website"},"primaryImageOfPage":{"@id":"https:\/\/audi-klaus.at\/shop\/produkt\/audi-a3-8l-8p-a2-8z-vw-passat-35i-b3-b4-bus-t4-golf-2-3-jetta-vento-ausruecklager-neu-02a141165m\/#primaryimage"},"image":{"@id":"https:\/\/audi-klaus.at\/shop\/produkt\/audi-a3-8l-8p-a2-8z-vw-passat-35i-b3-b4-bus-t4-golf-2-3-jetta-vento-ausruecklager-neu-02a141165m\/#primaryimage"},"thumbnailUrl":"https:\/\/audi-klaus.at\/shop\/wp-content\/uploads\/2022\/06\/M856-2.jpg","datePublished":"2022-06-14T05:29:13+00:00","dateModified":"2026-01-07T20:51:53+00:00","breadcrumb":{"@id":"https:\/\/audi-klaus.at\/shop\/produkt\/audi-a3-8l-8p-a2-8z-vw-passat-35i-b3-b4-bus-t4-golf-2-3-jetta-vento-ausruecklager-neu-02a141165m\/#breadcrumb"},"inLanguage":"de-AT","potentialAction":[{"@type":"ReadAction","target":["https:\/\/audi-klaus.at\/shop\/produkt\/audi-a3-8l-8p-a2-8z-vw-passat-35i-b3-b4-bus-t4-golf-2-3-jetta-vento-ausruecklager-neu-02a141165m\/"]}]},{"@type":"ImageObject","inLanguage":"de-AT","@id":"https:\/\/audi-klaus.at\/shop\/produkt\/audi-a3-8l-8p-a2-8z-vw-passat-35i-b3-b4-bus-t4-golf-2-3-jetta-vento-ausruecklager-neu-02a141165m\/#primaryimage","url":"https:\/\/audi-klaus.at\/shop\/wp-content\/uploads\/2022\/06\/M856-2.jpg","contentUrl":"https:\/\/audi-klaus.at\/shop\/wp-content\/uploads\/2022\/06\/M856-2.jpg","width":418,"height":418},{"@type":"BreadcrumbList","@id":"https:\/\/audi-klaus.at\/shop\/produkt\/audi-a3-8l-8p-a2-8z-vw-passat-35i-b3-b4-bus-t4-golf-2-3-jetta-vento-ausruecklager-neu-02a141165m\/#breadcrumb","itemListElement":[{"@type":"ListItem","position":1,"name":"Startseite","item":"https:\/\/audi-klaus.at\/shop\/"},{"@type":"ListItem","position":2,"name":"Shop","item":"https:\/\/audi-klaus.at\/shop\/"},{"@type":"ListItem","position":3,"name":"Audi A3\/8L\/8P\/A2\/8Z\/VW Passat 35i\/B3\/B4\/Bus\/T4\/Golf\/2\/3\/Jetta\/Vento Ausr\u00fccklager NEU 02A141165M"}]},{"@type":"WebSite","@id":"https:\/\/audi-klaus.at\/shop\/#website","url":"https:\/\/audi-klaus.at\/shop\/","name":"Audi-Klaus","description":"Ihr Gebrauchtteile Spezialist f\u00fcr die Marken Audi, VW (VAG)","publisher":{"@id":"https:\/\/audi-klaus.at\/shop\/#organization"},"potentialAction":[{"@type":"SearchAction","target":{"@type":"EntryPoint","urlTemplate":"https:\/\/audi-klaus.at\/shop\/?s={search_term_string}"},"query-input":{"@type":"PropertyValueSpecification","valueRequired":true,"valueName":"search_term_string"}}],"inLanguage":"de-AT"},{"@type":"Organization","@id":"https:\/\/audi-klaus.at\/shop\/#organization","name":"Audi-Klaus","url":"https:\/\/audi-klaus.at\/shop\/","logo":{"@type":"ImageObject","inLanguage":"de-AT","@id":"https:\/\/audi-klaus.at\/shop\/#\/schema\/logo\/image\/","url":"https:\/\/audi-klaus.at\/shop\/wp-content\/uploads\/2024\/10\/Logo-Shop.webp","contentUrl":"https:\/\/audi-klaus.at\/shop\/wp-content\/uploads\/2024\/10\/Logo-Shop.webp","width":470,"height":164,"caption":"Audi-Klaus"},"image":{"@id":"https:\/\/audi-klaus.at\/shop\/#\/schema\/logo\/image\/"},"sameAs":["https:\/\/www.facebook.com\/audi.klaus.1312\/","https:\/\/www.instagram.com\/audi_klaus\/?igshid=1eca3qu2mdayg"]}]}},"_links":{"self":[{"href":"https:\/\/audi-klaus.at\/shop\/wp-json\/wp\/v2\/product\/43877","targetHints":{"allow":["GET"]}}],"collection":[{"href":"https:\/\/audi-klaus.at\/shop\/wp-json\/wp\/v2\/product"}],"about":[{"href":"https:\/\/audi-klaus.at\/shop\/wp-json\/wp\/v2\/types\/product"}],"wp:featuredmedia":[{"embeddable":true,"href":"https:\/\/audi-klaus.at\/shop\/wp-json\/wp\/v2\/media\/43879"}],"wp:attachment":[{"href":"https:\/\/audi-klaus.at\/shop\/wp-json\/wp\/v2\/media?parent=43877"}],"wp:term":[{"taxonomy":"product_brand","embeddable":true,"href":"https:\/\/audi-klaus.at\/shop\/wp-json\/wp\/v2\/product_brand?post=43877"},{"taxonomy":"product_cat","embeddable":true,"href":"https:\/\/audi-klaus.at\/shop\/wp-json\/wp\/v2\/product_cat?post=43877"},{"taxonomy":"product_tag","embeddable":true,"href":"https:\/\/audi-klaus.at\/shop\/wp-json\/wp\/v2\/product_tag?post=43877"}],"curies":[{"name":"wp","href":"https:\/\/api.w.org\/{rel}","templated":true}]}}