{"id":42394,"date":"2022-05-12T11:13:10","date_gmt":"2022-05-12T09:13:10","guid":{"rendered":"http:\/\/audi-klaus.at.server171-han.server-routing.com\/shop\/?post_type=product&#038;p=42394"},"modified":"2026-01-07T21:51:11","modified_gmt":"2026-01-07T20:51:11","slug":"audi-a3-8p-tt-vw-golf-jetta-5-passat-b6-b7-scirocco-3-seat-leon-2-skoda-octavia-2-gaspedal-1k1721503p","status":"publish","type":"product","link":"https:\/\/audi-klaus.at\/shop\/produkt\/audi-a3-8p-tt-vw-golf-jetta-5-passat-b6-b7-scirocco-3-seat-leon-2-skoda-octavia-2-gaspedal-1k1721503p\/","title":{"rendered":"Audi A3\/8P\/TT\/VW Golf\/Jetta 5\/Passat\/B6\/B7\/Scirocco 3\/Seat\/Leon\/2\/Skoda\/Octavia\/2 Gaspedal 1K1721503P"},"content":{"rendered":"<p><strong><span style=\"color: #000000\"><span style=\"font-family: Source Sans Pro, sans-serif\"><span style=\"font-size: medium\"><b>VAG Teilenummer<\/b><\/span><\/span><\/span><\/strong><span style=\"color: #000000\"><span style=\"font-family: Source Sans Pro, sans-serif\"><span style=\"font-size: medium\"><b>:<\/b><\/span><\/span><\/span> 1K1 721 503P<span style=\"font-family: Source Sans Pro, sans-serif\"><span style=\"font-size: medium\"><br \/>\n<\/span><\/span><strong><span style=\"color: #000000\"><span style=\"font-family: Source Sans Pro, sans-serif\"><span style=\"font-size: medium\"><b>Zustand:<\/b><\/span><\/span><\/span><\/strong><span style=\"color: #000000\"><span style=\"font-family: Source Sans Pro, sans-serif\"><span style=\"font-size: medium\"> Gebraucht<\/span><\/span><\/span><span style=\"font-family: Source Sans Pro, sans-serif\"><span style=\"font-size: medium\"><br \/>\n<\/span><\/span><strong><span style=\"color: #000000\"><span style=\"font-family: Source Sans Pro, sans-serif\"><span style=\"font-size: medium\"><b>Lieferumfang:<\/b><\/span><\/span><\/span><\/strong> <span style=\"color: #000000\"><span style=\"font-family: Source Sans Pro, sans-serif\"><span style=\"font-size: medium\">wie in den Original-Abbildungen angegeben<\/span><\/span><\/span><span style=\"font-family: Source Sans Pro, sans-serif\"><span style=\"font-size: medium\"><br \/>\n<\/span><\/span><span style=\"color: #000000\"><span style=\"font-family: Source Sans Pro, sans-serif\"><span style=\"font-size: medium\">Hinweis: Bitte \u00fcberpr\u00fcfen Sie vor dem Kauf anhand der eindeutigen Teilenummern, ob der Artikel zum Fahrzeug passt, um R\u00fccksendungen zu vermeiden! Trotz Angabe der entsprechenden Fahrzeugdaten ist eine eindeutige Zuordnung nur \u00fcber die Teilenummer m\u00f6glich! Die abgelesene Teilenummer ist die Teilenummer des Teils, welches geliefert wird. Die Originalteilnummer ist diejenige, die bei Neubestellung f\u00fcr dieses Teil gilt und der m\u00f6glicherweise abweichenden, gelieferten Teilenummer entspricht. Sollten weitere Fragen offen sein, kontaktieren Sie uns bitte unter <\/span><\/span><\/span><a href=\"mailto:office@audi-klaus.at\"><span style=\"font-family: Source Sans Pro, sans-serif\"><span style=\"font-size: medium\">office@audi-klaus.at<\/span><\/span><\/a><\/p>\n","protected":false},"excerpt":{"rendered":"<h4 style=\"text-align: left\"><strong>Marke: Audi\/VW\/Skoda\/Seat<\/strong><\/h4>\n<h4 style=\"text-align: left\"><strong>Modell: A3\/TT\/Golf\/Jetta\/Passat\/Scirocco\/Leon\/Octavia<\/strong><\/h4>\n<h4 style=\"text-align: left\"><strong>Typ: 8P\/5\/B6\/B7\/3\/2<\/strong><\/h4>\n<p style=\"text-align: left\"><strong><span style=\"color: #d0121a\">!!!Achtung!!!Ein Halter ist defekt!!!<\/span><\/strong><\/p>\n","protected":false},"featured_media":42122,"template":"","meta":[],"product_brand":[],"product_cat":[1690,32,1206,2038,369,1213,2041,384,1234,2124,454,1236,2226,467,1308,2245,1164,1378,2377,1165,1379,1167,1400,1170,1470,1176,1680,1197],"product_tag":[12916,12917],"class_list":{"0":"post-42394","1":"product","2":"type-product","3":"status-publish","4":"has-post-thumbnail","6":"product_cat-innenraum-b7-3c-2010-2014","7":"product_cat-audi","8":"product_cat-5-1k2-2005-2010","9":"product_cat-octavia","10":"product_cat-a3","11":"product_cat-3-2008-2014","12":"product_cat-2-1z-2004-2012","13":"product_cat-tt","14":"product_cat-b6-3c-2005-2010","15":"product_cat-innenraum-2-1z-2004-2012","16":"product_cat-8p-2003-2013","17":"product_cat-b7-3c-2010-2014","18":"product_cat-leon","19":"product_cat-innenraum-8p-2003-2013","20":"product_cat-innenraum-5-1k-2003-2010","21":"product_cat-2-1p-2005-2012","22":"product_cat-vw","23":"product_cat-seat","24":"product_cat-innenraum-2-1p-2005-2012","25":"product_cat-golf","26":"product_cat-skoda","27":"product_cat-jetta","28":"product_cat-innenraum-5-1k2-2005-2010","29":"product_cat-scirocco","30":"product_cat-innenraum-3-2008-2014","31":"product_cat-passat","32":"product_cat-innenraum-b6-3c-2005-2010","33":"product_cat-5-1k-2003-2010","34":"product_tag-1k1721503p","35":"product_tag-1k1721503","37":"first","38":"instock","39":"taxable","40":"shipping-taxable","41":"purchasable","42":"product-type-simple"},"yoast_head":"<!-- This site is optimized with the Yoast SEO plugin v27.5 - https:\/\/yoast.com\/product\/yoast-seo-wordpress\/ -->\n<title>Audi A3\/8P\/TT\/VW Golf\/Jetta 5\/Passat\/B6\/B7\/Scirocco 3\/Seat\/Leon\/2\/Skoda\/Octavia\/2 Gaspedal 1K1721503P - Audi-Klaus<\/title>\n<meta name=\"robots\" content=\"index, follow, max-snippet:-1, max-image-preview:large, max-video-preview:-1\" \/>\n<link rel=\"canonical\" href=\"https:\/\/audi-klaus.at\/shop\/produkt\/audi-a3-8p-tt-vw-golf-jetta-5-passat-b6-b7-scirocco-3-seat-leon-2-skoda-octavia-2-gaspedal-1k1721503p\/\" \/>\n<meta property=\"og:locale\" content=\"de_DE\" \/>\n<meta property=\"og:type\" content=\"article\" \/>\n<meta property=\"og:title\" content=\"Audi A3\/8P\/TT\/VW Golf\/Jetta 5\/Passat\/B6\/B7\/Scirocco 3\/Seat\/Leon\/2\/Skoda\/Octavia\/2 Gaspedal 1K1721503P - Audi-Klaus\" \/>\n<meta property=\"og:description\" content=\"Marke: Audi\/VW\/Skoda\/Seat Modell: A3\/TT\/Golf\/Jetta\/Passat\/Scirocco\/Leon\/Octavia Typ: 8P\/5\/B6\/B7\/3\/2 !!!Achtung!!!Ein Halter ist defekt!!!\" \/>\n<meta property=\"og:url\" content=\"https:\/\/audi-klaus.at\/shop\/produkt\/audi-a3-8p-tt-vw-golf-jetta-5-passat-b6-b7-scirocco-3-seat-leon-2-skoda-octavia-2-gaspedal-1k1721503p\/\" \/>\n<meta property=\"og:site_name\" content=\"Audi-Klaus\" \/>\n<meta property=\"article:publisher\" content=\"https:\/\/www.facebook.com\/audi.klaus.1312\/\" \/>\n<meta property=\"article:modified_time\" content=\"2026-01-07T20:51:11+00:00\" \/>\n<meta property=\"og:image\" content=\"https:\/\/audi-klaus.at\/shop\/wp-content\/uploads\/2022\/05\/IA2021-3.jpg\" \/>\n\t<meta property=\"og:image:width\" content=\"437\" \/>\n\t<meta property=\"og:image:height\" content=\"430\" \/>\n\t<meta property=\"og:image:type\" content=\"image\/jpeg\" \/>\n<meta name=\"twitter:card\" content=\"summary_large_image\" \/>\n<script type=\"application\/ld+json\" class=\"yoast-schema-graph\">{\"@context\":\"https:\\\/\\\/schema.org\",\"@graph\":[{\"@type\":\"WebPage\",\"@id\":\"https:\\\/\\\/audi-klaus.at\\\/shop\\\/produkt\\\/audi-a3-8p-tt-vw-golf-jetta-5-passat-b6-b7-scirocco-3-seat-leon-2-skoda-octavia-2-gaspedal-1k1721503p\\\/\",\"url\":\"https:\\\/\\\/audi-klaus.at\\\/shop\\\/produkt\\\/audi-a3-8p-tt-vw-golf-jetta-5-passat-b6-b7-scirocco-3-seat-leon-2-skoda-octavia-2-gaspedal-1k1721503p\\\/\",\"name\":\"Audi A3\\\/8P\\\/TT\\\/VW Golf\\\/Jetta 5\\\/Passat\\\/B6\\\/B7\\\/Scirocco 3\\\/Seat\\\/Leon\\\/2\\\/Skoda\\\/Octavia\\\/2 Gaspedal 1K1721503P - Audi-Klaus\",\"isPartOf\":{\"@id\":\"https:\\\/\\\/audi-klaus.at\\\/shop\\\/#website\"},\"primaryImageOfPage\":{\"@id\":\"https:\\\/\\\/audi-klaus.at\\\/shop\\\/produkt\\\/audi-a3-8p-tt-vw-golf-jetta-5-passat-b6-b7-scirocco-3-seat-leon-2-skoda-octavia-2-gaspedal-1k1721503p\\\/#primaryimage\"},\"image\":{\"@id\":\"https:\\\/\\\/audi-klaus.at\\\/shop\\\/produkt\\\/audi-a3-8p-tt-vw-golf-jetta-5-passat-b6-b7-scirocco-3-seat-leon-2-skoda-octavia-2-gaspedal-1k1721503p\\\/#primaryimage\"},\"thumbnailUrl\":\"https:\\\/\\\/audi-klaus.at\\\/shop\\\/wp-content\\\/uploads\\\/2022\\\/05\\\/IA2021-3.jpg\",\"datePublished\":\"2022-05-12T09:13:10+00:00\",\"dateModified\":\"2026-01-07T20:51:11+00:00\",\"breadcrumb\":{\"@id\":\"https:\\\/\\\/audi-klaus.at\\\/shop\\\/produkt\\\/audi-a3-8p-tt-vw-golf-jetta-5-passat-b6-b7-scirocco-3-seat-leon-2-skoda-octavia-2-gaspedal-1k1721503p\\\/#breadcrumb\"},\"inLanguage\":\"de-AT\",\"potentialAction\":[{\"@type\":\"ReadAction\",\"target\":[\"https:\\\/\\\/audi-klaus.at\\\/shop\\\/produkt\\\/audi-a3-8p-tt-vw-golf-jetta-5-passat-b6-b7-scirocco-3-seat-leon-2-skoda-octavia-2-gaspedal-1k1721503p\\\/\"]}]},{\"@type\":\"ImageObject\",\"inLanguage\":\"de-AT\",\"@id\":\"https:\\\/\\\/audi-klaus.at\\\/shop\\\/produkt\\\/audi-a3-8p-tt-vw-golf-jetta-5-passat-b6-b7-scirocco-3-seat-leon-2-skoda-octavia-2-gaspedal-1k1721503p\\\/#primaryimage\",\"url\":\"https:\\\/\\\/audi-klaus.at\\\/shop\\\/wp-content\\\/uploads\\\/2022\\\/05\\\/IA2021-3.jpg\",\"contentUrl\":\"https:\\\/\\\/audi-klaus.at\\\/shop\\\/wp-content\\\/uploads\\\/2022\\\/05\\\/IA2021-3.jpg\",\"width\":437,\"height\":430},{\"@type\":\"BreadcrumbList\",\"@id\":\"https:\\\/\\\/audi-klaus.at\\\/shop\\\/produkt\\\/audi-a3-8p-tt-vw-golf-jetta-5-passat-b6-b7-scirocco-3-seat-leon-2-skoda-octavia-2-gaspedal-1k1721503p\\\/#breadcrumb\",\"itemListElement\":[{\"@type\":\"ListItem\",\"position\":1,\"name\":\"Startseite\",\"item\":\"https:\\\/\\\/audi-klaus.at\\\/shop\\\/\"},{\"@type\":\"ListItem\",\"position\":2,\"name\":\"Shop\",\"item\":\"https:\\\/\\\/audi-klaus.at\\\/shop\\\/\"},{\"@type\":\"ListItem\",\"position\":3,\"name\":\"Audi A3\\\/8P\\\/TT\\\/VW Golf\\\/Jetta 5\\\/Passat\\\/B6\\\/B7\\\/Scirocco 3\\\/Seat\\\/Leon\\\/2\\\/Skoda\\\/Octavia\\\/2 Gaspedal 1K1721503P\"}]},{\"@type\":\"WebSite\",\"@id\":\"https:\\\/\\\/audi-klaus.at\\\/shop\\\/#website\",\"url\":\"https:\\\/\\\/audi-klaus.at\\\/shop\\\/\",\"name\":\"Audi-Klaus\",\"description\":\"Ihr Gebrauchtteile Spezialist f\u00fcr die Marken Audi, VW (VAG)\",\"publisher\":{\"@id\":\"https:\\\/\\\/audi-klaus.at\\\/shop\\\/#organization\"},\"potentialAction\":[{\"@type\":\"SearchAction\",\"target\":{\"@type\":\"EntryPoint\",\"urlTemplate\":\"https:\\\/\\\/audi-klaus.at\\\/shop\\\/?s={search_term_string}\"},\"query-input\":{\"@type\":\"PropertyValueSpecification\",\"valueRequired\":true,\"valueName\":\"search_term_string\"}}],\"inLanguage\":\"de-AT\"},{\"@type\":\"Organization\",\"@id\":\"https:\\\/\\\/audi-klaus.at\\\/shop\\\/#organization\",\"name\":\"Audi-Klaus\",\"url\":\"https:\\\/\\\/audi-klaus.at\\\/shop\\\/\",\"logo\":{\"@type\":\"ImageObject\",\"inLanguage\":\"de-AT\",\"@id\":\"https:\\\/\\\/audi-klaus.at\\\/shop\\\/#\\\/schema\\\/logo\\\/image\\\/\",\"url\":\"https:\\\/\\\/audi-klaus.at\\\/shop\\\/wp-content\\\/uploads\\\/2024\\\/10\\\/Logo-Shop.webp\",\"contentUrl\":\"https:\\\/\\\/audi-klaus.at\\\/shop\\\/wp-content\\\/uploads\\\/2024\\\/10\\\/Logo-Shop.webp\",\"width\":470,\"height\":164,\"caption\":\"Audi-Klaus\"},\"image\":{\"@id\":\"https:\\\/\\\/audi-klaus.at\\\/shop\\\/#\\\/schema\\\/logo\\\/image\\\/\"},\"sameAs\":[\"https:\\\/\\\/www.facebook.com\\\/audi.klaus.1312\\\/\",\"https:\\\/\\\/www.instagram.com\\\/audi_klaus\\\/?igshid=1eca3qu2mdayg\"]}]}<\/script>\n<!-- \/ Yoast SEO plugin. -->","yoast_head_json":{"title":"Audi A3\/8P\/TT\/VW Golf\/Jetta 5\/Passat\/B6\/B7\/Scirocco 3\/Seat\/Leon\/2\/Skoda\/Octavia\/2 Gaspedal 1K1721503P - Audi-Klaus","robots":{"index":"index","follow":"follow","max-snippet":"max-snippet:-1","max-image-preview":"max-image-preview:large","max-video-preview":"max-video-preview:-1"},"canonical":"https:\/\/audi-klaus.at\/shop\/produkt\/audi-a3-8p-tt-vw-golf-jetta-5-passat-b6-b7-scirocco-3-seat-leon-2-skoda-octavia-2-gaspedal-1k1721503p\/","og_locale":"de_DE","og_type":"article","og_title":"Audi A3\/8P\/TT\/VW Golf\/Jetta 5\/Passat\/B6\/B7\/Scirocco 3\/Seat\/Leon\/2\/Skoda\/Octavia\/2 Gaspedal 1K1721503P - Audi-Klaus","og_description":"Marke: Audi\/VW\/Skoda\/Seat Modell: A3\/TT\/Golf\/Jetta\/Passat\/Scirocco\/Leon\/Octavia Typ: 8P\/5\/B6\/B7\/3\/2 !!!Achtung!!!Ein Halter ist defekt!!!","og_url":"https:\/\/audi-klaus.at\/shop\/produkt\/audi-a3-8p-tt-vw-golf-jetta-5-passat-b6-b7-scirocco-3-seat-leon-2-skoda-octavia-2-gaspedal-1k1721503p\/","og_site_name":"Audi-Klaus","article_publisher":"https:\/\/www.facebook.com\/audi.klaus.1312\/","article_modified_time":"2026-01-07T20:51:11+00:00","og_image":[{"width":437,"height":430,"url":"https:\/\/audi-klaus.at\/shop\/wp-content\/uploads\/2022\/05\/IA2021-3.jpg","type":"image\/jpeg"}],"twitter_card":"summary_large_image","schema":{"@context":"https:\/\/schema.org","@graph":[{"@type":"WebPage","@id":"https:\/\/audi-klaus.at\/shop\/produkt\/audi-a3-8p-tt-vw-golf-jetta-5-passat-b6-b7-scirocco-3-seat-leon-2-skoda-octavia-2-gaspedal-1k1721503p\/","url":"https:\/\/audi-klaus.at\/shop\/produkt\/audi-a3-8p-tt-vw-golf-jetta-5-passat-b6-b7-scirocco-3-seat-leon-2-skoda-octavia-2-gaspedal-1k1721503p\/","name":"Audi A3\/8P\/TT\/VW Golf\/Jetta 5\/Passat\/B6\/B7\/Scirocco 3\/Seat\/Leon\/2\/Skoda\/Octavia\/2 Gaspedal 1K1721503P - Audi-Klaus","isPartOf":{"@id":"https:\/\/audi-klaus.at\/shop\/#website"},"primaryImageOfPage":{"@id":"https:\/\/audi-klaus.at\/shop\/produkt\/audi-a3-8p-tt-vw-golf-jetta-5-passat-b6-b7-scirocco-3-seat-leon-2-skoda-octavia-2-gaspedal-1k1721503p\/#primaryimage"},"image":{"@id":"https:\/\/audi-klaus.at\/shop\/produkt\/audi-a3-8p-tt-vw-golf-jetta-5-passat-b6-b7-scirocco-3-seat-leon-2-skoda-octavia-2-gaspedal-1k1721503p\/#primaryimage"},"thumbnailUrl":"https:\/\/audi-klaus.at\/shop\/wp-content\/uploads\/2022\/05\/IA2021-3.jpg","datePublished":"2022-05-12T09:13:10+00:00","dateModified":"2026-01-07T20:51:11+00:00","breadcrumb":{"@id":"https:\/\/audi-klaus.at\/shop\/produkt\/audi-a3-8p-tt-vw-golf-jetta-5-passat-b6-b7-scirocco-3-seat-leon-2-skoda-octavia-2-gaspedal-1k1721503p\/#breadcrumb"},"inLanguage":"de-AT","potentialAction":[{"@type":"ReadAction","target":["https:\/\/audi-klaus.at\/shop\/produkt\/audi-a3-8p-tt-vw-golf-jetta-5-passat-b6-b7-scirocco-3-seat-leon-2-skoda-octavia-2-gaspedal-1k1721503p\/"]}]},{"@type":"ImageObject","inLanguage":"de-AT","@id":"https:\/\/audi-klaus.at\/shop\/produkt\/audi-a3-8p-tt-vw-golf-jetta-5-passat-b6-b7-scirocco-3-seat-leon-2-skoda-octavia-2-gaspedal-1k1721503p\/#primaryimage","url":"https:\/\/audi-klaus.at\/shop\/wp-content\/uploads\/2022\/05\/IA2021-3.jpg","contentUrl":"https:\/\/audi-klaus.at\/shop\/wp-content\/uploads\/2022\/05\/IA2021-3.jpg","width":437,"height":430},{"@type":"BreadcrumbList","@id":"https:\/\/audi-klaus.at\/shop\/produkt\/audi-a3-8p-tt-vw-golf-jetta-5-passat-b6-b7-scirocco-3-seat-leon-2-skoda-octavia-2-gaspedal-1k1721503p\/#breadcrumb","itemListElement":[{"@type":"ListItem","position":1,"name":"Startseite","item":"https:\/\/audi-klaus.at\/shop\/"},{"@type":"ListItem","position":2,"name":"Shop","item":"https:\/\/audi-klaus.at\/shop\/"},{"@type":"ListItem","position":3,"name":"Audi A3\/8P\/TT\/VW Golf\/Jetta 5\/Passat\/B6\/B7\/Scirocco 3\/Seat\/Leon\/2\/Skoda\/Octavia\/2 Gaspedal 1K1721503P"}]},{"@type":"WebSite","@id":"https:\/\/audi-klaus.at\/shop\/#website","url":"https:\/\/audi-klaus.at\/shop\/","name":"Audi-Klaus","description":"Ihr Gebrauchtteile Spezialist f\u00fcr die Marken Audi, VW (VAG)","publisher":{"@id":"https:\/\/audi-klaus.at\/shop\/#organization"},"potentialAction":[{"@type":"SearchAction","target":{"@type":"EntryPoint","urlTemplate":"https:\/\/audi-klaus.at\/shop\/?s={search_term_string}"},"query-input":{"@type":"PropertyValueSpecification","valueRequired":true,"valueName":"search_term_string"}}],"inLanguage":"de-AT"},{"@type":"Organization","@id":"https:\/\/audi-klaus.at\/shop\/#organization","name":"Audi-Klaus","url":"https:\/\/audi-klaus.at\/shop\/","logo":{"@type":"ImageObject","inLanguage":"de-AT","@id":"https:\/\/audi-klaus.at\/shop\/#\/schema\/logo\/image\/","url":"https:\/\/audi-klaus.at\/shop\/wp-content\/uploads\/2024\/10\/Logo-Shop.webp","contentUrl":"https:\/\/audi-klaus.at\/shop\/wp-content\/uploads\/2024\/10\/Logo-Shop.webp","width":470,"height":164,"caption":"Audi-Klaus"},"image":{"@id":"https:\/\/audi-klaus.at\/shop\/#\/schema\/logo\/image\/"},"sameAs":["https:\/\/www.facebook.com\/audi.klaus.1312\/","https:\/\/www.instagram.com\/audi_klaus\/?igshid=1eca3qu2mdayg"]}]}},"_links":{"self":[{"href":"https:\/\/audi-klaus.at\/shop\/wp-json\/wp\/v2\/product\/42394","targetHints":{"allow":["GET"]}}],"collection":[{"href":"https:\/\/audi-klaus.at\/shop\/wp-json\/wp\/v2\/product"}],"about":[{"href":"https:\/\/audi-klaus.at\/shop\/wp-json\/wp\/v2\/types\/product"}],"wp:featuredmedia":[{"embeddable":true,"href":"https:\/\/audi-klaus.at\/shop\/wp-json\/wp\/v2\/media\/42122"}],"wp:attachment":[{"href":"https:\/\/audi-klaus.at\/shop\/wp-json\/wp\/v2\/media?parent=42394"}],"wp:term":[{"taxonomy":"product_brand","embeddable":true,"href":"https:\/\/audi-klaus.at\/shop\/wp-json\/wp\/v2\/product_brand?post=42394"},{"taxonomy":"product_cat","embeddable":true,"href":"https:\/\/audi-klaus.at\/shop\/wp-json\/wp\/v2\/product_cat?post=42394"},{"taxonomy":"product_tag","embeddable":true,"href":"https:\/\/audi-klaus.at\/shop\/wp-json\/wp\/v2\/product_tag?post=42394"}],"curies":[{"name":"wp","href":"https:\/\/api.w.org\/{rel}","templated":true}]}}