{"id":37919,"date":"2022-04-19T15:56:54","date_gmt":"2022-04-19T13:56:54","guid":{"rendered":"http:\/\/audi-klaus.at.server171-han.server-routing.com\/shop\/?post_type=product&#038;p=37919"},"modified":"2026-01-07T21:48:55","modified_gmt":"2026-01-07T20:48:55","slug":"vw-golf-3-cabrio-vento-motorsteuergeraet-037906025a","status":"publish","type":"product","link":"https:\/\/audi-klaus.at\/shop\/produkt\/vw-golf-3-cabrio-vento-motorsteuergeraet-037906025a\/","title":{"rendered":"VW Golf 3\/Cabrio\/Vento Motorsteuerger\u00e4t 037906025A"},"content":{"rendered":"<p><strong><span style=\"color: #000000\"><span style=\"font-family: Source Sans Pro, sans-serif\"><span style=\"font-size: medium\"><b>VAG Teilenummer<\/b><\/span><\/span><\/span><\/strong><span style=\"color: #000000\"><span style=\"font-family: Source Sans Pro, sans-serif\"><span style=\"font-size: medium\"><b>:<\/b><\/span><\/span><\/span> 037 906 025A<span style=\"font-family: Source Sans Pro, sans-serif\"><span style=\"font-size: medium\"><br \/>\n<\/span><\/span><strong><span style=\"color: #000000\"><span style=\"font-family: Source Sans Pro, sans-serif\"><span style=\"font-size: medium\"><b>Zustand:<\/b><\/span><\/span><\/span><\/strong><span style=\"color: #000000\"><span style=\"font-family: Source Sans Pro, sans-serif\"><span style=\"font-size: medium\"> Gebraucht<\/span><\/span><\/span><span style=\"font-family: Source Sans Pro, sans-serif\"><span style=\"font-size: medium\"><br \/>\n<\/span><\/span><strong><span style=\"color: #000000\"><span style=\"font-family: Source Sans Pro, sans-serif\"><span style=\"font-size: medium\"><b>Lieferumfang:<\/b><\/span><\/span><\/span><\/strong> <span style=\"color: #000000\"><span style=\"font-family: Source Sans Pro, sans-serif\"><span style=\"font-size: medium\">wie in den Original-Abbildungen angegeben<\/span><\/span><\/span><span style=\"font-family: Source Sans Pro, sans-serif\"><span style=\"font-size: medium\"><br \/>\n<\/span><\/span><span style=\"color: #000000\"><span style=\"font-family: Source Sans Pro, sans-serif\"><span style=\"font-size: medium\">Hinweis: Bitte \u00fcberpr\u00fcfen Sie vor dem Kauf anhand der eindeutigen Teilenummern, ob der Artikel zum Fahrzeug passt, um R\u00fccksendungen zu vermeiden! Trotz Angabe der entsprechenden Fahrzeugdaten ist eine eindeutige Zuordnung nur \u00fcber die Teilenummer m\u00f6glich! Die abgelesene Teilenummer ist die Teilenummer des Teils, welches geliefert wird. Die Originalteilnummer ist diejenige, die bei Neubestellung f\u00fcr dieses Teil gilt und der m\u00f6glicherweise abweichenden, gelieferten Teilenummer entspricht. Sollten weitere Fragen offen sein, kontaktieren Sie uns bitte unter <\/span><\/span><\/span><a href=\"mailto:office@audi-klaus.at\"><span style=\"font-family: Source Sans Pro, sans-serif\"><span style=\"font-size: medium\">office@audi-klaus.at<\/span><\/span><\/a><\/p>\n","protected":false},"excerpt":{"rendered":"<h5><strong><span style=\"font-size: 18pt\">Marke: VW<\/span><\/strong><\/h5>\n<h5><strong><span style=\"font-size: 18pt\">Modell: Golf\/Vento\/Cabrio<\/span><\/strong><\/h5>\n<h5><strong><span style=\"font-size: 18pt\">Typ: 3<\/span><\/strong><\/h5>\n<h5><strong><span style=\"font-size: 18pt\">Motor: ADY 2,0l 115PS GTI<\/span><\/strong><\/h5>\n","protected":false},"featured_media":37689,"template":"","meta":[],"product_brand":[],"product_cat":[1209,1295,1365,1437,1164,1165,1166,1168,1195,1202],"product_tag":[10783,11933],"class_list":{"0":"post-37919","1":"product","2":"type-product","3":"status-publish","4":"has-post-thumbnail","6":"product_cat-1h5-1991-1998","7":"product_cat-elektrik-3-1h-1990-1998","8":"product_cat-elektrik-3-1e0-1990-1998","9":"product_cat-elektrik-1h5-1991-1998","10":"product_cat-vw","11":"product_cat-golf","12":"product_cat-golf-cabrio","13":"product_cat-vento","14":"product_cat-3-1h-1990-1998","15":"product_cat-3-1e0-1990-1998","16":"product_tag-10783","17":"product_tag-037906025a","19":"first","20":"outofstock","21":"taxable","22":"shipping-taxable","23":"purchasable","24":"product-type-simple"},"yoast_head":"<!-- This site is optimized with the Yoast SEO plugin v27.5 - https:\/\/yoast.com\/product\/yoast-seo-wordpress\/ -->\n<title>VW Golf 3\/Cabrio\/Vento Motorsteuerger\u00e4t 037906025A - Audi-Klaus<\/title>\n<meta name=\"robots\" content=\"index, follow, max-snippet:-1, max-image-preview:large, max-video-preview:-1\" \/>\n<link rel=\"canonical\" href=\"https:\/\/audi-klaus.at\/shop\/produkt\/vw-golf-3-cabrio-vento-motorsteuergeraet-037906025a\/\" \/>\n<meta property=\"og:locale\" content=\"de_DE\" \/>\n<meta property=\"og:type\" content=\"article\" \/>\n<meta property=\"og:title\" content=\"VW Golf 3\/Cabrio\/Vento Motorsteuerger\u00e4t 037906025A - Audi-Klaus\" \/>\n<meta property=\"og:description\" content=\"Marke: VW Modell: Golf\/Vento\/Cabrio Typ: 3 Motor: ADY 2,0l 115PS GTI\" \/>\n<meta property=\"og:url\" content=\"https:\/\/audi-klaus.at\/shop\/produkt\/vw-golf-3-cabrio-vento-motorsteuergeraet-037906025a\/\" \/>\n<meta property=\"og:site_name\" content=\"Audi-Klaus\" \/>\n<meta property=\"article:publisher\" content=\"https:\/\/www.facebook.com\/audi.klaus.1312\/\" \/>\n<meta property=\"article:modified_time\" content=\"2026-01-07T20:48:55+00:00\" \/>\n<meta property=\"og:image\" content=\"https:\/\/audi-klaus.at\/shop\/wp-content\/uploads\/2022\/04\/E1011-2.jpg\" \/>\n\t<meta property=\"og:image:width\" content=\"430\" \/>\n\t<meta property=\"og:image:height\" content=\"430\" \/>\n\t<meta property=\"og:image:type\" content=\"image\/jpeg\" \/>\n<meta name=\"twitter:card\" content=\"summary_large_image\" \/>\n<script type=\"application\/ld+json\" class=\"yoast-schema-graph\">{\"@context\":\"https:\\\/\\\/schema.org\",\"@graph\":[{\"@type\":\"WebPage\",\"@id\":\"https:\\\/\\\/audi-klaus.at\\\/shop\\\/produkt\\\/vw-golf-3-cabrio-vento-motorsteuergeraet-037906025a\\\/\",\"url\":\"https:\\\/\\\/audi-klaus.at\\\/shop\\\/produkt\\\/vw-golf-3-cabrio-vento-motorsteuergeraet-037906025a\\\/\",\"name\":\"VW Golf 3\\\/Cabrio\\\/Vento Motorsteuerger\u00e4t 037906025A - Audi-Klaus\",\"isPartOf\":{\"@id\":\"https:\\\/\\\/audi-klaus.at\\\/shop\\\/#website\"},\"primaryImageOfPage\":{\"@id\":\"https:\\\/\\\/audi-klaus.at\\\/shop\\\/produkt\\\/vw-golf-3-cabrio-vento-motorsteuergeraet-037906025a\\\/#primaryimage\"},\"image\":{\"@id\":\"https:\\\/\\\/audi-klaus.at\\\/shop\\\/produkt\\\/vw-golf-3-cabrio-vento-motorsteuergeraet-037906025a\\\/#primaryimage\"},\"thumbnailUrl\":\"https:\\\/\\\/audi-klaus.at\\\/shop\\\/wp-content\\\/uploads\\\/2022\\\/04\\\/E1011-2.jpg\",\"datePublished\":\"2022-04-19T13:56:54+00:00\",\"dateModified\":\"2026-01-07T20:48:55+00:00\",\"breadcrumb\":{\"@id\":\"https:\\\/\\\/audi-klaus.at\\\/shop\\\/produkt\\\/vw-golf-3-cabrio-vento-motorsteuergeraet-037906025a\\\/#breadcrumb\"},\"inLanguage\":\"de-AT\",\"potentialAction\":[{\"@type\":\"ReadAction\",\"target\":[\"https:\\\/\\\/audi-klaus.at\\\/shop\\\/produkt\\\/vw-golf-3-cabrio-vento-motorsteuergeraet-037906025a\\\/\"]}]},{\"@type\":\"ImageObject\",\"inLanguage\":\"de-AT\",\"@id\":\"https:\\\/\\\/audi-klaus.at\\\/shop\\\/produkt\\\/vw-golf-3-cabrio-vento-motorsteuergeraet-037906025a\\\/#primaryimage\",\"url\":\"https:\\\/\\\/audi-klaus.at\\\/shop\\\/wp-content\\\/uploads\\\/2022\\\/04\\\/E1011-2.jpg\",\"contentUrl\":\"https:\\\/\\\/audi-klaus.at\\\/shop\\\/wp-content\\\/uploads\\\/2022\\\/04\\\/E1011-2.jpg\",\"width\":430,\"height\":430},{\"@type\":\"BreadcrumbList\",\"@id\":\"https:\\\/\\\/audi-klaus.at\\\/shop\\\/produkt\\\/vw-golf-3-cabrio-vento-motorsteuergeraet-037906025a\\\/#breadcrumb\",\"itemListElement\":[{\"@type\":\"ListItem\",\"position\":1,\"name\":\"Startseite\",\"item\":\"https:\\\/\\\/audi-klaus.at\\\/shop\\\/\"},{\"@type\":\"ListItem\",\"position\":2,\"name\":\"Shop\",\"item\":\"https:\\\/\\\/audi-klaus.at\\\/shop\\\/\"},{\"@type\":\"ListItem\",\"position\":3,\"name\":\"VW Golf 3\\\/Cabrio\\\/Vento Motorsteuerger\u00e4t 037906025A\"}]},{\"@type\":\"WebSite\",\"@id\":\"https:\\\/\\\/audi-klaus.at\\\/shop\\\/#website\",\"url\":\"https:\\\/\\\/audi-klaus.at\\\/shop\\\/\",\"name\":\"Audi-Klaus\",\"description\":\"Ihr Gebrauchtteile Spezialist f\u00fcr die Marken Audi, VW (VAG)\",\"publisher\":{\"@id\":\"https:\\\/\\\/audi-klaus.at\\\/shop\\\/#organization\"},\"potentialAction\":[{\"@type\":\"SearchAction\",\"target\":{\"@type\":\"EntryPoint\",\"urlTemplate\":\"https:\\\/\\\/audi-klaus.at\\\/shop\\\/?s={search_term_string}\"},\"query-input\":{\"@type\":\"PropertyValueSpecification\",\"valueRequired\":true,\"valueName\":\"search_term_string\"}}],\"inLanguage\":\"de-AT\"},{\"@type\":\"Organization\",\"@id\":\"https:\\\/\\\/audi-klaus.at\\\/shop\\\/#organization\",\"name\":\"Audi-Klaus\",\"url\":\"https:\\\/\\\/audi-klaus.at\\\/shop\\\/\",\"logo\":{\"@type\":\"ImageObject\",\"inLanguage\":\"de-AT\",\"@id\":\"https:\\\/\\\/audi-klaus.at\\\/shop\\\/#\\\/schema\\\/logo\\\/image\\\/\",\"url\":\"https:\\\/\\\/audi-klaus.at\\\/shop\\\/wp-content\\\/uploads\\\/2024\\\/10\\\/Logo-Shop.webp\",\"contentUrl\":\"https:\\\/\\\/audi-klaus.at\\\/shop\\\/wp-content\\\/uploads\\\/2024\\\/10\\\/Logo-Shop.webp\",\"width\":470,\"height\":164,\"caption\":\"Audi-Klaus\"},\"image\":{\"@id\":\"https:\\\/\\\/audi-klaus.at\\\/shop\\\/#\\\/schema\\\/logo\\\/image\\\/\"},\"sameAs\":[\"https:\\\/\\\/www.facebook.com\\\/audi.klaus.1312\\\/\",\"https:\\\/\\\/www.instagram.com\\\/audi_klaus\\\/?igshid=1eca3qu2mdayg\"]}]}<\/script>\n<!-- \/ Yoast SEO plugin. -->","yoast_head_json":{"title":"VW Golf 3\/Cabrio\/Vento Motorsteuerger\u00e4t 037906025A - Audi-Klaus","robots":{"index":"index","follow":"follow","max-snippet":"max-snippet:-1","max-image-preview":"max-image-preview:large","max-video-preview":"max-video-preview:-1"},"canonical":"https:\/\/audi-klaus.at\/shop\/produkt\/vw-golf-3-cabrio-vento-motorsteuergeraet-037906025a\/","og_locale":"de_DE","og_type":"article","og_title":"VW Golf 3\/Cabrio\/Vento Motorsteuerger\u00e4t 037906025A - Audi-Klaus","og_description":"Marke: VW Modell: Golf\/Vento\/Cabrio Typ: 3 Motor: ADY 2,0l 115PS GTI","og_url":"https:\/\/audi-klaus.at\/shop\/produkt\/vw-golf-3-cabrio-vento-motorsteuergeraet-037906025a\/","og_site_name":"Audi-Klaus","article_publisher":"https:\/\/www.facebook.com\/audi.klaus.1312\/","article_modified_time":"2026-01-07T20:48:55+00:00","og_image":[{"width":430,"height":430,"url":"https:\/\/audi-klaus.at\/shop\/wp-content\/uploads\/2022\/04\/E1011-2.jpg","type":"image\/jpeg"}],"twitter_card":"summary_large_image","schema":{"@context":"https:\/\/schema.org","@graph":[{"@type":"WebPage","@id":"https:\/\/audi-klaus.at\/shop\/produkt\/vw-golf-3-cabrio-vento-motorsteuergeraet-037906025a\/","url":"https:\/\/audi-klaus.at\/shop\/produkt\/vw-golf-3-cabrio-vento-motorsteuergeraet-037906025a\/","name":"VW Golf 3\/Cabrio\/Vento Motorsteuerger\u00e4t 037906025A - Audi-Klaus","isPartOf":{"@id":"https:\/\/audi-klaus.at\/shop\/#website"},"primaryImageOfPage":{"@id":"https:\/\/audi-klaus.at\/shop\/produkt\/vw-golf-3-cabrio-vento-motorsteuergeraet-037906025a\/#primaryimage"},"image":{"@id":"https:\/\/audi-klaus.at\/shop\/produkt\/vw-golf-3-cabrio-vento-motorsteuergeraet-037906025a\/#primaryimage"},"thumbnailUrl":"https:\/\/audi-klaus.at\/shop\/wp-content\/uploads\/2022\/04\/E1011-2.jpg","datePublished":"2022-04-19T13:56:54+00:00","dateModified":"2026-01-07T20:48:55+00:00","breadcrumb":{"@id":"https:\/\/audi-klaus.at\/shop\/produkt\/vw-golf-3-cabrio-vento-motorsteuergeraet-037906025a\/#breadcrumb"},"inLanguage":"de-AT","potentialAction":[{"@type":"ReadAction","target":["https:\/\/audi-klaus.at\/shop\/produkt\/vw-golf-3-cabrio-vento-motorsteuergeraet-037906025a\/"]}]},{"@type":"ImageObject","inLanguage":"de-AT","@id":"https:\/\/audi-klaus.at\/shop\/produkt\/vw-golf-3-cabrio-vento-motorsteuergeraet-037906025a\/#primaryimage","url":"https:\/\/audi-klaus.at\/shop\/wp-content\/uploads\/2022\/04\/E1011-2.jpg","contentUrl":"https:\/\/audi-klaus.at\/shop\/wp-content\/uploads\/2022\/04\/E1011-2.jpg","width":430,"height":430},{"@type":"BreadcrumbList","@id":"https:\/\/audi-klaus.at\/shop\/produkt\/vw-golf-3-cabrio-vento-motorsteuergeraet-037906025a\/#breadcrumb","itemListElement":[{"@type":"ListItem","position":1,"name":"Startseite","item":"https:\/\/audi-klaus.at\/shop\/"},{"@type":"ListItem","position":2,"name":"Shop","item":"https:\/\/audi-klaus.at\/shop\/"},{"@type":"ListItem","position":3,"name":"VW Golf 3\/Cabrio\/Vento Motorsteuerger\u00e4t 037906025A"}]},{"@type":"WebSite","@id":"https:\/\/audi-klaus.at\/shop\/#website","url":"https:\/\/audi-klaus.at\/shop\/","name":"Audi-Klaus","description":"Ihr Gebrauchtteile Spezialist f\u00fcr die Marken Audi, VW (VAG)","publisher":{"@id":"https:\/\/audi-klaus.at\/shop\/#organization"},"potentialAction":[{"@type":"SearchAction","target":{"@type":"EntryPoint","urlTemplate":"https:\/\/audi-klaus.at\/shop\/?s={search_term_string}"},"query-input":{"@type":"PropertyValueSpecification","valueRequired":true,"valueName":"search_term_string"}}],"inLanguage":"de-AT"},{"@type":"Organization","@id":"https:\/\/audi-klaus.at\/shop\/#organization","name":"Audi-Klaus","url":"https:\/\/audi-klaus.at\/shop\/","logo":{"@type":"ImageObject","inLanguage":"de-AT","@id":"https:\/\/audi-klaus.at\/shop\/#\/schema\/logo\/image\/","url":"https:\/\/audi-klaus.at\/shop\/wp-content\/uploads\/2024\/10\/Logo-Shop.webp","contentUrl":"https:\/\/audi-klaus.at\/shop\/wp-content\/uploads\/2024\/10\/Logo-Shop.webp","width":470,"height":164,"caption":"Audi-Klaus"},"image":{"@id":"https:\/\/audi-klaus.at\/shop\/#\/schema\/logo\/image\/"},"sameAs":["https:\/\/www.facebook.com\/audi.klaus.1312\/","https:\/\/www.instagram.com\/audi_klaus\/?igshid=1eca3qu2mdayg"]}]}},"_links":{"self":[{"href":"https:\/\/audi-klaus.at\/shop\/wp-json\/wp\/v2\/product\/37919","targetHints":{"allow":["GET"]}}],"collection":[{"href":"https:\/\/audi-klaus.at\/shop\/wp-json\/wp\/v2\/product"}],"about":[{"href":"https:\/\/audi-klaus.at\/shop\/wp-json\/wp\/v2\/types\/product"}],"wp:featuredmedia":[{"embeddable":true,"href":"https:\/\/audi-klaus.at\/shop\/wp-json\/wp\/v2\/media\/37689"}],"wp:attachment":[{"href":"https:\/\/audi-klaus.at\/shop\/wp-json\/wp\/v2\/media?parent=37919"}],"wp:term":[{"taxonomy":"product_brand","embeddable":true,"href":"https:\/\/audi-klaus.at\/shop\/wp-json\/wp\/v2\/product_brand?post=37919"},{"taxonomy":"product_cat","embeddable":true,"href":"https:\/\/audi-klaus.at\/shop\/wp-json\/wp\/v2\/product_cat?post=37919"},{"taxonomy":"product_tag","embeddable":true,"href":"https:\/\/audi-klaus.at\/shop\/wp-json\/wp\/v2\/product_tag?post=37919"}],"curies":[{"name":"wp","href":"https:\/\/api.w.org\/{rel}","templated":true}]}}