{"id":21072,"date":"2022-01-31T14:54:55","date_gmt":"2022-01-31T13:54:55","guid":{"rendered":"http:\/\/audi-klaus.at.server171-han.server-routing.com\/shop\/?post_type=product&#038;p=21072"},"modified":"2026-01-07T21:04:46","modified_gmt":"2026-01-07T20:04:46","slug":"vw-polo-6n-golf-cabrio-3-vento-clip-tuerverkleidung-neu-6n0868243a","status":"publish","type":"product","link":"https:\/\/audi-klaus.at\/shop\/produkt\/vw-polo-6n-golf-cabrio-3-vento-clip-tuerverkleidung-neu-6n0868243a\/","title":{"rendered":"VW Polo\/6N\/Golf\/Cabrio\/3\/Vento Clip T\u00fcrverkleidung Neu 6N0868243A"},"content":{"rendered":"<p><strong><span style=\"color: #000000\"><span style=\"font-family: Source Sans Pro, sans-serif\"><span style=\"font-size: medium\"><b>VAG Teilenummer<\/b><\/span><\/span><\/span><\/strong><span style=\"color: #000000\"><span style=\"font-family: Source Sans Pro, sans-serif\"><span style=\"font-size: medium\"><b>:<\/b><\/span><\/span><\/span> 6N0 868 243A<span style=\"font-family: Source Sans Pro, sans-serif\"><span style=\"font-size: medium\"><br \/>\n<\/span><\/span><strong><span style=\"color: #000000\"><span style=\"font-family: Source Sans Pro, sans-serif\"><span style=\"font-size: medium\"><b>Zustand:<\/b><\/span><\/span><\/span><\/strong><span style=\"color: #000000\"><span style=\"font-family: Source Sans Pro, sans-serif\"><span style=\"font-size: medium\"> Neu<\/span><\/span><\/span><span style=\"font-family: Source Sans Pro, sans-serif\"><span style=\"font-size: medium\"><br \/>\n<\/span><\/span><strong><span style=\"color: #000000\"><span style=\"font-family: Source Sans Pro, sans-serif\"><span style=\"font-size: medium\"><b>Lieferumfang:<\/b><\/span><\/span><\/span><\/strong> <span style=\"color: #000000\"><span style=\"font-family: Source Sans Pro, sans-serif\"><span style=\"font-size: medium\">wie in den Original-Abbildungen angegeben<\/span><\/span><\/span><span style=\"font-family: Source Sans Pro, sans-serif\"><span style=\"font-size: medium\"><br \/>\n<\/span><\/span><span style=\"color: #000000\"><span style=\"font-family: Source Sans Pro, sans-serif\"><span style=\"font-size: medium\">Hinweis: Bitte \u00fcberpr\u00fcfen Sie vor dem Kauf anhand der eindeutigen Teilenummern, ob der Artikel zum Fahrzeug passt, um R\u00fccksendungen zu vermeiden! Trotz Angabe der entsprechenden Fahrzeugdaten ist eine eindeutige Zuordnung nur \u00fcber die Teilenummer m\u00f6glich! Die abgelesene Teilenummer ist die Teilenummer des Teils, welches geliefert wird. Die Originalteilnummer ist diejenige, die bei Neubestellung f\u00fcr dieses Teil gilt und der m\u00f6glicherweise abweichenden, gelieferten Teilenummer entspricht. Sollten weitere Fragen offen sein, kontaktieren Sie uns bitte unter <\/span><\/span><\/span><a href=\"mailto:office@audi-klaus.at\"><span style=\"font-family: Source Sans Pro, sans-serif\"><span style=\"font-size: medium\">office@audi-klaus.at<\/span><\/span><\/a><\/p>\n","protected":false},"excerpt":{"rendered":"<h5><strong><span style=\"font-size: 18pt\">Marke: VW<\/span><\/strong><\/h5>\n<h5><strong><span style=\"font-size: 18pt\">Modell: Polo\/Golf\/Cabrio\/Vento<\/span><\/strong><\/h5>\n<h5><strong><span style=\"font-size: 18pt\">Typ: 6N\/3<\/span><\/strong><\/h5>\n","protected":false},"featured_media":20111,"template":"","meta":[],"product_brand":[],"product_cat":[7179,1164,1165,1166,1168,1172,1195,1202,1209,1218],"product_tag":[7274,7275],"class_list":{"0":"post-21072","1":"product","2":"type-product","3":"status-publish","4":"has-post-thumbnail","6":"product_cat-kleinmaterial","7":"product_cat-vw","8":"product_cat-golf","9":"product_cat-golf-cabrio","10":"product_cat-vento","11":"product_cat-polo","12":"product_cat-3-1h-1990-1998","13":"product_cat-3-1e0-1990-1998","14":"product_cat-1h5-1991-1998","15":"product_cat-3-6n-1994-1999","16":"product_tag-6n0868243a","17":"product_tag-6n0868243","19":"first","20":"instock","21":"taxable","22":"shipping-taxable","23":"purchasable","24":"product-type-simple"},"yoast_head":"<!-- This site is optimized with the Yoast SEO plugin v27.4 - https:\/\/yoast.com\/product\/yoast-seo-wordpress\/ -->\n<title>VW Polo\/6N\/Golf\/Cabrio\/3\/Vento Clip T\u00fcrverkleidung Neu 6N0868243A - Audi-Klaus<\/title>\n<meta name=\"description\" content=\"VW Polo\/6N\/Golf\/Cabrio\/3\/Vento Clip T\u00fcrverkleidung Neu 6N0868243A VW Polo\/6N\/Golf\/Cabrio\/3\/Vento Clip T\u00fcrverkleidung Neu 6N0868243A Audi-Klaus\" \/>\n<meta name=\"robots\" content=\"index, follow, max-snippet:-1, max-image-preview:large, max-video-preview:-1\" \/>\n<link rel=\"canonical\" href=\"https:\/\/audi-klaus.at\/shop\/produkt\/vw-polo-6n-golf-cabrio-3-vento-clip-tuerverkleidung-neu-6n0868243a\/\" \/>\n<meta property=\"og:locale\" content=\"de_DE\" \/>\n<meta property=\"og:type\" content=\"article\" \/>\n<meta property=\"og:title\" content=\"VW Polo\/6N\/Golf\/Cabrio\/3\/Vento Clip T\u00fcrverkleidung Neu 6N0868243A - Audi-Klaus\" \/>\n<meta property=\"og:description\" content=\"VW Polo\/6N\/Golf\/Cabrio\/3\/Vento Clip T\u00fcrverkleidung Neu 6N0868243A VW Polo\/6N\/Golf\/Cabrio\/3\/Vento Clip T\u00fcrverkleidung Neu 6N0868243A Audi-Klaus\" \/>\n<meta property=\"og:url\" content=\"https:\/\/audi-klaus.at\/shop\/produkt\/vw-polo-6n-golf-cabrio-3-vento-clip-tuerverkleidung-neu-6n0868243a\/\" \/>\n<meta property=\"og:site_name\" content=\"Audi-Klaus\" \/>\n<meta property=\"article:publisher\" content=\"https:\/\/www.facebook.com\/audi.klaus.1312\/\" \/>\n<meta property=\"article:modified_time\" content=\"2026-01-07T20:04:46+00:00\" \/>\n<meta property=\"og:image\" content=\"https:\/\/audi-klaus.at\/shop\/wp-content\/uploads\/2022\/01\/C38-2.jpg\" \/>\n\t<meta property=\"og:image:width\" content=\"430\" \/>\n\t<meta property=\"og:image:height\" content=\"430\" \/>\n\t<meta property=\"og:image:type\" content=\"image\/jpeg\" \/>\n<meta name=\"twitter:card\" content=\"summary_large_image\" \/>\n<meta name=\"twitter:label1\" content=\"Gesch\u00e4tzte Lesezeit\" \/>\n\t<meta name=\"twitter:data1\" content=\"1 Minute\" \/>\n<script type=\"application\/ld+json\" class=\"yoast-schema-graph\">{\"@context\":\"https:\\\/\\\/schema.org\",\"@graph\":[{\"@type\":\"WebPage\",\"@id\":\"https:\\\/\\\/audi-klaus.at\\\/shop\\\/produkt\\\/vw-polo-6n-golf-cabrio-3-vento-clip-tuerverkleidung-neu-6n0868243a\\\/\",\"url\":\"https:\\\/\\\/audi-klaus.at\\\/shop\\\/produkt\\\/vw-polo-6n-golf-cabrio-3-vento-clip-tuerverkleidung-neu-6n0868243a\\\/\",\"name\":\"VW Polo\\\/6N\\\/Golf\\\/Cabrio\\\/3\\\/Vento Clip T\u00fcrverkleidung Neu 6N0868243A - Audi-Klaus\",\"isPartOf\":{\"@id\":\"https:\\\/\\\/audi-klaus.at\\\/shop\\\/#website\"},\"primaryImageOfPage\":{\"@id\":\"https:\\\/\\\/audi-klaus.at\\\/shop\\\/produkt\\\/vw-polo-6n-golf-cabrio-3-vento-clip-tuerverkleidung-neu-6n0868243a\\\/#primaryimage\"},\"image\":{\"@id\":\"https:\\\/\\\/audi-klaus.at\\\/shop\\\/produkt\\\/vw-polo-6n-golf-cabrio-3-vento-clip-tuerverkleidung-neu-6n0868243a\\\/#primaryimage\"},\"thumbnailUrl\":\"https:\\\/\\\/audi-klaus.at\\\/shop\\\/wp-content\\\/uploads\\\/2022\\\/01\\\/C38-2.jpg\",\"datePublished\":\"2022-01-31T13:54:55+00:00\",\"dateModified\":\"2026-01-07T20:04:46+00:00\",\"description\":\"VW Polo\\\/6N\\\/Golf\\\/Cabrio\\\/3\\\/Vento Clip T\u00fcrverkleidung Neu 6N0868243A VW Polo\\\/6N\\\/Golf\\\/Cabrio\\\/3\\\/Vento Clip T\u00fcrverkleidung Neu 6N0868243A Audi-Klaus\",\"breadcrumb\":{\"@id\":\"https:\\\/\\\/audi-klaus.at\\\/shop\\\/produkt\\\/vw-polo-6n-golf-cabrio-3-vento-clip-tuerverkleidung-neu-6n0868243a\\\/#breadcrumb\"},\"inLanguage\":\"de-AT\",\"potentialAction\":[{\"@type\":\"ReadAction\",\"target\":[\"https:\\\/\\\/audi-klaus.at\\\/shop\\\/produkt\\\/vw-polo-6n-golf-cabrio-3-vento-clip-tuerverkleidung-neu-6n0868243a\\\/\"]}]},{\"@type\":\"ImageObject\",\"inLanguage\":\"de-AT\",\"@id\":\"https:\\\/\\\/audi-klaus.at\\\/shop\\\/produkt\\\/vw-polo-6n-golf-cabrio-3-vento-clip-tuerverkleidung-neu-6n0868243a\\\/#primaryimage\",\"url\":\"https:\\\/\\\/audi-klaus.at\\\/shop\\\/wp-content\\\/uploads\\\/2022\\\/01\\\/C38-2.jpg\",\"contentUrl\":\"https:\\\/\\\/audi-klaus.at\\\/shop\\\/wp-content\\\/uploads\\\/2022\\\/01\\\/C38-2.jpg\",\"width\":430,\"height\":430},{\"@type\":\"BreadcrumbList\",\"@id\":\"https:\\\/\\\/audi-klaus.at\\\/shop\\\/produkt\\\/vw-polo-6n-golf-cabrio-3-vento-clip-tuerverkleidung-neu-6n0868243a\\\/#breadcrumb\",\"itemListElement\":[{\"@type\":\"ListItem\",\"position\":1,\"name\":\"Startseite\",\"item\":\"https:\\\/\\\/audi-klaus.at\\\/shop\\\/\"},{\"@type\":\"ListItem\",\"position\":2,\"name\":\"Shop\",\"item\":\"https:\\\/\\\/audi-klaus.at\\\/shop\\\/\"},{\"@type\":\"ListItem\",\"position\":3,\"name\":\"VW Polo\\\/6N\\\/Golf\\\/Cabrio\\\/3\\\/Vento Clip T\u00fcrverkleidung Neu 6N0868243A\"}]},{\"@type\":\"WebSite\",\"@id\":\"https:\\\/\\\/audi-klaus.at\\\/shop\\\/#website\",\"url\":\"https:\\\/\\\/audi-klaus.at\\\/shop\\\/\",\"name\":\"Audi-Klaus\",\"description\":\"Ihr Gebrauchtteile Spezialist f\u00fcr die Marken Audi, VW (VAG)\",\"publisher\":{\"@id\":\"https:\\\/\\\/audi-klaus.at\\\/shop\\\/#organization\"},\"potentialAction\":[{\"@type\":\"SearchAction\",\"target\":{\"@type\":\"EntryPoint\",\"urlTemplate\":\"https:\\\/\\\/audi-klaus.at\\\/shop\\\/?s={search_term_string}\"},\"query-input\":{\"@type\":\"PropertyValueSpecification\",\"valueRequired\":true,\"valueName\":\"search_term_string\"}}],\"inLanguage\":\"de-AT\"},{\"@type\":\"Organization\",\"@id\":\"https:\\\/\\\/audi-klaus.at\\\/shop\\\/#organization\",\"name\":\"Audi-Klaus\",\"url\":\"https:\\\/\\\/audi-klaus.at\\\/shop\\\/\",\"logo\":{\"@type\":\"ImageObject\",\"inLanguage\":\"de-AT\",\"@id\":\"https:\\\/\\\/audi-klaus.at\\\/shop\\\/#\\\/schema\\\/logo\\\/image\\\/\",\"url\":\"https:\\\/\\\/audi-klaus.at\\\/shop\\\/wp-content\\\/uploads\\\/2024\\\/10\\\/Logo-Shop.webp\",\"contentUrl\":\"https:\\\/\\\/audi-klaus.at\\\/shop\\\/wp-content\\\/uploads\\\/2024\\\/10\\\/Logo-Shop.webp\",\"width\":470,\"height\":164,\"caption\":\"Audi-Klaus\"},\"image\":{\"@id\":\"https:\\\/\\\/audi-klaus.at\\\/shop\\\/#\\\/schema\\\/logo\\\/image\\\/\"},\"sameAs\":[\"https:\\\/\\\/www.facebook.com\\\/audi.klaus.1312\\\/\",\"https:\\\/\\\/www.instagram.com\\\/audi_klaus\\\/?igshid=1eca3qu2mdayg\"]}]}<\/script>\n<!-- \/ Yoast SEO plugin. -->","yoast_head_json":{"title":"VW Polo\/6N\/Golf\/Cabrio\/3\/Vento Clip T\u00fcrverkleidung Neu 6N0868243A - Audi-Klaus","description":"VW Polo\/6N\/Golf\/Cabrio\/3\/Vento Clip T\u00fcrverkleidung Neu 6N0868243A VW Polo\/6N\/Golf\/Cabrio\/3\/Vento Clip T\u00fcrverkleidung Neu 6N0868243A Audi-Klaus","robots":{"index":"index","follow":"follow","max-snippet":"max-snippet:-1","max-image-preview":"max-image-preview:large","max-video-preview":"max-video-preview:-1"},"canonical":"https:\/\/audi-klaus.at\/shop\/produkt\/vw-polo-6n-golf-cabrio-3-vento-clip-tuerverkleidung-neu-6n0868243a\/","og_locale":"de_DE","og_type":"article","og_title":"VW Polo\/6N\/Golf\/Cabrio\/3\/Vento Clip T\u00fcrverkleidung Neu 6N0868243A - Audi-Klaus","og_description":"VW Polo\/6N\/Golf\/Cabrio\/3\/Vento Clip T\u00fcrverkleidung Neu 6N0868243A VW Polo\/6N\/Golf\/Cabrio\/3\/Vento Clip T\u00fcrverkleidung Neu 6N0868243A Audi-Klaus","og_url":"https:\/\/audi-klaus.at\/shop\/produkt\/vw-polo-6n-golf-cabrio-3-vento-clip-tuerverkleidung-neu-6n0868243a\/","og_site_name":"Audi-Klaus","article_publisher":"https:\/\/www.facebook.com\/audi.klaus.1312\/","article_modified_time":"2026-01-07T20:04:46+00:00","og_image":[{"width":430,"height":430,"url":"https:\/\/audi-klaus.at\/shop\/wp-content\/uploads\/2022\/01\/C38-2.jpg","type":"image\/jpeg"}],"twitter_card":"summary_large_image","twitter_misc":{"Gesch\u00e4tzte Lesezeit":"1 Minute"},"schema":{"@context":"https:\/\/schema.org","@graph":[{"@type":"WebPage","@id":"https:\/\/audi-klaus.at\/shop\/produkt\/vw-polo-6n-golf-cabrio-3-vento-clip-tuerverkleidung-neu-6n0868243a\/","url":"https:\/\/audi-klaus.at\/shop\/produkt\/vw-polo-6n-golf-cabrio-3-vento-clip-tuerverkleidung-neu-6n0868243a\/","name":"VW Polo\/6N\/Golf\/Cabrio\/3\/Vento Clip T\u00fcrverkleidung Neu 6N0868243A - Audi-Klaus","isPartOf":{"@id":"https:\/\/audi-klaus.at\/shop\/#website"},"primaryImageOfPage":{"@id":"https:\/\/audi-klaus.at\/shop\/produkt\/vw-polo-6n-golf-cabrio-3-vento-clip-tuerverkleidung-neu-6n0868243a\/#primaryimage"},"image":{"@id":"https:\/\/audi-klaus.at\/shop\/produkt\/vw-polo-6n-golf-cabrio-3-vento-clip-tuerverkleidung-neu-6n0868243a\/#primaryimage"},"thumbnailUrl":"https:\/\/audi-klaus.at\/shop\/wp-content\/uploads\/2022\/01\/C38-2.jpg","datePublished":"2022-01-31T13:54:55+00:00","dateModified":"2026-01-07T20:04:46+00:00","description":"VW Polo\/6N\/Golf\/Cabrio\/3\/Vento Clip T\u00fcrverkleidung Neu 6N0868243A VW Polo\/6N\/Golf\/Cabrio\/3\/Vento Clip T\u00fcrverkleidung Neu 6N0868243A Audi-Klaus","breadcrumb":{"@id":"https:\/\/audi-klaus.at\/shop\/produkt\/vw-polo-6n-golf-cabrio-3-vento-clip-tuerverkleidung-neu-6n0868243a\/#breadcrumb"},"inLanguage":"de-AT","potentialAction":[{"@type":"ReadAction","target":["https:\/\/audi-klaus.at\/shop\/produkt\/vw-polo-6n-golf-cabrio-3-vento-clip-tuerverkleidung-neu-6n0868243a\/"]}]},{"@type":"ImageObject","inLanguage":"de-AT","@id":"https:\/\/audi-klaus.at\/shop\/produkt\/vw-polo-6n-golf-cabrio-3-vento-clip-tuerverkleidung-neu-6n0868243a\/#primaryimage","url":"https:\/\/audi-klaus.at\/shop\/wp-content\/uploads\/2022\/01\/C38-2.jpg","contentUrl":"https:\/\/audi-klaus.at\/shop\/wp-content\/uploads\/2022\/01\/C38-2.jpg","width":430,"height":430},{"@type":"BreadcrumbList","@id":"https:\/\/audi-klaus.at\/shop\/produkt\/vw-polo-6n-golf-cabrio-3-vento-clip-tuerverkleidung-neu-6n0868243a\/#breadcrumb","itemListElement":[{"@type":"ListItem","position":1,"name":"Startseite","item":"https:\/\/audi-klaus.at\/shop\/"},{"@type":"ListItem","position":2,"name":"Shop","item":"https:\/\/audi-klaus.at\/shop\/"},{"@type":"ListItem","position":3,"name":"VW Polo\/6N\/Golf\/Cabrio\/3\/Vento Clip T\u00fcrverkleidung Neu 6N0868243A"}]},{"@type":"WebSite","@id":"https:\/\/audi-klaus.at\/shop\/#website","url":"https:\/\/audi-klaus.at\/shop\/","name":"Audi-Klaus","description":"Ihr Gebrauchtteile Spezialist f\u00fcr die Marken Audi, VW (VAG)","publisher":{"@id":"https:\/\/audi-klaus.at\/shop\/#organization"},"potentialAction":[{"@type":"SearchAction","target":{"@type":"EntryPoint","urlTemplate":"https:\/\/audi-klaus.at\/shop\/?s={search_term_string}"},"query-input":{"@type":"PropertyValueSpecification","valueRequired":true,"valueName":"search_term_string"}}],"inLanguage":"de-AT"},{"@type":"Organization","@id":"https:\/\/audi-klaus.at\/shop\/#organization","name":"Audi-Klaus","url":"https:\/\/audi-klaus.at\/shop\/","logo":{"@type":"ImageObject","inLanguage":"de-AT","@id":"https:\/\/audi-klaus.at\/shop\/#\/schema\/logo\/image\/","url":"https:\/\/audi-klaus.at\/shop\/wp-content\/uploads\/2024\/10\/Logo-Shop.webp","contentUrl":"https:\/\/audi-klaus.at\/shop\/wp-content\/uploads\/2024\/10\/Logo-Shop.webp","width":470,"height":164,"caption":"Audi-Klaus"},"image":{"@id":"https:\/\/audi-klaus.at\/shop\/#\/schema\/logo\/image\/"},"sameAs":["https:\/\/www.facebook.com\/audi.klaus.1312\/","https:\/\/www.instagram.com\/audi_klaus\/?igshid=1eca3qu2mdayg"]}]}},"_links":{"self":[{"href":"https:\/\/audi-klaus.at\/shop\/wp-json\/wp\/v2\/product\/21072","targetHints":{"allow":["GET"]}}],"collection":[{"href":"https:\/\/audi-klaus.at\/shop\/wp-json\/wp\/v2\/product"}],"about":[{"href":"https:\/\/audi-klaus.at\/shop\/wp-json\/wp\/v2\/types\/product"}],"wp:featuredmedia":[{"embeddable":true,"href":"https:\/\/audi-klaus.at\/shop\/wp-json\/wp\/v2\/media\/20111"}],"wp:attachment":[{"href":"https:\/\/audi-klaus.at\/shop\/wp-json\/wp\/v2\/media?parent=21072"}],"wp:term":[{"taxonomy":"product_brand","embeddable":true,"href":"https:\/\/audi-klaus.at\/shop\/wp-json\/wp\/v2\/product_brand?post=21072"},{"taxonomy":"product_cat","embeddable":true,"href":"https:\/\/audi-klaus.at\/shop\/wp-json\/wp\/v2\/product_cat?post=21072"},{"taxonomy":"product_tag","embeddable":true,"href":"https:\/\/audi-klaus.at\/shop\/wp-json\/wp\/v2\/product_tag?post=21072"}],"curies":[{"name":"wp","href":"https:\/\/api.w.org\/{rel}","templated":true}]}}