{"id":17777,"date":"2022-01-21T08:34:31","date_gmt":"2022-01-21T07:34:31","guid":{"rendered":"http:\/\/audi-klaus.at.server171-han.server-routing.com\/shop\/?post_type=product&#038;p=17777"},"modified":"2026-01-07T21:02:30","modified_gmt":"2026-01-07T20:02:30","slug":"vw-golf-vento-cabrio-3zuendschloss-mit-wegfahrsperre-1h0953257bb-1h0953254e-357905851d","status":"publish","type":"product","link":"https:\/\/audi-klaus.at\/shop\/produkt\/vw-golf-vento-cabrio-3zuendschloss-mit-wegfahrsperre-1h0953257bb-1h0953254e-357905851d\/","title":{"rendered":"VW Golf\/Vento\/Cabrio\/3Z\u00fcndschloss mit Wegfahrsperre 1H0953257BB\/1H0953254E\/357905851D"},"content":{"rendered":"<h5><span style=\"font-size: 12pt;\"><span style=\"color: #060606;\"><span style=\"font-family: Verdana, serif;\"><b>VAG Teilenummer<\/b><\/span><\/span><span style=\"color: #060606;\"><span style=\"font-family: Verdana, serif;\">: 1H0 953 257BB\/1H0 953 254E\/357 905 851D<\/span><\/span><\/span><\/h5>\n<h5><span style=\"font-size: 12pt;\"><span style=\"color: #060606;\"><span style=\"font-family: Verdana, serif;\"><b>Zustand:<\/b><\/span><\/span><span style=\"color: #060606;\"><span style=\"font-family: Verdana, serif;\">\u00a0 Gebraucht<\/span><\/span><\/span><\/h5>\n<h5><span style=\"font-size: 12pt;\"><span style=\"color: #060606;\"><span style=\"font-family: Verdana, serif;\"><b>Lieferumfang:<\/b><\/span><\/span><span style=\"color: #060606;\"><span style=\"font-family: Verdana, serif;\">\u00a0wie in den Original-Abbildungen angegeben<\/span><\/span><\/span><\/h5>\n<h5><span style=\"font-size: 12pt;\"><span style=\"color: #060606;\"><span style=\"font-family: Verdana, serif;\"><b>Hinweis:<\/b><\/span><\/span><span style=\"color: #060606;\"><span style=\"font-family: Verdana, serif;\">\u00a0Bitte \u00fcberpr\u00fcfen Sie vor dem Kauf anhand der eindeutigen Teilenummern, ob der Artikel zum Fahrzeug passt, um R\u00fccksendungen zu vermeiden! Trotz Angabe der entsprechenden Fahrzeugdaten ist eine eindeutige Zuordnung nur \u00fcber die Teilenummer m\u00f6glich! Die abgelesene Teilenummer ist die Teilenummer des Teils, welches geliefert wird. Die Originalteilnummer ist diejenige, die bei Neubestellung f\u00fcr dieses Teil gilt und der m\u00f6glicherweise abweichenden, gelieferten Teilenummer entspricht. Sollten weitere Fragen offen sein, kontaktieren Sie uns bitte unter\u00a0<\/span><\/span><a href=\"mailto:office@audi-klaus.at\"><span style=\"color: #0000ff;\"><span style=\"font-family: Verdana, serif;\"><u>office@audi-klaus.at<\/u><\/span><\/span><\/a><\/span><\/h5>\n<h5><\/h5>\n","protected":false},"excerpt":{"rendered":"<h5><strong><span style=\"font-size: 18pt;\">Marke: VW<\/span><\/strong><\/h5>\n<h5><strong><span style=\"font-size: 18pt;\">Modell: Golf\/Vento\/Cabrio<\/span><\/strong><\/h5>\n<h5><strong><span style=\"font-size: 18pt;\">Typ: 3<\/span><\/strong><\/h5>\n","protected":false},"featured_media":17798,"template":"","meta":[],"product_brand":[],"product_cat":[1195,1202,1203,1209,1288,1358,1368,1164,1430,1165,1166,1168],"product_tag":[6370],"class_list":{"0":"post-17777","1":"product","2":"type-product","3":"status-publish","4":"has-post-thumbnail","6":"product_cat-3-1h-1990-1998","7":"product_cat-3-1e0-1990-1998","8":"product_cat-4-1e0-1998-2002","9":"product_cat-1h5-1991-1998","10":"product_cat-innenraum-3-1h-1990-1998","11":"product_cat-innenraum-3-1e0-1990-1998","12":"product_cat-innenraum-4-1e0-1998-2002","13":"product_cat-vw","14":"product_cat-innenraum-1h5-1991-1998","15":"product_cat-golf","16":"product_cat-golf-cabrio","17":"product_cat-vento","18":"product_tag-1h0953257bb-1h0953254e-357905851d","20":"first","21":"instock","22":"taxable","23":"shipping-taxable","24":"purchasable","25":"product-type-simple"},"yoast_head":"<!-- This site is optimized with the Yoast SEO plugin v27.4 - https:\/\/yoast.com\/product\/yoast-seo-wordpress\/ -->\n<title>VW Golf\/Vento\/Cabrio\/3Z\u00fcndschloss mit Wegfahrsperre 1H0953257BB\/1H0953254E\/357905851D - Audi-Klaus<\/title>\n<meta name=\"robots\" content=\"index, follow, max-snippet:-1, max-image-preview:large, max-video-preview:-1\" \/>\n<link rel=\"canonical\" href=\"https:\/\/audi-klaus.at\/shop\/produkt\/vw-golf-vento-cabrio-3zuendschloss-mit-wegfahrsperre-1h0953257bb-1h0953254e-357905851d\/\" \/>\n<meta property=\"og:locale\" content=\"de_DE\" \/>\n<meta property=\"og:type\" content=\"article\" \/>\n<meta property=\"og:title\" content=\"VW Golf\/Vento\/Cabrio\/3Z\u00fcndschloss mit Wegfahrsperre 1H0953257BB\/1H0953254E\/357905851D - Audi-Klaus\" \/>\n<meta property=\"og:description\" content=\"Marke: VW Modell: Golf\/Vento\/Cabrio Typ: 3\" \/>\n<meta property=\"og:url\" content=\"https:\/\/audi-klaus.at\/shop\/produkt\/vw-golf-vento-cabrio-3zuendschloss-mit-wegfahrsperre-1h0953257bb-1h0953254e-357905851d\/\" \/>\n<meta property=\"og:site_name\" content=\"Audi-Klaus\" \/>\n<meta property=\"article:publisher\" content=\"https:\/\/www.facebook.com\/audi.klaus.1312\/\" \/>\n<meta property=\"article:modified_time\" content=\"2026-01-07T20:02:30+00:00\" \/>\n<meta property=\"og:image\" content=\"https:\/\/audi-klaus.at\/shop\/wp-content\/uploads\/2022\/01\/ia634-4-1.jpg\" \/>\n\t<meta property=\"og:image:width\" content=\"418\" \/>\n\t<meta property=\"og:image:height\" content=\"418\" \/>\n\t<meta property=\"og:image:type\" content=\"image\/jpeg\" \/>\n<meta name=\"twitter:card\" content=\"summary_large_image\" \/>\n<script type=\"application\/ld+json\" class=\"yoast-schema-graph\">{\"@context\":\"https:\\\/\\\/schema.org\",\"@graph\":[{\"@type\":\"WebPage\",\"@id\":\"https:\\\/\\\/audi-klaus.at\\\/shop\\\/produkt\\\/vw-golf-vento-cabrio-3zuendschloss-mit-wegfahrsperre-1h0953257bb-1h0953254e-357905851d\\\/\",\"url\":\"https:\\\/\\\/audi-klaus.at\\\/shop\\\/produkt\\\/vw-golf-vento-cabrio-3zuendschloss-mit-wegfahrsperre-1h0953257bb-1h0953254e-357905851d\\\/\",\"name\":\"VW Golf\\\/Vento\\\/Cabrio\\\/3Z\u00fcndschloss mit Wegfahrsperre 1H0953257BB\\\/1H0953254E\\\/357905851D - Audi-Klaus\",\"isPartOf\":{\"@id\":\"https:\\\/\\\/audi-klaus.at\\\/shop\\\/#website\"},\"primaryImageOfPage\":{\"@id\":\"https:\\\/\\\/audi-klaus.at\\\/shop\\\/produkt\\\/vw-golf-vento-cabrio-3zuendschloss-mit-wegfahrsperre-1h0953257bb-1h0953254e-357905851d\\\/#primaryimage\"},\"image\":{\"@id\":\"https:\\\/\\\/audi-klaus.at\\\/shop\\\/produkt\\\/vw-golf-vento-cabrio-3zuendschloss-mit-wegfahrsperre-1h0953257bb-1h0953254e-357905851d\\\/#primaryimage\"},\"thumbnailUrl\":\"https:\\\/\\\/audi-klaus.at\\\/shop\\\/wp-content\\\/uploads\\\/2022\\\/01\\\/ia634-4-1.jpg\",\"datePublished\":\"2022-01-21T07:34:31+00:00\",\"dateModified\":\"2026-01-07T20:02:30+00:00\",\"breadcrumb\":{\"@id\":\"https:\\\/\\\/audi-klaus.at\\\/shop\\\/produkt\\\/vw-golf-vento-cabrio-3zuendschloss-mit-wegfahrsperre-1h0953257bb-1h0953254e-357905851d\\\/#breadcrumb\"},\"inLanguage\":\"de-AT\",\"potentialAction\":[{\"@type\":\"ReadAction\",\"target\":[\"https:\\\/\\\/audi-klaus.at\\\/shop\\\/produkt\\\/vw-golf-vento-cabrio-3zuendschloss-mit-wegfahrsperre-1h0953257bb-1h0953254e-357905851d\\\/\"]}]},{\"@type\":\"ImageObject\",\"inLanguage\":\"de-AT\",\"@id\":\"https:\\\/\\\/audi-klaus.at\\\/shop\\\/produkt\\\/vw-golf-vento-cabrio-3zuendschloss-mit-wegfahrsperre-1h0953257bb-1h0953254e-357905851d\\\/#primaryimage\",\"url\":\"https:\\\/\\\/audi-klaus.at\\\/shop\\\/wp-content\\\/uploads\\\/2022\\\/01\\\/ia634-4-1.jpg\",\"contentUrl\":\"https:\\\/\\\/audi-klaus.at\\\/shop\\\/wp-content\\\/uploads\\\/2022\\\/01\\\/ia634-4-1.jpg\",\"width\":418,\"height\":418},{\"@type\":\"BreadcrumbList\",\"@id\":\"https:\\\/\\\/audi-klaus.at\\\/shop\\\/produkt\\\/vw-golf-vento-cabrio-3zuendschloss-mit-wegfahrsperre-1h0953257bb-1h0953254e-357905851d\\\/#breadcrumb\",\"itemListElement\":[{\"@type\":\"ListItem\",\"position\":1,\"name\":\"Startseite\",\"item\":\"https:\\\/\\\/audi-klaus.at\\\/shop\\\/\"},{\"@type\":\"ListItem\",\"position\":2,\"name\":\"Shop\",\"item\":\"https:\\\/\\\/audi-klaus.at\\\/shop\\\/\"},{\"@type\":\"ListItem\",\"position\":3,\"name\":\"VW Golf\\\/Vento\\\/Cabrio\\\/3Z\u00fcndschloss mit Wegfahrsperre 1H0953257BB\\\/1H0953254E\\\/357905851D\"}]},{\"@type\":\"WebSite\",\"@id\":\"https:\\\/\\\/audi-klaus.at\\\/shop\\\/#website\",\"url\":\"https:\\\/\\\/audi-klaus.at\\\/shop\\\/\",\"name\":\"Audi-Klaus\",\"description\":\"Ihr Gebrauchtteile Spezialist f\u00fcr die Marken Audi, VW (VAG)\",\"publisher\":{\"@id\":\"https:\\\/\\\/audi-klaus.at\\\/shop\\\/#organization\"},\"potentialAction\":[{\"@type\":\"SearchAction\",\"target\":{\"@type\":\"EntryPoint\",\"urlTemplate\":\"https:\\\/\\\/audi-klaus.at\\\/shop\\\/?s={search_term_string}\"},\"query-input\":{\"@type\":\"PropertyValueSpecification\",\"valueRequired\":true,\"valueName\":\"search_term_string\"}}],\"inLanguage\":\"de-AT\"},{\"@type\":\"Organization\",\"@id\":\"https:\\\/\\\/audi-klaus.at\\\/shop\\\/#organization\",\"name\":\"Audi-Klaus\",\"url\":\"https:\\\/\\\/audi-klaus.at\\\/shop\\\/\",\"logo\":{\"@type\":\"ImageObject\",\"inLanguage\":\"de-AT\",\"@id\":\"https:\\\/\\\/audi-klaus.at\\\/shop\\\/#\\\/schema\\\/logo\\\/image\\\/\",\"url\":\"https:\\\/\\\/audi-klaus.at\\\/shop\\\/wp-content\\\/uploads\\\/2024\\\/10\\\/Logo-Shop.webp\",\"contentUrl\":\"https:\\\/\\\/audi-klaus.at\\\/shop\\\/wp-content\\\/uploads\\\/2024\\\/10\\\/Logo-Shop.webp\",\"width\":470,\"height\":164,\"caption\":\"Audi-Klaus\"},\"image\":{\"@id\":\"https:\\\/\\\/audi-klaus.at\\\/shop\\\/#\\\/schema\\\/logo\\\/image\\\/\"},\"sameAs\":[\"https:\\\/\\\/www.facebook.com\\\/audi.klaus.1312\\\/\",\"https:\\\/\\\/www.instagram.com\\\/audi_klaus\\\/?igshid=1eca3qu2mdayg\"]}]}<\/script>\n<!-- \/ Yoast SEO plugin. -->","yoast_head_json":{"title":"VW Golf\/Vento\/Cabrio\/3Z\u00fcndschloss mit Wegfahrsperre 1H0953257BB\/1H0953254E\/357905851D - Audi-Klaus","robots":{"index":"index","follow":"follow","max-snippet":"max-snippet:-1","max-image-preview":"max-image-preview:large","max-video-preview":"max-video-preview:-1"},"canonical":"https:\/\/audi-klaus.at\/shop\/produkt\/vw-golf-vento-cabrio-3zuendschloss-mit-wegfahrsperre-1h0953257bb-1h0953254e-357905851d\/","og_locale":"de_DE","og_type":"article","og_title":"VW Golf\/Vento\/Cabrio\/3Z\u00fcndschloss mit Wegfahrsperre 1H0953257BB\/1H0953254E\/357905851D - Audi-Klaus","og_description":"Marke: VW Modell: Golf\/Vento\/Cabrio Typ: 3","og_url":"https:\/\/audi-klaus.at\/shop\/produkt\/vw-golf-vento-cabrio-3zuendschloss-mit-wegfahrsperre-1h0953257bb-1h0953254e-357905851d\/","og_site_name":"Audi-Klaus","article_publisher":"https:\/\/www.facebook.com\/audi.klaus.1312\/","article_modified_time":"2026-01-07T20:02:30+00:00","og_image":[{"width":418,"height":418,"url":"https:\/\/audi-klaus.at\/shop\/wp-content\/uploads\/2022\/01\/ia634-4-1.jpg","type":"image\/jpeg"}],"twitter_card":"summary_large_image","schema":{"@context":"https:\/\/schema.org","@graph":[{"@type":"WebPage","@id":"https:\/\/audi-klaus.at\/shop\/produkt\/vw-golf-vento-cabrio-3zuendschloss-mit-wegfahrsperre-1h0953257bb-1h0953254e-357905851d\/","url":"https:\/\/audi-klaus.at\/shop\/produkt\/vw-golf-vento-cabrio-3zuendschloss-mit-wegfahrsperre-1h0953257bb-1h0953254e-357905851d\/","name":"VW Golf\/Vento\/Cabrio\/3Z\u00fcndschloss mit Wegfahrsperre 1H0953257BB\/1H0953254E\/357905851D - Audi-Klaus","isPartOf":{"@id":"https:\/\/audi-klaus.at\/shop\/#website"},"primaryImageOfPage":{"@id":"https:\/\/audi-klaus.at\/shop\/produkt\/vw-golf-vento-cabrio-3zuendschloss-mit-wegfahrsperre-1h0953257bb-1h0953254e-357905851d\/#primaryimage"},"image":{"@id":"https:\/\/audi-klaus.at\/shop\/produkt\/vw-golf-vento-cabrio-3zuendschloss-mit-wegfahrsperre-1h0953257bb-1h0953254e-357905851d\/#primaryimage"},"thumbnailUrl":"https:\/\/audi-klaus.at\/shop\/wp-content\/uploads\/2022\/01\/ia634-4-1.jpg","datePublished":"2022-01-21T07:34:31+00:00","dateModified":"2026-01-07T20:02:30+00:00","breadcrumb":{"@id":"https:\/\/audi-klaus.at\/shop\/produkt\/vw-golf-vento-cabrio-3zuendschloss-mit-wegfahrsperre-1h0953257bb-1h0953254e-357905851d\/#breadcrumb"},"inLanguage":"de-AT","potentialAction":[{"@type":"ReadAction","target":["https:\/\/audi-klaus.at\/shop\/produkt\/vw-golf-vento-cabrio-3zuendschloss-mit-wegfahrsperre-1h0953257bb-1h0953254e-357905851d\/"]}]},{"@type":"ImageObject","inLanguage":"de-AT","@id":"https:\/\/audi-klaus.at\/shop\/produkt\/vw-golf-vento-cabrio-3zuendschloss-mit-wegfahrsperre-1h0953257bb-1h0953254e-357905851d\/#primaryimage","url":"https:\/\/audi-klaus.at\/shop\/wp-content\/uploads\/2022\/01\/ia634-4-1.jpg","contentUrl":"https:\/\/audi-klaus.at\/shop\/wp-content\/uploads\/2022\/01\/ia634-4-1.jpg","width":418,"height":418},{"@type":"BreadcrumbList","@id":"https:\/\/audi-klaus.at\/shop\/produkt\/vw-golf-vento-cabrio-3zuendschloss-mit-wegfahrsperre-1h0953257bb-1h0953254e-357905851d\/#breadcrumb","itemListElement":[{"@type":"ListItem","position":1,"name":"Startseite","item":"https:\/\/audi-klaus.at\/shop\/"},{"@type":"ListItem","position":2,"name":"Shop","item":"https:\/\/audi-klaus.at\/shop\/"},{"@type":"ListItem","position":3,"name":"VW Golf\/Vento\/Cabrio\/3Z\u00fcndschloss mit Wegfahrsperre 1H0953257BB\/1H0953254E\/357905851D"}]},{"@type":"WebSite","@id":"https:\/\/audi-klaus.at\/shop\/#website","url":"https:\/\/audi-klaus.at\/shop\/","name":"Audi-Klaus","description":"Ihr Gebrauchtteile Spezialist f\u00fcr die Marken Audi, VW (VAG)","publisher":{"@id":"https:\/\/audi-klaus.at\/shop\/#organization"},"potentialAction":[{"@type":"SearchAction","target":{"@type":"EntryPoint","urlTemplate":"https:\/\/audi-klaus.at\/shop\/?s={search_term_string}"},"query-input":{"@type":"PropertyValueSpecification","valueRequired":true,"valueName":"search_term_string"}}],"inLanguage":"de-AT"},{"@type":"Organization","@id":"https:\/\/audi-klaus.at\/shop\/#organization","name":"Audi-Klaus","url":"https:\/\/audi-klaus.at\/shop\/","logo":{"@type":"ImageObject","inLanguage":"de-AT","@id":"https:\/\/audi-klaus.at\/shop\/#\/schema\/logo\/image\/","url":"https:\/\/audi-klaus.at\/shop\/wp-content\/uploads\/2024\/10\/Logo-Shop.webp","contentUrl":"https:\/\/audi-klaus.at\/shop\/wp-content\/uploads\/2024\/10\/Logo-Shop.webp","width":470,"height":164,"caption":"Audi-Klaus"},"image":{"@id":"https:\/\/audi-klaus.at\/shop\/#\/schema\/logo\/image\/"},"sameAs":["https:\/\/www.facebook.com\/audi.klaus.1312\/","https:\/\/www.instagram.com\/audi_klaus\/?igshid=1eca3qu2mdayg"]}]}},"_links":{"self":[{"href":"https:\/\/audi-klaus.at\/shop\/wp-json\/wp\/v2\/product\/17777","targetHints":{"allow":["GET"]}}],"collection":[{"href":"https:\/\/audi-klaus.at\/shop\/wp-json\/wp\/v2\/product"}],"about":[{"href":"https:\/\/audi-klaus.at\/shop\/wp-json\/wp\/v2\/types\/product"}],"wp:featuredmedia":[{"embeddable":true,"href":"https:\/\/audi-klaus.at\/shop\/wp-json\/wp\/v2\/media\/17798"}],"wp:attachment":[{"href":"https:\/\/audi-klaus.at\/shop\/wp-json\/wp\/v2\/media?parent=17777"}],"wp:term":[{"taxonomy":"product_brand","embeddable":true,"href":"https:\/\/audi-klaus.at\/shop\/wp-json\/wp\/v2\/product_brand?post=17777"},{"taxonomy":"product_cat","embeddable":true,"href":"https:\/\/audi-klaus.at\/shop\/wp-json\/wp\/v2\/product_cat?post=17777"},{"taxonomy":"product_tag","embeddable":true,"href":"https:\/\/audi-klaus.at\/shop\/wp-json\/wp\/v2\/product_tag?post=17777"}],"curies":[{"name":"wp","href":"https:\/\/api.w.org\/{rel}","templated":true}]}}