{"id":500,"date":"2025-08-21T09:03:08","date_gmt":"2025-08-21T07:03:08","guid":{"rendered":"https:\/\/audi-klaus.at\/seite\/?page_id=500"},"modified":"2025-08-21T09:14:06","modified_gmt":"2025-08-21T07:14:06","slug":"flohmarkt-08-2025","status":"publish","type":"page","link":"https:\/\/audi-klaus.at\/seite\/flohmarkt-08-2025\/","title":{"rendered":"Flohmarkt 08\/2025"},"content":{"rendered":"\n<div style=\"height:30px\" aria-hidden=\"true\" class=\"wp-block-spacer\"><\/div>\n\n\n\n<h4 class=\"wp-block-heading has-text-align-center\"><strong>R\u00fcckblick 09.08.2025 CAR MEETING &amp; OLD AUDI TEILEFLOHMARKT<\/strong><\/h4>\n\n\n\n<p><strong>Ein gro\u00dfes Dankesch\u00f6n geht an Michael Tieber von Alltagsklassiker f\u00fcr die tollen Bilder und den gro\u00dfartigen Bericht, welchen ihr  <a href=\"https:\/\/www.alltagsklassiker.at\/teilemarkt-und-car-meeting-beim-audi-klaus-august-2025\/\" target=\"_blank\" rel=\"noreferrer noopener\">>> hier &lt;&lt;<\/a>  nachlesen k\u00f6nnt.<\/strong><\/p>\n\n\n\n<figure class=\"wp-block-gallery aligncenter has-nested-images columns-default is-cropped wp-block-gallery-1 is-layout-flex wp-block-gallery-is-layout-flex\">\n<figure data-wp-context=\"{&quot;imageId&quot;:&quot;69f08d52ae842&quot;}\" data-wp-interactive=\"core\/image\" data-wp-key=\"69f08d52ae842\" class=\"wp-block-image size-medium wp-lightbox-container\"><img loading=\"lazy\" decoding=\"async\" width=\"300\" height=\"200\" data-wp-class--hide=\"state.isContentHidden\" data-wp-class--show=\"state.isContentVisible\" data-wp-init=\"callbacks.setButtonStyles\" data-wp-on--click=\"actions.showLightbox\" data-wp-on--load=\"callbacks.setButtonStyles\" data-wp-on-window--resize=\"callbacks.setButtonStyles\" data-id=\"520\" src=\"https:\/\/audi-klaus.at\/seite\/wp-content\/uploads\/2025\/08\/2B6A6424-300x200.jpg\" alt=\"\" class=\"wp-image-520\" srcset=\"https:\/\/audi-klaus.at\/seite\/wp-content\/uploads\/2025\/08\/2B6A6424-300x200.jpg 300w, https:\/\/audi-klaus.at\/seite\/wp-content\/uploads\/2025\/08\/2B6A6424-768x513.jpg 768w, https:\/\/audi-klaus.at\/seite\/wp-content\/uploads\/2025\/08\/2B6A6424.jpg 800w\" sizes=\"auto, (max-width: 300px) 100vw, 300px\" \/><button\n\t\t\tclass=\"lightbox-trigger\"\n\t\t\ttype=\"button\"\n\t\t\taria-haspopup=\"dialog\"\n\t\t\taria-label=\"Vergr\u00f6\u00dfern\"\n\t\t\tdata-wp-init=\"callbacks.initTriggerButton\"\n\t\t\tdata-wp-on--click=\"actions.showLightbox\"\n\t\t\tdata-wp-style--right=\"state.imageButtonRight\"\n\t\t\tdata-wp-style--top=\"state.imageButtonTop\"\n\t\t>\n\t\t\t<svg xmlns=\"http:\/\/www.w3.org\/2000\/svg\" width=\"12\" height=\"12\" fill=\"none\" viewBox=\"0 0 12 12\">\n\t\t\t\t<path fill=\"#fff\" d=\"M2 0a2 2 0 0 0-2 2v2h1.5V2a.5.5 0 0 1 .5-.5h2V0H2Zm2 10.5H2a.5.5 0 0 1-.5-.5V8H0v2a2 2 0 0 0 2 2h2v-1.5ZM8 12v-1.5h2a.5.5 0 0 0 .5-.5V8H12v2a2 2 0 0 1-2 2H8Zm2-12a2 2 0 0 1 2 2v2h-1.5V2a.5.5 0 0 0-.5-.5H8V0h2Z\" \/>\n\t\t\t<\/svg>\n\t\t<\/button><\/figure>\n\n\n\n<figure data-wp-context=\"{&quot;imageId&quot;:&quot;69f08d52af1c7&quot;}\" data-wp-interactive=\"core\/image\" data-wp-key=\"69f08d52af1c7\" class=\"wp-block-image size-medium wp-lightbox-container\"><img loading=\"lazy\" decoding=\"async\" width=\"300\" height=\"200\" data-wp-class--hide=\"state.isContentHidden\" data-wp-class--show=\"state.isContentVisible\" data-wp-init=\"callbacks.setButtonStyles\" data-wp-on--click=\"actions.showLightbox\" data-wp-on--load=\"callbacks.setButtonStyles\" data-wp-on-window--resize=\"callbacks.setButtonStyles\" data-id=\"516\" src=\"https:\/\/audi-klaus.at\/seite\/wp-content\/uploads\/2025\/08\/2B6A6341-300x200.jpg\" alt=\"\" class=\"wp-image-516\" srcset=\"https:\/\/audi-klaus.at\/seite\/wp-content\/uploads\/2025\/08\/2B6A6341-300x200.jpg 300w, https:\/\/audi-klaus.at\/seite\/wp-content\/uploads\/2025\/08\/2B6A6341-768x513.jpg 768w, https:\/\/audi-klaus.at\/seite\/wp-content\/uploads\/2025\/08\/2B6A6341.jpg 800w\" sizes=\"auto, (max-width: 300px) 100vw, 300px\" \/><button\n\t\t\tclass=\"lightbox-trigger\"\n\t\t\ttype=\"button\"\n\t\t\taria-haspopup=\"dialog\"\n\t\t\taria-label=\"Vergr\u00f6\u00dfern\"\n\t\t\tdata-wp-init=\"callbacks.initTriggerButton\"\n\t\t\tdata-wp-on--click=\"actions.showLightbox\"\n\t\t\tdata-wp-style--right=\"state.imageButtonRight\"\n\t\t\tdata-wp-style--top=\"state.imageButtonTop\"\n\t\t>\n\t\t\t<svg xmlns=\"http:\/\/www.w3.org\/2000\/svg\" width=\"12\" height=\"12\" fill=\"none\" viewBox=\"0 0 12 12\">\n\t\t\t\t<path fill=\"#fff\" d=\"M2 0a2 2 0 0 0-2 2v2h1.5V2a.5.5 0 0 1 .5-.5h2V0H2Zm2 10.5H2a.5.5 0 0 1-.5-.5V8H0v2a2 2 0 0 0 2 2h2v-1.5ZM8 12v-1.5h2a.5.5 0 0 0 .5-.5V8H12v2a2 2 0 0 1-2 2H8Zm2-12a2 2 0 0 1 2 2v2h-1.5V2a.5.5 0 0 0-.5-.5H8V0h2Z\" \/>\n\t\t\t<\/svg>\n\t\t<\/button><\/figure>\n\n\n\n<figure data-wp-context=\"{&quot;imageId&quot;:&quot;69f08d52af7d0&quot;}\" data-wp-interactive=\"core\/image\" data-wp-key=\"69f08d52af7d0\" class=\"wp-block-image size-medium wp-lightbox-container\"><img loading=\"lazy\" decoding=\"async\" width=\"300\" height=\"200\" data-wp-class--hide=\"state.isContentHidden\" data-wp-class--show=\"state.isContentVisible\" data-wp-init=\"callbacks.setButtonStyles\" data-wp-on--click=\"actions.showLightbox\" data-wp-on--load=\"callbacks.setButtonStyles\" data-wp-on-window--resize=\"callbacks.setButtonStyles\" data-id=\"517\" src=\"https:\/\/audi-klaus.at\/seite\/wp-content\/uploads\/2025\/08\/2B6A6346-300x200.jpg\" alt=\"\" class=\"wp-image-517\" srcset=\"https:\/\/audi-klaus.at\/seite\/wp-content\/uploads\/2025\/08\/2B6A6346-300x200.jpg 300w, https:\/\/audi-klaus.at\/seite\/wp-content\/uploads\/2025\/08\/2B6A6346-768x513.jpg 768w, https:\/\/audi-klaus.at\/seite\/wp-content\/uploads\/2025\/08\/2B6A6346.jpg 800w\" sizes=\"auto, (max-width: 300px) 100vw, 300px\" \/><button\n\t\t\tclass=\"lightbox-trigger\"\n\t\t\ttype=\"button\"\n\t\t\taria-haspopup=\"dialog\"\n\t\t\taria-label=\"Vergr\u00f6\u00dfern\"\n\t\t\tdata-wp-init=\"callbacks.initTriggerButton\"\n\t\t\tdata-wp-on--click=\"actions.showLightbox\"\n\t\t\tdata-wp-style--right=\"state.imageButtonRight\"\n\t\t\tdata-wp-style--top=\"state.imageButtonTop\"\n\t\t>\n\t\t\t<svg xmlns=\"http:\/\/www.w3.org\/2000\/svg\" width=\"12\" height=\"12\" fill=\"none\" viewBox=\"0 0 12 12\">\n\t\t\t\t<path fill=\"#fff\" d=\"M2 0a2 2 0 0 0-2 2v2h1.5V2a.5.5 0 0 1 .5-.5h2V0H2Zm2 10.5H2a.5.5 0 0 1-.5-.5V8H0v2a2 2 0 0 0 2 2h2v-1.5ZM8 12v-1.5h2a.5.5 0 0 0 .5-.5V8H12v2a2 2 0 0 1-2 2H8Zm2-12a2 2 0 0 1 2 2v2h-1.5V2a.5.5 0 0 0-.5-.5H8V0h2Z\" \/>\n\t\t\t<\/svg>\n\t\t<\/button><\/figure>\n\n\n\n<figure data-wp-context=\"{&quot;imageId&quot;:&quot;69f08d52afda1&quot;}\" data-wp-interactive=\"core\/image\" data-wp-key=\"69f08d52afda1\" class=\"wp-block-image size-medium wp-lightbox-container\"><img loading=\"lazy\" decoding=\"async\" width=\"300\" height=\"200\" data-wp-class--hide=\"state.isContentHidden\" data-wp-class--show=\"state.isContentVisible\" data-wp-init=\"callbacks.setButtonStyles\" data-wp-on--click=\"actions.showLightbox\" data-wp-on--load=\"callbacks.setButtonStyles\" data-wp-on-window--resize=\"callbacks.setButtonStyles\" data-id=\"518\" src=\"https:\/\/audi-klaus.at\/seite\/wp-content\/uploads\/2025\/08\/2B6A6397-300x200.jpg\" alt=\"\" class=\"wp-image-518\" srcset=\"https:\/\/audi-klaus.at\/seite\/wp-content\/uploads\/2025\/08\/2B6A6397-300x200.jpg 300w, https:\/\/audi-klaus.at\/seite\/wp-content\/uploads\/2025\/08\/2B6A6397-768x513.jpg 768w, https:\/\/audi-klaus.at\/seite\/wp-content\/uploads\/2025\/08\/2B6A6397.jpg 800w\" sizes=\"auto, (max-width: 300px) 100vw, 300px\" \/><button\n\t\t\tclass=\"lightbox-trigger\"\n\t\t\ttype=\"button\"\n\t\t\taria-haspopup=\"dialog\"\n\t\t\taria-label=\"Vergr\u00f6\u00dfern\"\n\t\t\tdata-wp-init=\"callbacks.initTriggerButton\"\n\t\t\tdata-wp-on--click=\"actions.showLightbox\"\n\t\t\tdata-wp-style--right=\"state.imageButtonRight\"\n\t\t\tdata-wp-style--top=\"state.imageButtonTop\"\n\t\t>\n\t\t\t<svg xmlns=\"http:\/\/www.w3.org\/2000\/svg\" width=\"12\" height=\"12\" fill=\"none\" viewBox=\"0 0 12 12\">\n\t\t\t\t<path fill=\"#fff\" d=\"M2 0a2 2 0 0 0-2 2v2h1.5V2a.5.5 0 0 1 .5-.5h2V0H2Zm2 10.5H2a.5.5 0 0 1-.5-.5V8H0v2a2 2 0 0 0 2 2h2v-1.5ZM8 12v-1.5h2a.5.5 0 0 0 .5-.5V8H12v2a2 2 0 0 1-2 2H8Zm2-12a2 2 0 0 1 2 2v2h-1.5V2a.5.5 0 0 0-.5-.5H8V0h2Z\" \/>\n\t\t\t<\/svg>\n\t\t<\/button><\/figure>\n\n\n\n<figure data-wp-context=\"{&quot;imageId&quot;:&quot;69f08d52b03f4&quot;}\" data-wp-interactive=\"core\/image\" data-wp-key=\"69f08d52b03f4\" class=\"wp-block-image size-medium wp-lightbox-container\"><img loading=\"lazy\" decoding=\"async\" width=\"300\" height=\"200\" data-wp-class--hide=\"state.isContentHidden\" data-wp-class--show=\"state.isContentVisible\" data-wp-init=\"callbacks.setButtonStyles\" data-wp-on--click=\"actions.showLightbox\" data-wp-on--load=\"callbacks.setButtonStyles\" data-wp-on-window--resize=\"callbacks.setButtonStyles\" data-id=\"519\" src=\"https:\/\/audi-klaus.at\/seite\/wp-content\/uploads\/2025\/08\/2B6A6403-300x200.jpg\" alt=\"\" class=\"wp-image-519\" srcset=\"https:\/\/audi-klaus.at\/seite\/wp-content\/uploads\/2025\/08\/2B6A6403-300x200.jpg 300w, https:\/\/audi-klaus.at\/seite\/wp-content\/uploads\/2025\/08\/2B6A6403-768x513.jpg 768w, https:\/\/audi-klaus.at\/seite\/wp-content\/uploads\/2025\/08\/2B6A6403.jpg 800w\" sizes=\"auto, (max-width: 300px) 100vw, 300px\" \/><button\n\t\t\tclass=\"lightbox-trigger\"\n\t\t\ttype=\"button\"\n\t\t\taria-haspopup=\"dialog\"\n\t\t\taria-label=\"Vergr\u00f6\u00dfern\"\n\t\t\tdata-wp-init=\"callbacks.initTriggerButton\"\n\t\t\tdata-wp-on--click=\"actions.showLightbox\"\n\t\t\tdata-wp-style--right=\"state.imageButtonRight\"\n\t\t\tdata-wp-style--top=\"state.imageButtonTop\"\n\t\t>\n\t\t\t<svg xmlns=\"http:\/\/www.w3.org\/2000\/svg\" width=\"12\" height=\"12\" fill=\"none\" viewBox=\"0 0 12 12\">\n\t\t\t\t<path fill=\"#fff\" d=\"M2 0a2 2 0 0 0-2 2v2h1.5V2a.5.5 0 0 1 .5-.5h2V0H2Zm2 10.5H2a.5.5 0 0 1-.5-.5V8H0v2a2 2 0 0 0 2 2h2v-1.5ZM8 12v-1.5h2a.5.5 0 0 0 .5-.5V8H12v2a2 2 0 0 1-2 2H8Zm2-12a2 2 0 0 1 2 2v2h-1.5V2a.5.5 0 0 0-.5-.5H8V0h2Z\" \/>\n\t\t\t<\/svg>\n\t\t<\/button><\/figure>\n\n\n\n<figure data-wp-context=\"{&quot;imageId&quot;:&quot;69f08d52b09df&quot;}\" data-wp-interactive=\"core\/image\" data-wp-key=\"69f08d52b09df\" class=\"wp-block-image size-medium wp-lightbox-container\"><img loading=\"lazy\" decoding=\"async\" width=\"300\" height=\"200\" data-wp-class--hide=\"state.isContentHidden\" data-wp-class--show=\"state.isContentVisible\" data-wp-init=\"callbacks.setButtonStyles\" data-wp-on--click=\"actions.showLightbox\" data-wp-on--load=\"callbacks.setButtonStyles\" data-wp-on-window--resize=\"callbacks.setButtonStyles\" data-id=\"515\" src=\"https:\/\/audi-klaus.at\/seite\/wp-content\/uploads\/2025\/08\/2B6A6340-300x200.jpg\" alt=\"\" class=\"wp-image-515\" srcset=\"https:\/\/audi-klaus.at\/seite\/wp-content\/uploads\/2025\/08\/2B6A6340-300x200.jpg 300w, https:\/\/audi-klaus.at\/seite\/wp-content\/uploads\/2025\/08\/2B6A6340-768x513.jpg 768w, https:\/\/audi-klaus.at\/seite\/wp-content\/uploads\/2025\/08\/2B6A6340.jpg 800w\" sizes=\"auto, (max-width: 300px) 100vw, 300px\" \/><button\n\t\t\tclass=\"lightbox-trigger\"\n\t\t\ttype=\"button\"\n\t\t\taria-haspopup=\"dialog\"\n\t\t\taria-label=\"Vergr\u00f6\u00dfern\"\n\t\t\tdata-wp-init=\"callbacks.initTriggerButton\"\n\t\t\tdata-wp-on--click=\"actions.showLightbox\"\n\t\t\tdata-wp-style--right=\"state.imageButtonRight\"\n\t\t\tdata-wp-style--top=\"state.imageButtonTop\"\n\t\t>\n\t\t\t<svg xmlns=\"http:\/\/www.w3.org\/2000\/svg\" width=\"12\" height=\"12\" fill=\"none\" viewBox=\"0 0 12 12\">\n\t\t\t\t<path fill=\"#fff\" d=\"M2 0a2 2 0 0 0-2 2v2h1.5V2a.5.5 0 0 1 .5-.5h2V0H2Zm2 10.5H2a.5.5 0 0 1-.5-.5V8H0v2a2 2 0 0 0 2 2h2v-1.5ZM8 12v-1.5h2a.5.5 0 0 0 .5-.5V8H12v2a2 2 0 0 1-2 2H8Zm2-12a2 2 0 0 1 2 2v2h-1.5V2a.5.5 0 0 0-.5-.5H8V0h2Z\" \/>\n\t\t\t<\/svg>\n\t\t<\/button><\/figure>\n\n\n\n<figure data-wp-context=\"{&quot;imageId&quot;:&quot;69f08d52b0faa&quot;}\" data-wp-interactive=\"core\/image\" data-wp-key=\"69f08d52b0faa\" class=\"wp-block-image size-medium wp-lightbox-container\"><img loading=\"lazy\" decoding=\"async\" width=\"300\" height=\"200\" data-wp-class--hide=\"state.isContentHidden\" data-wp-class--show=\"state.isContentVisible\" data-wp-init=\"callbacks.setButtonStyles\" data-wp-on--click=\"actions.showLightbox\" data-wp-on--load=\"callbacks.setButtonStyles\" data-wp-on-window--resize=\"callbacks.setButtonStyles\" data-id=\"521\" src=\"https:\/\/audi-klaus.at\/seite\/wp-content\/uploads\/2025\/08\/2B6A6429-300x200.jpg\" alt=\"\" class=\"wp-image-521\" srcset=\"https:\/\/audi-klaus.at\/seite\/wp-content\/uploads\/2025\/08\/2B6A6429-300x200.jpg 300w, https:\/\/audi-klaus.at\/seite\/wp-content\/uploads\/2025\/08\/2B6A6429-768x513.jpg 768w, https:\/\/audi-klaus.at\/seite\/wp-content\/uploads\/2025\/08\/2B6A6429.jpg 800w\" sizes=\"auto, (max-width: 300px) 100vw, 300px\" \/><button\n\t\t\tclass=\"lightbox-trigger\"\n\t\t\ttype=\"button\"\n\t\t\taria-haspopup=\"dialog\"\n\t\t\taria-label=\"Vergr\u00f6\u00dfern\"\n\t\t\tdata-wp-init=\"callbacks.initTriggerButton\"\n\t\t\tdata-wp-on--click=\"actions.showLightbox\"\n\t\t\tdata-wp-style--right=\"state.imageButtonRight\"\n\t\t\tdata-wp-style--top=\"state.imageButtonTop\"\n\t\t>\n\t\t\t<svg xmlns=\"http:\/\/www.w3.org\/2000\/svg\" width=\"12\" height=\"12\" fill=\"none\" viewBox=\"0 0 12 12\">\n\t\t\t\t<path fill=\"#fff\" d=\"M2 0a2 2 0 0 0-2 2v2h1.5V2a.5.5 0 0 1 .5-.5h2V0H2Zm2 10.5H2a.5.5 0 0 1-.5-.5V8H0v2a2 2 0 0 0 2 2h2v-1.5ZM8 12v-1.5h2a.5.5 0 0 0 .5-.5V8H12v2a2 2 0 0 1-2 2H8Zm2-12a2 2 0 0 1 2 2v2h-1.5V2a.5.5 0 0 0-.5-.5H8V0h2Z\" \/>\n\t\t\t<\/svg>\n\t\t<\/button><\/figure>\n\n\n\n<figure data-wp-context=\"{&quot;imageId&quot;:&quot;69f08d52b157e&quot;}\" data-wp-interactive=\"core\/image\" data-wp-key=\"69f08d52b157e\" class=\"wp-block-image size-medium wp-lightbox-container\"><img loading=\"lazy\" decoding=\"async\" width=\"300\" height=\"200\" data-wp-class--hide=\"state.isContentHidden\" data-wp-class--show=\"state.isContentVisible\" data-wp-init=\"callbacks.setButtonStyles\" data-wp-on--click=\"actions.showLightbox\" data-wp-on--load=\"callbacks.setButtonStyles\" data-wp-on-window--resize=\"callbacks.setButtonStyles\" data-id=\"514\" src=\"https:\/\/audi-klaus.at\/seite\/wp-content\/uploads\/2025\/08\/2B6A6336-300x200.jpg\" alt=\"\" class=\"wp-image-514\" srcset=\"https:\/\/audi-klaus.at\/seite\/wp-content\/uploads\/2025\/08\/2B6A6336-300x200.jpg 300w, https:\/\/audi-klaus.at\/seite\/wp-content\/uploads\/2025\/08\/2B6A6336-768x513.jpg 768w, https:\/\/audi-klaus.at\/seite\/wp-content\/uploads\/2025\/08\/2B6A6336.jpg 800w\" sizes=\"auto, (max-width: 300px) 100vw, 300px\" \/><button\n\t\t\tclass=\"lightbox-trigger\"\n\t\t\ttype=\"button\"\n\t\t\taria-haspopup=\"dialog\"\n\t\t\taria-label=\"Vergr\u00f6\u00dfern\"\n\t\t\tdata-wp-init=\"callbacks.initTriggerButton\"\n\t\t\tdata-wp-on--click=\"actions.showLightbox\"\n\t\t\tdata-wp-style--right=\"state.imageButtonRight\"\n\t\t\tdata-wp-style--top=\"state.imageButtonTop\"\n\t\t>\n\t\t\t<svg xmlns=\"http:\/\/www.w3.org\/2000\/svg\" width=\"12\" height=\"12\" fill=\"none\" viewBox=\"0 0 12 12\">\n\t\t\t\t<path fill=\"#fff\" d=\"M2 0a2 2 0 0 0-2 2v2h1.5V2a.5.5 0 0 1 .5-.5h2V0H2Zm2 10.5H2a.5.5 0 0 1-.5-.5V8H0v2a2 2 0 0 0 2 2h2v-1.5ZM8 12v-1.5h2a.5.5 0 0 0 .5-.5V8H12v2a2 2 0 0 1-2 2H8Zm2-12a2 2 0 0 1 2 2v2h-1.5V2a.5.5 0 0 0-.5-.5H8V0h2Z\" \/>\n\t\t\t<\/svg>\n\t\t<\/button><\/figure>\n\n\n\n<figure data-wp-context=\"{&quot;imageId&quot;:&quot;69f08d52b1c37&quot;}\" data-wp-interactive=\"core\/image\" data-wp-key=\"69f08d52b1c37\" class=\"wp-block-image size-medium wp-lightbox-container\"><img loading=\"lazy\" decoding=\"async\" width=\"300\" height=\"200\" data-wp-class--hide=\"state.isContentHidden\" data-wp-class--show=\"state.isContentVisible\" data-wp-init=\"callbacks.setButtonStyles\" data-wp-on--click=\"actions.showLightbox\" data-wp-on--load=\"callbacks.setButtonStyles\" data-wp-on-window--resize=\"callbacks.setButtonStyles\" data-id=\"507\" src=\"https:\/\/audi-klaus.at\/seite\/wp-content\/uploads\/2025\/08\/2B6A6290-300x200.jpg\" alt=\"\" class=\"wp-image-507\" srcset=\"https:\/\/audi-klaus.at\/seite\/wp-content\/uploads\/2025\/08\/2B6A6290-300x200.jpg 300w, https:\/\/audi-klaus.at\/seite\/wp-content\/uploads\/2025\/08\/2B6A6290-768x513.jpg 768w, https:\/\/audi-klaus.at\/seite\/wp-content\/uploads\/2025\/08\/2B6A6290.jpg 800w\" sizes=\"auto, (max-width: 300px) 100vw, 300px\" \/><button\n\t\t\tclass=\"lightbox-trigger\"\n\t\t\ttype=\"button\"\n\t\t\taria-haspopup=\"dialog\"\n\t\t\taria-label=\"Vergr\u00f6\u00dfern\"\n\t\t\tdata-wp-init=\"callbacks.initTriggerButton\"\n\t\t\tdata-wp-on--click=\"actions.showLightbox\"\n\t\t\tdata-wp-style--right=\"state.imageButtonRight\"\n\t\t\tdata-wp-style--top=\"state.imageButtonTop\"\n\t\t>\n\t\t\t<svg xmlns=\"http:\/\/www.w3.org\/2000\/svg\" width=\"12\" height=\"12\" fill=\"none\" viewBox=\"0 0 12 12\">\n\t\t\t\t<path fill=\"#fff\" d=\"M2 0a2 2 0 0 0-2 2v2h1.5V2a.5.5 0 0 1 .5-.5h2V0H2Zm2 10.5H2a.5.5 0 0 1-.5-.5V8H0v2a2 2 0 0 0 2 2h2v-1.5ZM8 12v-1.5h2a.5.5 0 0 0 .5-.5V8H12v2a2 2 0 0 1-2 2H8Zm2-12a2 2 0 0 1 2 2v2h-1.5V2a.5.5 0 0 0-.5-.5H8V0h2Z\" \/>\n\t\t\t<\/svg>\n\t\t<\/button><\/figure>\n\n\n\n<figure data-wp-context=\"{&quot;imageId&quot;:&quot;69f08d52b23b9&quot;}\" data-wp-interactive=\"core\/image\" data-wp-key=\"69f08d52b23b9\" class=\"wp-block-image size-medium wp-lightbox-container\"><img loading=\"lazy\" decoding=\"async\" width=\"300\" height=\"200\" data-wp-class--hide=\"state.isContentHidden\" data-wp-class--show=\"state.isContentVisible\" data-wp-init=\"callbacks.setButtonStyles\" data-wp-on--click=\"actions.showLightbox\" data-wp-on--load=\"callbacks.setButtonStyles\" data-wp-on-window--resize=\"callbacks.setButtonStyles\" data-id=\"510\" src=\"https:\/\/audi-klaus.at\/seite\/wp-content\/uploads\/2025\/08\/2B6A6317-300x200.jpg\" alt=\"\" class=\"wp-image-510\" srcset=\"https:\/\/audi-klaus.at\/seite\/wp-content\/uploads\/2025\/08\/2B6A6317-300x200.jpg 300w, https:\/\/audi-klaus.at\/seite\/wp-content\/uploads\/2025\/08\/2B6A6317-768x513.jpg 768w, https:\/\/audi-klaus.at\/seite\/wp-content\/uploads\/2025\/08\/2B6A6317.jpg 800w\" sizes=\"auto, (max-width: 300px) 100vw, 300px\" \/><button\n\t\t\tclass=\"lightbox-trigger\"\n\t\t\ttype=\"button\"\n\t\t\taria-haspopup=\"dialog\"\n\t\t\taria-label=\"Vergr\u00f6\u00dfern\"\n\t\t\tdata-wp-init=\"callbacks.initTriggerButton\"\n\t\t\tdata-wp-on--click=\"actions.showLightbox\"\n\t\t\tdata-wp-style--right=\"state.imageButtonRight\"\n\t\t\tdata-wp-style--top=\"state.imageButtonTop\"\n\t\t>\n\t\t\t<svg xmlns=\"http:\/\/www.w3.org\/2000\/svg\" width=\"12\" height=\"12\" fill=\"none\" viewBox=\"0 0 12 12\">\n\t\t\t\t<path fill=\"#fff\" d=\"M2 0a2 2 0 0 0-2 2v2h1.5V2a.5.5 0 0 1 .5-.5h2V0H2Zm2 10.5H2a.5.5 0 0 1-.5-.5V8H0v2a2 2 0 0 0 2 2h2v-1.5ZM8 12v-1.5h2a.5.5 0 0 0 .5-.5V8H12v2a2 2 0 0 1-2 2H8Zm2-12a2 2 0 0 1 2 2v2h-1.5V2a.5.5 0 0 0-.5-.5H8V0h2Z\" \/>\n\t\t\t<\/svg>\n\t\t<\/button><\/figure>\n\n\n\n<figure data-wp-context=\"{&quot;imageId&quot;:&quot;69f08d52b2976&quot;}\" data-wp-interactive=\"core\/image\" data-wp-key=\"69f08d52b2976\" class=\"wp-block-image size-medium wp-lightbox-container\"><img loading=\"lazy\" decoding=\"async\" width=\"300\" height=\"200\" data-wp-class--hide=\"state.isContentHidden\" data-wp-class--show=\"state.isContentVisible\" data-wp-init=\"callbacks.setButtonStyles\" data-wp-on--click=\"actions.showLightbox\" data-wp-on--load=\"callbacks.setButtonStyles\" data-wp-on-window--resize=\"callbacks.setButtonStyles\" data-id=\"509\" src=\"https:\/\/audi-klaus.at\/seite\/wp-content\/uploads\/2025\/08\/2B6A6315-300x200.jpg\" alt=\"\" class=\"wp-image-509\" srcset=\"https:\/\/audi-klaus.at\/seite\/wp-content\/uploads\/2025\/08\/2B6A6315-300x200.jpg 300w, https:\/\/audi-klaus.at\/seite\/wp-content\/uploads\/2025\/08\/2B6A6315-768x513.jpg 768w, https:\/\/audi-klaus.at\/seite\/wp-content\/uploads\/2025\/08\/2B6A6315.jpg 800w\" sizes=\"auto, (max-width: 300px) 100vw, 300px\" \/><button\n\t\t\tclass=\"lightbox-trigger\"\n\t\t\ttype=\"button\"\n\t\t\taria-haspopup=\"dialog\"\n\t\t\taria-label=\"Vergr\u00f6\u00dfern\"\n\t\t\tdata-wp-init=\"callbacks.initTriggerButton\"\n\t\t\tdata-wp-on--click=\"actions.showLightbox\"\n\t\t\tdata-wp-style--right=\"state.imageButtonRight\"\n\t\t\tdata-wp-style--top=\"state.imageButtonTop\"\n\t\t>\n\t\t\t<svg xmlns=\"http:\/\/www.w3.org\/2000\/svg\" width=\"12\" height=\"12\" fill=\"none\" viewBox=\"0 0 12 12\">\n\t\t\t\t<path fill=\"#fff\" d=\"M2 0a2 2 0 0 0-2 2v2h1.5V2a.5.5 0 0 1 .5-.5h2V0H2Zm2 10.5H2a.5.5 0 0 1-.5-.5V8H0v2a2 2 0 0 0 2 2h2v-1.5ZM8 12v-1.5h2a.5.5 0 0 0 .5-.5V8H12v2a2 2 0 0 1-2 2H8Zm2-12a2 2 0 0 1 2 2v2h-1.5V2a.5.5 0 0 0-.5-.5H8V0h2Z\" \/>\n\t\t\t<\/svg>\n\t\t<\/button><\/figure>\n\n\n\n<figure data-wp-context=\"{&quot;imageId&quot;:&quot;69f08d52b2f79&quot;}\" data-wp-interactive=\"core\/image\" data-wp-key=\"69f08d52b2f79\" class=\"wp-block-image size-medium wp-lightbox-container\"><img loading=\"lazy\" decoding=\"async\" width=\"300\" height=\"200\" data-wp-class--hide=\"state.isContentHidden\" data-wp-class--show=\"state.isContentVisible\" data-wp-init=\"callbacks.setButtonStyles\" data-wp-on--click=\"actions.showLightbox\" data-wp-on--load=\"callbacks.setButtonStyles\" data-wp-on-window--resize=\"callbacks.setButtonStyles\" data-id=\"508\" src=\"https:\/\/audi-klaus.at\/seite\/wp-content\/uploads\/2025\/08\/2B6A6312-300x200.jpg\" alt=\"\" class=\"wp-image-508\" srcset=\"https:\/\/audi-klaus.at\/seite\/wp-content\/uploads\/2025\/08\/2B6A6312-300x200.jpg 300w, https:\/\/audi-klaus.at\/seite\/wp-content\/uploads\/2025\/08\/2B6A6312-768x513.jpg 768w, https:\/\/audi-klaus.at\/seite\/wp-content\/uploads\/2025\/08\/2B6A6312.jpg 800w\" sizes=\"auto, (max-width: 300px) 100vw, 300px\" \/><button\n\t\t\tclass=\"lightbox-trigger\"\n\t\t\ttype=\"button\"\n\t\t\taria-haspopup=\"dialog\"\n\t\t\taria-label=\"Vergr\u00f6\u00dfern\"\n\t\t\tdata-wp-init=\"callbacks.initTriggerButton\"\n\t\t\tdata-wp-on--click=\"actions.showLightbox\"\n\t\t\tdata-wp-style--right=\"state.imageButtonRight\"\n\t\t\tdata-wp-style--top=\"state.imageButtonTop\"\n\t\t>\n\t\t\t<svg xmlns=\"http:\/\/www.w3.org\/2000\/svg\" width=\"12\" height=\"12\" fill=\"none\" viewBox=\"0 0 12 12\">\n\t\t\t\t<path fill=\"#fff\" d=\"M2 0a2 2 0 0 0-2 2v2h1.5V2a.5.5 0 0 1 .5-.5h2V0H2Zm2 10.5H2a.5.5 0 0 1-.5-.5V8H0v2a2 2 0 0 0 2 2h2v-1.5ZM8 12v-1.5h2a.5.5 0 0 0 .5-.5V8H12v2a2 2 0 0 1-2 2H8Zm2-12a2 2 0 0 1 2 2v2h-1.5V2a.5.5 0 0 0-.5-.5H8V0h2Z\" \/>\n\t\t\t<\/svg>\n\t\t<\/button><\/figure>\n\n\n\n<figure data-wp-context=\"{&quot;imageId&quot;:&quot;69f08d52b37c1&quot;}\" data-wp-interactive=\"core\/image\" data-wp-key=\"69f08d52b37c1\" class=\"wp-block-image size-medium wp-lightbox-container\"><img loading=\"lazy\" decoding=\"async\" width=\"300\" height=\"200\" data-wp-class--hide=\"state.isContentHidden\" data-wp-class--show=\"state.isContentVisible\" data-wp-init=\"callbacks.setButtonStyles\" data-wp-on--click=\"actions.showLightbox\" data-wp-on--load=\"callbacks.setButtonStyles\" data-wp-on-window--resize=\"callbacks.setButtonStyles\" data-id=\"511\" src=\"https:\/\/audi-klaus.at\/seite\/wp-content\/uploads\/2025\/08\/2B6A6442-300x200.jpg\" alt=\"\" class=\"wp-image-511\" srcset=\"https:\/\/audi-klaus.at\/seite\/wp-content\/uploads\/2025\/08\/2B6A6442-300x200.jpg 300w, https:\/\/audi-klaus.at\/seite\/wp-content\/uploads\/2025\/08\/2B6A6442-768x513.jpg 768w, https:\/\/audi-klaus.at\/seite\/wp-content\/uploads\/2025\/08\/2B6A6442.jpg 800w\" sizes=\"auto, (max-width: 300px) 100vw, 300px\" \/><button\n\t\t\tclass=\"lightbox-trigger\"\n\t\t\ttype=\"button\"\n\t\t\taria-haspopup=\"dialog\"\n\t\t\taria-label=\"Vergr\u00f6\u00dfern\"\n\t\t\tdata-wp-init=\"callbacks.initTriggerButton\"\n\t\t\tdata-wp-on--click=\"actions.showLightbox\"\n\t\t\tdata-wp-style--right=\"state.imageButtonRight\"\n\t\t\tdata-wp-style--top=\"state.imageButtonTop\"\n\t\t>\n\t\t\t<svg xmlns=\"http:\/\/www.w3.org\/2000\/svg\" width=\"12\" height=\"12\" fill=\"none\" viewBox=\"0 0 12 12\">\n\t\t\t\t<path fill=\"#fff\" d=\"M2 0a2 2 0 0 0-2 2v2h1.5V2a.5.5 0 0 1 .5-.5h2V0H2Zm2 10.5H2a.5.5 0 0 1-.5-.5V8H0v2a2 2 0 0 0 2 2h2v-1.5ZM8 12v-1.5h2a.5.5 0 0 0 .5-.5V8H12v2a2 2 0 0 1-2 2H8Zm2-12a2 2 0 0 1 2 2v2h-1.5V2a.5.5 0 0 0-.5-.5H8V0h2Z\" \/>\n\t\t\t<\/svg>\n\t\t<\/button><\/figure>\n\n\n\n<figure data-wp-context=\"{&quot;imageId&quot;:&quot;69f08d52b3fc8&quot;}\" data-wp-interactive=\"core\/image\" data-wp-key=\"69f08d52b3fc8\" class=\"wp-block-image size-medium wp-lightbox-container\"><img loading=\"lazy\" decoding=\"async\" width=\"300\" height=\"200\" data-wp-class--hide=\"state.isContentHidden\" data-wp-class--show=\"state.isContentVisible\" data-wp-init=\"callbacks.setButtonStyles\" data-wp-on--click=\"actions.showLightbox\" data-wp-on--load=\"callbacks.setButtonStyles\" data-wp-on-window--resize=\"callbacks.setButtonStyles\" data-id=\"512\" src=\"https:\/\/audi-klaus.at\/seite\/wp-content\/uploads\/2025\/08\/2B6A6451-300x200.jpg\" alt=\"\" class=\"wp-image-512\" srcset=\"https:\/\/audi-klaus.at\/seite\/wp-content\/uploads\/2025\/08\/2B6A6451-300x200.jpg 300w, https:\/\/audi-klaus.at\/seite\/wp-content\/uploads\/2025\/08\/2B6A6451-768x513.jpg 768w, https:\/\/audi-klaus.at\/seite\/wp-content\/uploads\/2025\/08\/2B6A6451.jpg 800w\" sizes=\"auto, (max-width: 300px) 100vw, 300px\" \/><button\n\t\t\tclass=\"lightbox-trigger\"\n\t\t\ttype=\"button\"\n\t\t\taria-haspopup=\"dialog\"\n\t\t\taria-label=\"Vergr\u00f6\u00dfern\"\n\t\t\tdata-wp-init=\"callbacks.initTriggerButton\"\n\t\t\tdata-wp-on--click=\"actions.showLightbox\"\n\t\t\tdata-wp-style--right=\"state.imageButtonRight\"\n\t\t\tdata-wp-style--top=\"state.imageButtonTop\"\n\t\t>\n\t\t\t<svg xmlns=\"http:\/\/www.w3.org\/2000\/svg\" width=\"12\" height=\"12\" fill=\"none\" viewBox=\"0 0 12 12\">\n\t\t\t\t<path fill=\"#fff\" d=\"M2 0a2 2 0 0 0-2 2v2h1.5V2a.5.5 0 0 1 .5-.5h2V0H2Zm2 10.5H2a.5.5 0 0 1-.5-.5V8H0v2a2 2 0 0 0 2 2h2v-1.5ZM8 12v-1.5h2a.5.5 0 0 0 .5-.5V8H12v2a2 2 0 0 1-2 2H8Zm2-12a2 2 0 0 1 2 2v2h-1.5V2a.5.5 0 0 0-.5-.5H8V0h2Z\" \/>\n\t\t\t<\/svg>\n\t\t<\/button><\/figure>\n\n\n\n<figure data-wp-context=\"{&quot;imageId&quot;:&quot;69f08d52b47cc&quot;}\" data-wp-interactive=\"core\/image\" data-wp-key=\"69f08d52b47cc\" class=\"wp-block-image size-medium wp-lightbox-container\"><img loading=\"lazy\" decoding=\"async\" width=\"300\" height=\"200\" data-wp-class--hide=\"state.isContentHidden\" data-wp-class--show=\"state.isContentVisible\" data-wp-init=\"callbacks.setButtonStyles\" data-wp-on--click=\"actions.showLightbox\" data-wp-on--load=\"callbacks.setButtonStyles\" data-wp-on-window--resize=\"callbacks.setButtonStyles\" data-id=\"513\" src=\"https:\/\/audi-klaus.at\/seite\/wp-content\/uploads\/2025\/08\/2B6A6452-300x200.jpg\" alt=\"\" class=\"wp-image-513\" srcset=\"https:\/\/audi-klaus.at\/seite\/wp-content\/uploads\/2025\/08\/2B6A6452-300x200.jpg 300w, https:\/\/audi-klaus.at\/seite\/wp-content\/uploads\/2025\/08\/2B6A6452-768x513.jpg 768w, https:\/\/audi-klaus.at\/seite\/wp-content\/uploads\/2025\/08\/2B6A6452.jpg 800w\" sizes=\"auto, (max-width: 300px) 100vw, 300px\" \/><button\n\t\t\tclass=\"lightbox-trigger\"\n\t\t\ttype=\"button\"\n\t\t\taria-haspopup=\"dialog\"\n\t\t\taria-label=\"Vergr\u00f6\u00dfern\"\n\t\t\tdata-wp-init=\"callbacks.initTriggerButton\"\n\t\t\tdata-wp-on--click=\"actions.showLightbox\"\n\t\t\tdata-wp-style--right=\"state.imageButtonRight\"\n\t\t\tdata-wp-style--top=\"state.imageButtonTop\"\n\t\t>\n\t\t\t<svg xmlns=\"http:\/\/www.w3.org\/2000\/svg\" width=\"12\" height=\"12\" fill=\"none\" viewBox=\"0 0 12 12\">\n\t\t\t\t<path fill=\"#fff\" d=\"M2 0a2 2 0 0 0-2 2v2h1.5V2a.5.5 0 0 1 .5-.5h2V0H2Zm2 10.5H2a.5.5 0 0 1-.5-.5V8H0v2a2 2 0 0 0 2 2h2v-1.5ZM8 12v-1.5h2a.5.5 0 0 0 .5-.5V8H12v2a2 2 0 0 1-2 2H8Zm2-12a2 2 0 0 1 2 2v2h-1.5V2a.5.5 0 0 0-.5-.5H8V0h2Z\" \/>\n\t\t\t<\/svg>\n\t\t<\/button><\/figure>\n\n\n\n<figure data-wp-context=\"{&quot;imageId&quot;:&quot;69f08d52b4d60&quot;}\" data-wp-interactive=\"core\/image\" data-wp-key=\"69f08d52b4d60\" class=\"wp-block-image size-medium wp-lightbox-container\"><img loading=\"lazy\" decoding=\"async\" width=\"300\" height=\"200\" data-wp-class--hide=\"state.isContentHidden\" data-wp-class--show=\"state.isContentVisible\" data-wp-init=\"callbacks.setButtonStyles\" data-wp-on--click=\"actions.showLightbox\" data-wp-on--load=\"callbacks.setButtonStyles\" data-wp-on-window--resize=\"callbacks.setButtonStyles\" data-id=\"506\" src=\"https:\/\/audi-klaus.at\/seite\/wp-content\/uploads\/2025\/08\/2B6A6263-300x200.jpg\" alt=\"\" class=\"wp-image-506\" srcset=\"https:\/\/audi-klaus.at\/seite\/wp-content\/uploads\/2025\/08\/2B6A6263-300x200.jpg 300w, https:\/\/audi-klaus.at\/seite\/wp-content\/uploads\/2025\/08\/2B6A6263-768x513.jpg 768w, https:\/\/audi-klaus.at\/seite\/wp-content\/uploads\/2025\/08\/2B6A6263.jpg 800w\" sizes=\"auto, (max-width: 300px) 100vw, 300px\" \/><button\n\t\t\tclass=\"lightbox-trigger\"\n\t\t\ttype=\"button\"\n\t\t\taria-haspopup=\"dialog\"\n\t\t\taria-label=\"Vergr\u00f6\u00dfern\"\n\t\t\tdata-wp-init=\"callbacks.initTriggerButton\"\n\t\t\tdata-wp-on--click=\"actions.showLightbox\"\n\t\t\tdata-wp-style--right=\"state.imageButtonRight\"\n\t\t\tdata-wp-style--top=\"state.imageButtonTop\"\n\t\t>\n\t\t\t<svg xmlns=\"http:\/\/www.w3.org\/2000\/svg\" width=\"12\" height=\"12\" fill=\"none\" viewBox=\"0 0 12 12\">\n\t\t\t\t<path fill=\"#fff\" d=\"M2 0a2 2 0 0 0-2 2v2h1.5V2a.5.5 0 0 1 .5-.5h2V0H2Zm2 10.5H2a.5.5 0 0 1-.5-.5V8H0v2a2 2 0 0 0 2 2h2v-1.5ZM8 12v-1.5h2a.5.5 0 0 0 .5-.5V8H12v2a2 2 0 0 1-2 2H8Zm2-12a2 2 0 0 1 2 2v2h-1.5V2a.5.5 0 0 0-.5-.5H8V0h2Z\" \/>\n\t\t\t<\/svg>\n\t\t<\/button><\/figure>\n\n\n\n<figure data-wp-context=\"{&quot;imageId&quot;:&quot;69f08d52b53c8&quot;}\" data-wp-interactive=\"core\/image\" data-wp-key=\"69f08d52b53c8\" class=\"wp-block-image size-medium wp-lightbox-container\"><img loading=\"lazy\" decoding=\"async\" width=\"300\" height=\"200\" data-wp-class--hide=\"state.isContentHidden\" data-wp-class--show=\"state.isContentVisible\" data-wp-init=\"callbacks.setButtonStyles\" data-wp-on--click=\"actions.showLightbox\" data-wp-on--load=\"callbacks.setButtonStyles\" data-wp-on-window--resize=\"callbacks.setButtonStyles\" data-id=\"505\" src=\"https:\/\/audi-klaus.at\/seite\/wp-content\/uploads\/2025\/08\/2B6A6262-300x200.jpg\" alt=\"\" class=\"wp-image-505\" srcset=\"https:\/\/audi-klaus.at\/seite\/wp-content\/uploads\/2025\/08\/2B6A6262-300x200.jpg 300w, https:\/\/audi-klaus.at\/seite\/wp-content\/uploads\/2025\/08\/2B6A6262-768x513.jpg 768w, https:\/\/audi-klaus.at\/seite\/wp-content\/uploads\/2025\/08\/2B6A6262.jpg 800w\" sizes=\"auto, (max-width: 300px) 100vw, 300px\" \/><button\n\t\t\tclass=\"lightbox-trigger\"\n\t\t\ttype=\"button\"\n\t\t\taria-haspopup=\"dialog\"\n\t\t\taria-label=\"Vergr\u00f6\u00dfern\"\n\t\t\tdata-wp-init=\"callbacks.initTriggerButton\"\n\t\t\tdata-wp-on--click=\"actions.showLightbox\"\n\t\t\tdata-wp-style--right=\"state.imageButtonRight\"\n\t\t\tdata-wp-style--top=\"state.imageButtonTop\"\n\t\t>\n\t\t\t<svg xmlns=\"http:\/\/www.w3.org\/2000\/svg\" width=\"12\" height=\"12\" fill=\"none\" viewBox=\"0 0 12 12\">\n\t\t\t\t<path fill=\"#fff\" d=\"M2 0a2 2 0 0 0-2 2v2h1.5V2a.5.5 0 0 1 .5-.5h2V0H2Zm2 10.5H2a.5.5 0 0 1-.5-.5V8H0v2a2 2 0 0 0 2 2h2v-1.5ZM8 12v-1.5h2a.5.5 0 0 0 .5-.5V8H12v2a2 2 0 0 1-2 2H8Zm2-12a2 2 0 0 1 2 2v2h-1.5V2a.5.5 0 0 0-.5-.5H8V0h2Z\" \/>\n\t\t\t<\/svg>\n\t\t<\/button><\/figure>\n\n\n\n<figure data-wp-context=\"{&quot;imageId&quot;:&quot;69f08d52b5bd9&quot;}\" data-wp-interactive=\"core\/image\" data-wp-key=\"69f08d52b5bd9\" class=\"wp-block-image size-medium wp-lightbox-container\"><img loading=\"lazy\" decoding=\"async\" width=\"300\" height=\"200\" data-wp-class--hide=\"state.isContentHidden\" data-wp-class--show=\"state.isContentVisible\" data-wp-init=\"callbacks.setButtonStyles\" data-wp-on--click=\"actions.showLightbox\" data-wp-on--load=\"callbacks.setButtonStyles\" data-wp-on-window--resize=\"callbacks.setButtonStyles\" data-id=\"504\" src=\"https:\/\/audi-klaus.at\/seite\/wp-content\/uploads\/2025\/08\/2B6A6261-300x200.jpg\" alt=\"\" class=\"wp-image-504\" srcset=\"https:\/\/audi-klaus.at\/seite\/wp-content\/uploads\/2025\/08\/2B6A6261-300x200.jpg 300w, https:\/\/audi-klaus.at\/seite\/wp-content\/uploads\/2025\/08\/2B6A6261-768x513.jpg 768w, https:\/\/audi-klaus.at\/seite\/wp-content\/uploads\/2025\/08\/2B6A6261.jpg 800w\" sizes=\"auto, (max-width: 300px) 100vw, 300px\" \/><button\n\t\t\tclass=\"lightbox-trigger\"\n\t\t\ttype=\"button\"\n\t\t\taria-haspopup=\"dialog\"\n\t\t\taria-label=\"Vergr\u00f6\u00dfern\"\n\t\t\tdata-wp-init=\"callbacks.initTriggerButton\"\n\t\t\tdata-wp-on--click=\"actions.showLightbox\"\n\t\t\tdata-wp-style--right=\"state.imageButtonRight\"\n\t\t\tdata-wp-style--top=\"state.imageButtonTop\"\n\t\t>\n\t\t\t<svg xmlns=\"http:\/\/www.w3.org\/2000\/svg\" width=\"12\" height=\"12\" fill=\"none\" viewBox=\"0 0 12 12\">\n\t\t\t\t<path fill=\"#fff\" d=\"M2 0a2 2 0 0 0-2 2v2h1.5V2a.5.5 0 0 1 .5-.5h2V0H2Zm2 10.5H2a.5.5 0 0 1-.5-.5V8H0v2a2 2 0 0 0 2 2h2v-1.5ZM8 12v-1.5h2a.5.5 0 0 0 .5-.5V8H12v2a2 2 0 0 1-2 2H8Zm2-12a2 2 0 0 1 2 2v2h-1.5V2a.5.5 0 0 0-.5-.5H8V0h2Z\" \/>\n\t\t\t<\/svg>\n\t\t<\/button><\/figure>\n<\/figure>\n","protected":false},"excerpt":{"rendered":"<p>R\u00fcckblick 09.08.2025 CAR MEETING &amp; OLD AUDI TEILEFLOHMARKT Ein gro\u00dfes Dankesch\u00f6n geht an Michael Tieber von Alltagsklassiker f\u00fcr die tollen Bilder und den gro\u00dfartigen Bericht, welchen ihr >> hier &lt;&lt; nachlesen k\u00f6nnt.<\/p>\n","protected":false},"author":1,"featured_media":0,"parent":0,"menu_order":0,"comment_status":"closed","ping_status":"closed","template":"","meta":{"footnotes":""},"class_list":["post-500","page","type-page","status-publish","hentry"],"yoast_head":"<!-- This site is optimized with the Yoast SEO plugin v27.4 - https:\/\/yoast.com\/product\/yoast-seo-wordpress\/ -->\n<title>Flohmarkt 08\/2025 - Audi-Klaus<\/title>\n<meta name=\"robots\" content=\"index, follow, max-snippet:-1, max-image-preview:large, max-video-preview:-1\" \/>\n<link rel=\"canonical\" href=\"https:\/\/audi-klaus.at\/seite\/flohmarkt-08-2025\/\" \/>\n<meta property=\"og:locale\" content=\"de_DE\" \/>\n<meta property=\"og:type\" content=\"article\" \/>\n<meta property=\"og:title\" content=\"Flohmarkt 08\/2025 - Audi-Klaus\" \/>\n<meta property=\"og:description\" content=\"R\u00fcckblick 09.08.2025 CAR MEETING &amp; OLD AUDI TEILEFLOHMARKT Ein gro\u00dfes Dankesch\u00f6n geht an Michael Tieber von Alltagsklassiker f\u00fcr die tollen Bilder und den gro\u00dfartigen Bericht, welchen ihr &gt;&gt; hier &lt;&lt; nachlesen k\u00f6nnt.\" \/>\n<meta property=\"og:url\" content=\"https:\/\/audi-klaus.at\/seite\/flohmarkt-08-2025\/\" \/>\n<meta property=\"og:site_name\" content=\"Audi-Klaus\" \/>\n<meta property=\"article:modified_time\" content=\"2025-08-21T07:14:06+00:00\" \/>\n<meta property=\"og:image\" content=\"https:\/\/audi-klaus.at\/seite\/wp-content\/uploads\/2025\/08\/2B6A6424.jpg\" \/>\n\t<meta property=\"og:image:width\" content=\"800\" \/>\n\t<meta property=\"og:image:height\" content=\"534\" \/>\n\t<meta property=\"og:image:type\" content=\"image\/jpeg\" \/>\n<meta name=\"twitter:card\" content=\"summary_large_image\" \/>\n<meta name=\"twitter:label1\" content=\"Gesch\u00e4tzte Lesezeit\" \/>\n\t<meta name=\"twitter:data1\" content=\"4\u00a0Minuten\" \/>\n<script type=\"application\/ld+json\" class=\"yoast-schema-graph\">{\"@context\":\"https:\\\/\\\/schema.org\",\"@graph\":[{\"@type\":\"WebPage\",\"@id\":\"https:\\\/\\\/audi-klaus.at\\\/seite\\\/flohmarkt-08-2025\\\/\",\"url\":\"https:\\\/\\\/audi-klaus.at\\\/seite\\\/flohmarkt-08-2025\\\/\",\"name\":\"Flohmarkt 08\\\/2025 - Audi-Klaus\",\"isPartOf\":{\"@id\":\"https:\\\/\\\/audi-klaus.at\\\/seite\\\/#website\"},\"primaryImageOfPage\":{\"@id\":\"https:\\\/\\\/audi-klaus.at\\\/seite\\\/flohmarkt-08-2025\\\/#primaryimage\"},\"image\":{\"@id\":\"https:\\\/\\\/audi-klaus.at\\\/seite\\\/flohmarkt-08-2025\\\/#primaryimage\"},\"thumbnailUrl\":\"https:\\\/\\\/audi-klaus.at\\\/seite\\\/wp-content\\\/uploads\\\/2025\\\/08\\\/2B6A6424-300x200.jpg\",\"datePublished\":\"2025-08-21T07:03:08+00:00\",\"dateModified\":\"2025-08-21T07:14:06+00:00\",\"breadcrumb\":{\"@id\":\"https:\\\/\\\/audi-klaus.at\\\/seite\\\/flohmarkt-08-2025\\\/#breadcrumb\"},\"inLanguage\":\"de\",\"potentialAction\":[{\"@type\":\"ReadAction\",\"target\":[\"https:\\\/\\\/audi-klaus.at\\\/seite\\\/flohmarkt-08-2025\\\/\"]}]},{\"@type\":\"ImageObject\",\"inLanguage\":\"de\",\"@id\":\"https:\\\/\\\/audi-klaus.at\\\/seite\\\/flohmarkt-08-2025\\\/#primaryimage\",\"url\":\"https:\\\/\\\/audi-klaus.at\\\/seite\\\/wp-content\\\/uploads\\\/2025\\\/08\\\/2B6A6424.jpg\",\"contentUrl\":\"https:\\\/\\\/audi-klaus.at\\\/seite\\\/wp-content\\\/uploads\\\/2025\\\/08\\\/2B6A6424.jpg\",\"width\":800,\"height\":534},{\"@type\":\"BreadcrumbList\",\"@id\":\"https:\\\/\\\/audi-klaus.at\\\/seite\\\/flohmarkt-08-2025\\\/#breadcrumb\",\"itemListElement\":[{\"@type\":\"ListItem\",\"position\":1,\"name\":\"Startseite\",\"item\":\"https:\\\/\\\/audi-klaus.at\\\/seite\\\/\"},{\"@type\":\"ListItem\",\"position\":2,\"name\":\"Flohmarkt 08\\\/2025\"}]},{\"@type\":\"WebSite\",\"@id\":\"https:\\\/\\\/audi-klaus.at\\\/seite\\\/#website\",\"url\":\"https:\\\/\\\/audi-klaus.at\\\/seite\\\/\",\"name\":\"Audi-Klaus\",\"description\":\"Ihr Gebrauchtteile Spezialist f\u00fcr die Marken Audi \\\/ VW \\\/ Seat \\\/ Skoda (VAG)\",\"publisher\":{\"@id\":\"https:\\\/\\\/audi-klaus.at\\\/seite\\\/#organization\"},\"potentialAction\":[{\"@type\":\"SearchAction\",\"target\":{\"@type\":\"EntryPoint\",\"urlTemplate\":\"https:\\\/\\\/audi-klaus.at\\\/seite\\\/?s={search_term_string}\"},\"query-input\":{\"@type\":\"PropertyValueSpecification\",\"valueRequired\":true,\"valueName\":\"search_term_string\"}}],\"inLanguage\":\"de\"},{\"@type\":\"Organization\",\"@id\":\"https:\\\/\\\/audi-klaus.at\\\/seite\\\/#organization\",\"name\":\"Audi-Klaus\",\"url\":\"https:\\\/\\\/audi-klaus.at\\\/seite\\\/\",\"logo\":{\"@type\":\"ImageObject\",\"inLanguage\":\"de\",\"@id\":\"https:\\\/\\\/audi-klaus.at\\\/seite\\\/#\\\/schema\\\/logo\\\/image\\\/\",\"url\":\"https:\\\/\\\/audi-klaus.at\\\/seite\\\/wp-content\\\/uploads\\\/2024\\\/12\\\/cropped-Logo-Shop.webp\",\"contentUrl\":\"https:\\\/\\\/audi-klaus.at\\\/seite\\\/wp-content\\\/uploads\\\/2024\\\/12\\\/cropped-Logo-Shop.webp\",\"width\":470,\"height\":164,\"caption\":\"Audi-Klaus\"},\"image\":{\"@id\":\"https:\\\/\\\/audi-klaus.at\\\/seite\\\/#\\\/schema\\\/logo\\\/image\\\/\"}}]}<\/script>\n<!-- \/ Yoast SEO plugin. -->","yoast_head_json":{"title":"Flohmarkt 08\/2025 - Audi-Klaus","robots":{"index":"index","follow":"follow","max-snippet":"max-snippet:-1","max-image-preview":"max-image-preview:large","max-video-preview":"max-video-preview:-1"},"canonical":"https:\/\/audi-klaus.at\/seite\/flohmarkt-08-2025\/","og_locale":"de_DE","og_type":"article","og_title":"Flohmarkt 08\/2025 - Audi-Klaus","og_description":"R\u00fcckblick 09.08.2025 CAR MEETING &amp; OLD AUDI TEILEFLOHMARKT Ein gro\u00dfes Dankesch\u00f6n geht an Michael Tieber von Alltagsklassiker f\u00fcr die tollen Bilder und den gro\u00dfartigen Bericht, welchen ihr >> hier &lt;&lt; nachlesen k\u00f6nnt.","og_url":"https:\/\/audi-klaus.at\/seite\/flohmarkt-08-2025\/","og_site_name":"Audi-Klaus","article_modified_time":"2025-08-21T07:14:06+00:00","og_image":[{"width":800,"height":534,"url":"https:\/\/audi-klaus.at\/seite\/wp-content\/uploads\/2025\/08\/2B6A6424.jpg","type":"image\/jpeg"}],"twitter_card":"summary_large_image","twitter_misc":{"Gesch\u00e4tzte Lesezeit":"4\u00a0Minuten"},"schema":{"@context":"https:\/\/schema.org","@graph":[{"@type":"WebPage","@id":"https:\/\/audi-klaus.at\/seite\/flohmarkt-08-2025\/","url":"https:\/\/audi-klaus.at\/seite\/flohmarkt-08-2025\/","name":"Flohmarkt 08\/2025 - Audi-Klaus","isPartOf":{"@id":"https:\/\/audi-klaus.at\/seite\/#website"},"primaryImageOfPage":{"@id":"https:\/\/audi-klaus.at\/seite\/flohmarkt-08-2025\/#primaryimage"},"image":{"@id":"https:\/\/audi-klaus.at\/seite\/flohmarkt-08-2025\/#primaryimage"},"thumbnailUrl":"https:\/\/audi-klaus.at\/seite\/wp-content\/uploads\/2025\/08\/2B6A6424-300x200.jpg","datePublished":"2025-08-21T07:03:08+00:00","dateModified":"2025-08-21T07:14:06+00:00","breadcrumb":{"@id":"https:\/\/audi-klaus.at\/seite\/flohmarkt-08-2025\/#breadcrumb"},"inLanguage":"de","potentialAction":[{"@type":"ReadAction","target":["https:\/\/audi-klaus.at\/seite\/flohmarkt-08-2025\/"]}]},{"@type":"ImageObject","inLanguage":"de","@id":"https:\/\/audi-klaus.at\/seite\/flohmarkt-08-2025\/#primaryimage","url":"https:\/\/audi-klaus.at\/seite\/wp-content\/uploads\/2025\/08\/2B6A6424.jpg","contentUrl":"https:\/\/audi-klaus.at\/seite\/wp-content\/uploads\/2025\/08\/2B6A6424.jpg","width":800,"height":534},{"@type":"BreadcrumbList","@id":"https:\/\/audi-klaus.at\/seite\/flohmarkt-08-2025\/#breadcrumb","itemListElement":[{"@type":"ListItem","position":1,"name":"Startseite","item":"https:\/\/audi-klaus.at\/seite\/"},{"@type":"ListItem","position":2,"name":"Flohmarkt 08\/2025"}]},{"@type":"WebSite","@id":"https:\/\/audi-klaus.at\/seite\/#website","url":"https:\/\/audi-klaus.at\/seite\/","name":"Audi-Klaus","description":"Ihr Gebrauchtteile Spezialist f\u00fcr die Marken Audi \/ VW \/ Seat \/ Skoda (VAG)","publisher":{"@id":"https:\/\/audi-klaus.at\/seite\/#organization"},"potentialAction":[{"@type":"SearchAction","target":{"@type":"EntryPoint","urlTemplate":"https:\/\/audi-klaus.at\/seite\/?s={search_term_string}"},"query-input":{"@type":"PropertyValueSpecification","valueRequired":true,"valueName":"search_term_string"}}],"inLanguage":"de"},{"@type":"Organization","@id":"https:\/\/audi-klaus.at\/seite\/#organization","name":"Audi-Klaus","url":"https:\/\/audi-klaus.at\/seite\/","logo":{"@type":"ImageObject","inLanguage":"de","@id":"https:\/\/audi-klaus.at\/seite\/#\/schema\/logo\/image\/","url":"https:\/\/audi-klaus.at\/seite\/wp-content\/uploads\/2024\/12\/cropped-Logo-Shop.webp","contentUrl":"https:\/\/audi-klaus.at\/seite\/wp-content\/uploads\/2024\/12\/cropped-Logo-Shop.webp","width":470,"height":164,"caption":"Audi-Klaus"},"image":{"@id":"https:\/\/audi-klaus.at\/seite\/#\/schema\/logo\/image\/"}}]}},"_links":{"self":[{"href":"https:\/\/audi-klaus.at\/seite\/wp-json\/wp\/v2\/pages\/500","targetHints":{"allow":["GET"]}}],"collection":[{"href":"https:\/\/audi-klaus.at\/seite\/wp-json\/wp\/v2\/pages"}],"about":[{"href":"https:\/\/audi-klaus.at\/seite\/wp-json\/wp\/v2\/types\/page"}],"author":[{"embeddable":true,"href":"https:\/\/audi-klaus.at\/seite\/wp-json\/wp\/v2\/users\/1"}],"replies":[{"embeddable":true,"href":"https:\/\/audi-klaus.at\/seite\/wp-json\/wp\/v2\/comments?post=500"}],"version-history":[{"count":0,"href":"https:\/\/audi-klaus.at\/seite\/wp-json\/wp\/v2\/pages\/500\/revisions"}],"wp:attachment":[{"href":"https:\/\/audi-klaus.at\/seite\/wp-json\/wp\/v2\/media?parent=500"}],"curies":[{"name":"wp","href":"https:\/\/api.w.org\/{rel}","templated":true}]}}